{"id":2461,"date":"2020-04-20T16:09:43","date_gmt":"2020-04-20T14:09:43","guid":{"rendered":"http:\/\/toufflers.fr\/?page_id=2461"},"modified":"2026-04-19T17:30:07","modified_gmt":"2026-04-19T15:30:07","slug":"les-equipements","status":"publish","type":"page","link":"https:\/\/toufflers.fr\/index.php\/les-equipements\/","title":{"rendered":"\u00c9quipements"},"content":{"rendered":"[spb_row element_name=&#8221;Restaurant scolaire&#8221; wrap_type=&#8221;standard-width&#8221; row_bg_type=&#8221;color&#8221; color_row_height=&#8221;content-height&#8221; bg_type=&#8221;cover&#8221; parallax_image_height=&#8221;content-height&#8221; parallax_image_movement=&#8221;fixed&#8221; parallax_image_speed=&#8221;standard&#8221; bg_video_loop=&#8221;yes&#8221; parallax_video_height=&#8221;window-height&#8221; row_id=&#8221;restausco&#8221; row_name=&#8221;restausco&#8221; row_top_style=&#8221;none&#8221; row_bottom_style=&#8221;none&#8221; parallax_video_overlay=&#8221;none&#8221; row_overlay_opacity=&#8221;0&#8243; remove_element_spacing=&#8221;no&#8221; row_col_spacing=&#8221;0&#8243; row_col_pos=&#8221;default&#8221; row_col_equal_heights=&#8221;no&#8221; row_expanding=&#8221;no&#8221; row_animation=&#8221;none&#8221; row_animation_delay=&#8221;0&#8243; minimize_row=&#8221;no&#8221; simplified_controls=&#8221;yes&#8221; custom_css_percentage=&#8221;no&#8221; custom_css=&#8221;margin-top: 0px;margin-bottom: 0px;&#8221; border_styling_global=&#8221;default&#8221; width=&#8221;1\/1&#8243; el_position=&#8221;first last&#8221;] [spb_image image=&#8221;6640&#8243; image_size=&#8221;full&#8221; frame=&#8221;noframe&#8221; caption_pos=&#8221;hover&#8221; remove_rounded=&#8221;yes&#8221; fullwidth=&#8221;no&#8221; overflow_mode=&#8221;none&#8221; link_target=&#8221;_self&#8221; lightbox=&#8221;yes&#8221; intro_animation=&#8221;fadeIn&#8221; animation_delay=&#8221;200&#8243; width=&#8221;2\/3&#8243; el_position=&#8221;first&#8221;][\/spb_image] [spb_image image=&#8221;6724&#8243; image_size=&#8221;full&#8221; frame=&#8221;noframe&#8221; caption_pos=&#8221;hover&#8221; remove_rounded=&#8221;yes&#8221; fullwidth=&#8221;no&#8221; overflow_mode=&#8221;none&#8221; image_link=&#8221;Le restaurant scolaire, construit sur une surface de 1 000 m\u00b2, accueille en moyenne 400 \u00e9l\u00e8ves par jour sur deux services. Outre un espace de restauration de 600 m\u00b2, le nouvel \u00e9quipement comprend une cuisine, un vestiaire pour le personnel, des locaux techniques et une biblioth\u00e8que. Le b\u00e2timent, qui a co\u00fbt\u00e9 2 830 096 euros TTC dont 40 % de subventions des partenaires, est lumineux, fonctionnel et a \u00e9t\u00e9 r\u00e9alis\u00e9 par l\u2019architecte J\u00e9r\u00f4me Scorielle.&#8221; link_target=&#8221;_blank&#8221; lightbox=&#8221;no&#8221; intro_animation=&#8221;none&#8221; animation_delay=&#8221;200&#8243; width=&#8221;1\/3&#8243; el_position=&#8221;last&#8221;][\/spb_image] [spb_text_block element_name=&#8221;Mairie&#8221; animation=&#8221;none&#8221; animation_delay=&#8221;0&#8243; simplified_controls=&#8221;yes&#8221; custom_css_percentage=&#8221;no&#8221; padding_vertical=&#8221;0&#8243; padding_horizontal=&#8221;0&#8243; margin_vertical=&#8221;0&#8243; custom_css=&#8221;margin-top: 0px;margin-bottom: 0px;&#8221; border_size=&#8221;0&#8243; border_styling_global=&#8221;default&#8221; width=&#8221;1\/1&#8243; el_position=&#8221;first last&#8221;]\n<h2>Le Restaurant Scolaire<\/h2>\n<p>Le nouveau restaurant scolaire inaugur\u00e9 en septembre 2022 est construit sur une surface de 1 000 m\u00b2. Il accueille en moyenne <strong>400 \u00e9l\u00e8ves par jour<\/strong> sur deux services. Outre un espace de restauration de 600\u00a0m\u00b2, le nouvel \u00e9quipement comprend une cuisine, un vestiaire pour le personnel, des locaux techniques et une biblioth\u00e8que. Le b\u00e2timent, qui a co\u00fbt\u00e9 <strong>2\u00a0830\u00a0096\u00a0euros TTC<\/strong> dont 40\u00a0% de subventions des partenaires, est lumineux, fonctionnel et a \u00e9t\u00e9 r\u00e9alis\u00e9 par l\u2019architecte J\u00e9r\u00f4me Scorielle.<\/p>\n<p><i class=\"fas fa-map-marker-alt sf-icon sf-icon-float-none sf-icon-small\" style=\"\"><\/i> 5 rue des Champs<\/p>\n<p><i class=\"fas fa-globe sf-icon sf-icon-float-none sf-icon-small\" style=\"\"><\/i>\u00a0www.toufflers.fr<\/p>\n[\/spb_text_block] [spb_divider type=&#8221;standard&#8221; text=&#8221;Go to top&#8221; top_margin=&#8221;0px&#8221; bottom_margin=&#8221;30px&#8221; fullwidth=&#8221;no&#8221; width=&#8221;1\/1&#8243; el_position=&#8221;first last&#8221;] [\/spb_row] [spb_row element_name=&#8221;Mairie&#8221; wrap_type=&#8221;standard-width&#8221; row_bg_type=&#8221;color&#8221; color_row_height=&#8221;content-height&#8221; bg_type=&#8221;cover&#8221; parallax_image_height=&#8221;content-height&#8221; parallax_image_movement=&#8221;fixed&#8221; parallax_image_speed=&#8221;standard&#8221; bg_video_loop=&#8221;yes&#8221; parallax_video_height=&#8221;window-height&#8221; row_id=&#8221;Mairie&#8221; row_name=&#8221;Mairie&#8221; row_top_style=&#8221;none&#8221; row_bottom_style=&#8221;none&#8221; parallax_video_overlay=&#8221;none&#8221; row_overlay_opacity=&#8221;0&#8243; remove_element_spacing=&#8221;no&#8221; row_col_spacing=&#8221;0&#8243; row_col_pos=&#8221;default&#8221; row_col_equal_heights=&#8221;no&#8221; row_expanding=&#8221;no&#8221; row_animation=&#8221;none&#8221; row_animation_delay=&#8221;0&#8243; minimize_row=&#8221;no&#8221; simplified_controls=&#8221;yes&#8221; custom_css_percentage=&#8221;no&#8221; custom_css=&#8221;margin-top: 0px;margin-bottom: 0px;&#8221; border_styling_global=&#8221;default&#8221; width=&#8221;1\/1&#8243; el_position=&#8221;first last&#8221;] [spb_image image=&#8221;6014&#8243; image_size=&#8221;full&#8221; frame=&#8221;noframe&#8221; caption_pos=&#8221;hover&#8221; remove_rounded=&#8221;yes&#8221; fullwidth=&#8221;no&#8221; overflow_mode=&#8221;none&#8221; link_target=&#8221;_self&#8221; lightbox=&#8221;yes&#8221; intro_animation=&#8221;fadeIn&#8221; animation_delay=&#8221;200&#8243; width=&#8221;1\/3&#8243; el_position=&#8221;first last&#8221;][\/spb_image] [spb_text_block element_name=&#8221;Mairie&#8221; animation=&#8221;none&#8221; animation_delay=&#8221;0&#8243; simplified_controls=&#8221;yes&#8221; custom_css_percentage=&#8221;no&#8221; padding_vertical=&#8221;0&#8243; padding_horizontal=&#8221;0&#8243; margin_vertical=&#8221;0&#8243; custom_css=&#8221;margin-top: 0px;margin-bottom: 0px;&#8221; border_size=&#8221;0&#8243; border_styling_global=&#8221;default&#8221; width=&#8221;1\/1&#8243; el_position=&#8221;first last&#8221;]\n<h2>La Mairie<\/h2>\n<p style=\"text-align: left;\">La Mairie a \u00e9t\u00e9 inaugur\u00e9e en 2014. Tous les services aux administr\u00e9s y sont r\u00e9unis. Le parc de la Mairie est ouvert de 9h00 \u00e0 19h00 tous les jours (week-ends compris) pendant la p\u00e9riode du 1er avril au 30 septembre, puis de 9h00 \u00e0 17h00 du lundi au samedi pour la p\u00e9riode du 1er octobre au 31 mars.<\/p>\n<p style=\"text-align: left;\">Vous y trouverez des jeux pour enfants, le jardin participatif et une biblioth\u00e8que libre.<\/p>\n<p><i class=\"fas fa-map-marker-alt sf-icon sf-icon-float-none sf-icon-small\" style=\"\"><\/i>\u00a063 rue de Roubaix<\/p>\n<p><i class=\"fas fa-phone-square sf-icon sf-icon-float-none sf-icon-small\" style=\"\"><\/i>\u00a003.20.75.27.71<\/p>\n<p><i class=\"fas fa-globe sf-icon sf-icon-float-none sf-icon-small\" style=\"\"><\/i>\u00a0www.toufflers.fr<\/p>\n<p><i class=\"fas fa-calendar sf-icon sf-icon-float-none sf-icon-small\" style=\"\"><\/i> Ouvert mardi, jeudi, vendredi de 8h00\u00a0 \u00e0 12h00 et de 13h30 \u00e0 17h15, mercredi et samedi de 8h00 \u00e0 12h00.<\/p>\n[\/spb_text_block] [\/spb_row] [spb_divider type=&#8221;standard&#8221; text=&#8221;Go to top&#8221; top_margin=&#8221;0px&#8221; bottom_margin=&#8221;30px&#8221; fullwidth=&#8221;no&#8221; width=&#8221;1\/1&#8243; el_position=&#8221;first last&#8221;] [spb_row element_name=&#8221;\u00e9coles&#8221; wrap_type=&#8221;standard-width&#8221; row_bg_type=&#8221;color&#8221; color_row_height=&#8221;content-height&#8221; bg_type=&#8221;cover&#8221; parallax_image_height=&#8221;content-height&#8221; parallax_image_movement=&#8221;fixed&#8221; parallax_image_speed=&#8221;standard&#8221; bg_video_loop=&#8221;yes&#8221; parallax_video_height=&#8221;window-height&#8221; row_id=&#8221;Les \u00e9coles&#8221; row_name=&#8221;Les \u00e9coles&#8221; row_top_style=&#8221;none&#8221; row_bottom_style=&#8221;none&#8221; parallax_video_overlay=&#8221;none&#8221; row_overlay_opacity=&#8221;0&#8243; remove_element_spacing=&#8221;no&#8221; row_col_spacing=&#8221;0&#8243; row_col_pos=&#8221;default&#8221; row_col_equal_heights=&#8221;no&#8221; row_expanding=&#8221;no&#8221; row_animation=&#8221;none&#8221; row_animation_delay=&#8221;0&#8243; minimize_row=&#8221;no&#8221; simplified_controls=&#8221;yes&#8221; custom_css_percentage=&#8221;no&#8221; custom_css=&#8221;margin-top: 0px;margin-bottom: 0px;&#8221; border_styling_global=&#8221;default&#8221; width=&#8221;1\/1&#8243; el_position=&#8221;first last&#8221;] [spb_text_block element_name=&#8221;\u00e9coles&#8221; animation=&#8221;none&#8221; animation_delay=&#8221;0&#8243; simplified_controls=&#8221;yes&#8221; custom_css_percentage=&#8221;no&#8221; padding_vertical=&#8221;0&#8243; padding_horizontal=&#8221;0&#8243; margin_vertical=&#8221;0&#8243; custom_css=&#8221;margin-top: 0px;margin-bottom: 0px;&#8221; border_size=&#8221;0&#8243; border_styling_global=&#8221;default&#8221; width=&#8221;1\/1&#8243; el_position=&#8221;first last&#8221;]\n<h2 style=\"text-align: left;\">\u00c9coles<\/h2>\n<h3 style=\"text-align: left;\">La commune recense 3 \u00e9coles : L\u2019\u00e9cole maternelle communale Louis Aragon, l\u2019\u00e9cole primaire communale Jacques Pr\u00e9vert ainsi que l\u2019\u00e9cole priv\u00e9e Saint Pierre en maternelle et primaire.<\/h3>\n[\/spb_text_block] [spb_image image=&#8221;6027&#8243; image_size=&#8221;full&#8221; frame=&#8221;noframe&#8221; caption=&#8221;\u00c9cole Maternelle Louis Aragon&#8221; caption_pos=&#8221;hover&#8221; remove_rounded=&#8221;yes&#8221; fullwidth=&#8221;no&#8221; overflow_mode=&#8221;none&#8221; link_target=&#8221;_self&#8221; lightbox=&#8221;yes&#8221; intro_animation=&#8221;fadeIn&#8221; animation_delay=&#8221;200&#8243; width=&#8221;1\/3&#8243; el_position=&#8221;first&#8221;][\/spb_image] [spb_image image=&#8221;6026&#8243; image_size=&#8221;full&#8221; frame=&#8221;noframe&#8221; caption=&#8221;\u00c9cole Primaire Jacques Pr\u00e9vert&#8221; caption_pos=&#8221;hover&#8221; remove_rounded=&#8221;yes&#8221; fullwidth=&#8221;no&#8221; overflow_mode=&#8221;none&#8221; link_target=&#8221;_self&#8221; lightbox=&#8221;yes&#8221; intro_animation=&#8221;fadeIn&#8221; animation_delay=&#8221;200&#8243; width=&#8221;1\/3&#8243;][\/spb_image] [spb_image image=&#8221;6025&#8243; image_size=&#8221;full&#8221; frame=&#8221;noframe&#8221; caption=&#8221;\u00c9cole Priv\u00e9e Maternelle et Primaire St Pierre&#8221; caption_pos=&#8221;hover&#8221; remove_rounded=&#8221;yes&#8221; fullwidth=&#8221;no&#8221; overflow_mode=&#8221;none&#8221; link_target=&#8221;_self&#8221; lightbox=&#8221;yes&#8221; intro_animation=&#8221;fadeIn&#8221; animation_delay=&#8221;200&#8243; width=&#8221;1\/3&#8243; el_position=&#8221;last&#8221;][\/spb_image] [spb_text_block animation=&#8221;none&#8221; animation_delay=&#8221;0&#8243; simplified_controls=&#8221;yes&#8221; custom_css_percentage=&#8221;no&#8221; padding_vertical=&#8221;0&#8243; padding_horizontal=&#8221;0&#8243; margin_vertical=&#8221;0&#8243; custom_css=&#8221;margin-top: 0px;margin-bottom: 0px;&#8221; border_size=&#8221;0&#8243; border_styling_global=&#8221;default&#8221; width=&#8221;1\/3&#8243; el_position=&#8221;first&#8221;]\n<p><strong>\u00c9cole Maternelle Louis Aragon :<\/strong><\/p>\n<p><i class=\"fas fa-map-marker-alt sf-icon sf-icon-float-none sf-icon-small\" style=\"\"><\/i> 28 rue de l\u2019\u00c9glise<\/p>\n<p><i class=\"fas fa-phone-square sf-icon sf-icon-float-none sf-icon-small\" style=\"\"><\/i> 03.20.75.13.20<\/p>\n[\/spb_text_block] [spb_text_block animation=&#8221;none&#8221; animation_delay=&#8221;0&#8243; simplified_controls=&#8221;yes&#8221; custom_css_percentage=&#8221;no&#8221; padding_vertical=&#8221;0&#8243; padding_horizontal=&#8221;0&#8243; margin_vertical=&#8221;0&#8243; custom_css=&#8221;margin-top: 0px;margin-bottom: 0px;&#8221; border_size=&#8221;0&#8243; border_styling_global=&#8221;default&#8221; width=&#8221;1\/3&#8243;]\n<p><strong>\u00c9cole Primaire Jacques Pr\u00e9vert :\u00a0<\/strong><\/p>\n<p><i class=\"fas fa-map-marker-alt sf-icon sf-icon-float-none sf-icon-small\" style=\"\"><\/i> 50 rue des Ecoles<\/p>\n<p><i class=\"fas fa-phone-square sf-icon sf-icon-float-none sf-icon-small\" style=\"\"><\/i> 03.20.75.27.78<\/p>\n[\/spb_text_block] [spb_text_block animation=&#8221;none&#8221; animation_delay=&#8221;0&#8243; simplified_controls=&#8221;yes&#8221; custom_css_percentage=&#8221;no&#8221; padding_vertical=&#8221;0&#8243; padding_horizontal=&#8221;0&#8243; margin_vertical=&#8221;0&#8243; custom_css=&#8221;margin-top: 0px;margin-bottom: 0px;&#8221; border_size=&#8221;0&#8243; border_styling_global=&#8221;default&#8221; width=&#8221;1\/3&#8243; el_position=&#8221;last&#8221;]\n<p><strong>\u00c9cole Priv\u00e9e Maternelle et Primaire St Pierre :\u00a0<\/strong><\/p>\n<p><i class=\"fas fa-map-marker-alt sf-icon sf-icon-float-none sf-icon-small\" style=\"\"><\/i> 40 rue des Champs<\/p>\n<p><i class=\"fas fa-phone-square sf-icon sf-icon-float-none sf-icon-small\" style=\"\"><\/i> 03.20.75.11.24<\/p>\n[\/spb_text_block] [\/spb_row] [spb_divider type=&#8221;standard&#8221; text=&#8221;Go to top&#8221; top_margin=&#8221;0px&#8221; bottom_margin=&#8221;30px&#8221; fullwidth=&#8221;no&#8221; width=&#8221;1\/1&#8243; el_position=&#8221;first last&#8221;] [spb_row element_name=&#8221;Enfance&#8221; wrap_type=&#8221;standard-width&#8221; row_bg_type=&#8221;color&#8221; color_row_height=&#8221;content-height&#8221; bg_type=&#8221;cover&#8221; parallax_image_height=&#8221;content-height&#8221; parallax_image_movement=&#8221;fixed&#8221; parallax_image_speed=&#8221;standard&#8221; bg_video_loop=&#8221;yes&#8221; parallax_video_height=&#8221;window-height&#8221; row_id=&#8221;Petite Enfance&#8221; row_name=&#8221;Petite Enfance&#8221; row_top_style=&#8221;none&#8221; row_bottom_style=&#8221;none&#8221; parallax_video_overlay=&#8221;none&#8221; row_overlay_opacity=&#8221;0&#8243; remove_element_spacing=&#8221;no&#8221; row_col_spacing=&#8221;0&#8243; row_col_pos=&#8221;default&#8221; row_col_equal_heights=&#8221;no&#8221; row_expanding=&#8221;no&#8221; row_animation=&#8221;none&#8221; row_animation_delay=&#8221;0&#8243; minimize_row=&#8221;no&#8221; simplified_controls=&#8221;yes&#8221; custom_css_percentage=&#8221;no&#8221; custom_css=&#8221;margin-top: 0px;margin-bottom: 0px;&#8221; border_styling_global=&#8221;default&#8221; width=&#8221;1\/1&#8243; el_position=&#8221;first last&#8221;] [spb_text_block element_name=&#8221;Mairie&#8221; animation=&#8221;none&#8221; animation_delay=&#8221;0&#8243; simplified_controls=&#8221;yes&#8221; custom_css_percentage=&#8221;no&#8221; padding_vertical=&#8221;0&#8243; padding_horizontal=&#8221;0&#8243; margin_vertical=&#8221;0&#8243; custom_css=&#8221;margin-top: 0px;margin-bottom: 0px;&#8221; border_size=&#8221;0&#8243; border_styling_global=&#8221;default&#8221; width=&#8221;1\/1&#8243; el_position=&#8221;first last&#8221;]\n<h2 style=\"text-align: left;\">Enfance et petite enfance<\/h2>\n<p style=\"text-align: left;\">Le Relais Petite Enfance se trouve \u00e0 l&#8217;arri\u00e8re de l&#8217;Espace Culturel<\/p>\n<p>La Ch\u00eanaie, 32 rue de Lys<\/p>\n<p>06.64.72.26.87<\/p>\n[\/spb_text_block] [spb_image image=&#8221;6039&#8243; image_size=&#8221;full&#8221; frame=&#8221;noframe&#8221; caption_pos=&#8221;hover&#8221; remove_rounded=&#8221;yes&#8221; fullwidth=&#8221;no&#8221; overflow_mode=&#8221;none&#8221; link_target=&#8221;_self&#8221; lightbox=&#8221;yes&#8221; intro_animation=&#8221;fadeIn&#8221; animation_delay=&#8221;200&#8243; width=&#8221;1\/3&#8243; el_position=&#8221;first last&#8221;][\/spb_image] [\/spb_row] [spb_divider type=&#8221;standard&#8221; text=&#8221;Go to top&#8221; top_margin=&#8221;0px&#8221; bottom_margin=&#8221;30px&#8221; fullwidth=&#8221;no&#8221; width=&#8221;1\/1&#8243; el_position=&#8221;first last&#8221;] [spb_text_block animation=&#8221;none&#8221; animation_delay=&#8221;0&#8243; simplified_controls=&#8221;yes&#8221; custom_css_percentage=&#8221;no&#8221; padding_vertical=&#8221;0&#8243; padding_horizontal=&#8221;0&#8243; margin_vertical=&#8221;0&#8243; custom_css=&#8221;margin-top: 0px;margin-bottom: 0px;&#8221; border_size=&#8221;0&#8243; border_styling_global=&#8221;default&#8221; width=&#8221;1\/1&#8243; el_position=&#8221;first last&#8221;]\n<p style=\"text-align: left;\"><b style=\"font-size: 24px;\" data-fusion-font=\"true\">La Ch\u00eanaie<\/b><\/p>\n<p style=\"text-align: left;\">Ce b\u00e2timent municipal accueille de nombreuses festivit\u00e9s, associations, ainsi que le club des a\u00een\u00e9s.<\/p>\n<p style=\"text-align: left;\">La r\u00e9habilitation du b\u00e2timent a \u00e9t\u00e9 effectu\u00e9e en 2013.<\/p>\n<p style=\"text-align: left;\"><b style=\"font-size: 24px;\" data-fusion-font=\"true\">Le complexe sportif<\/b><\/p>\n<p style=\"text-align: left;\">Inaugur\u00e9e le 28 mai 1983, la salle polyvalente accueille une multitude de sportifs. Situ\u00e9e \u00e0 proximit\u00e9 des \u00e9coles, elle est tr\u00e8s pratique \u00e0 utiliser. Elle re\u00e7oit les entra\u00eenements de clubs, de nombreux tournois et rendez-vous de haut niveau. Elle est \u00e9galement occup\u00e9e par d\u2019autres associations qui l\u2019utilisent pour leurs grandes manifestations comme la bourse aux livres et aux jouets. Elle dispose de 4 vestiaires et d\u2019une petite salle annexe pour recevoir les sportifs. Le mat\u00e9riel pr\u00e9sent permet la pratique de la gymnastique, du basket, du tennis, du volley ou encore du hand-ball, et des activit\u00e9s g\u00e9r\u00e9es par la Municipalit\u00e9 : centre de loisirs, TAP et activit\u00e9s sportives scolaires. La salle est ouverte tous les jours et quasiment toute l\u2019ann\u00e9e.<\/p>\n<p style=\"text-align: left;\"><b style=\"font-size: 24px;\" data-fusion-font=\"true\">La salle Jean Devys<\/b><\/p>\n<p style=\"text-align: left;\" align=\"right\">La salle Jean DEVYS est la structure sportive la plus r\u00e9cente de la commune et accueille le club de tennis de table. Inaugur\u00e9e le 25 septembre 2005, elle propose un espace de 560m2 avec un club house de 56m2 comprenant des vestiaires, des sanitaires et un bureau. Au moment de sa construction, des vestiaires complets pour les footballeurs ont \u00e9t\u00e9 r\u00e9alis\u00e9s avec un local pour les dirigeants et l\u2019arbitre. Elle re\u00e7oit aussi diverses manifestations.<\/p>\n<p style=\"font-size: 23px; text-align: left;\" data-fusion-font=\"true\"><b>Ateliers municipaux<\/b><\/p>\n<p style=\"text-align: left;\">Les ateliers municipaux se trouvent 1 rue Trieu du Quesnoy. Ils ont \u00e9t\u00e9 inaugur\u00e9s en 2017.<\/p>\n<p style=\"font-size: 24px; text-align: left;\" align=\"right\" data-fusion-font=\"true\"><b>Local culturel<\/b><\/p>\n<p style=\"text-align: left;\" align=\"right\">Le local culturel, situ\u00e9 Rue de l\u2019\u00c9glise, permet \u00e0 des associations de se r\u00e9unir pour leurs activit\u00e9s.<\/p>\n<p style=\"text-align: left;\" align=\"right\"><b style=\"font-size: 24px;\" data-fusion-font=\"true\">Le cimeti\u00e8re<\/b><\/p>\n<p style=\"text-align: left;\" align=\"right\"><b>Le cimeti\u00e8re est ouvert tous les jours de 8h00 \u00e0 17h30.<\/b>La <strong>circulation en voiture est interdite dans le cimeti\u00e8re<\/strong>. Elle est cependant tol\u00e9r\u00e9e pour les personnes en ayant fait la demande en Mairie et sur pr\u00e9sentation d\u2019un justificatif de votre m\u00e9decin (<strong>uniquement le samedi de 8h \u00e0 11h30<\/strong> ; interdite le dimanche et l\u2019avant-veille, la veille et le jour de la Toussaint et jours f\u00e9ri\u00e9s).<\/p>\n<div id=\"modal-ready\" style=\"text-align: left;\">\n<div class=\"bloctexte\">\n<div class=\"su-row\">\n<div class=\"su-column su-column-size-1-2\">\n<div class=\"su-column-inner su-clearfix\">\n<div id=\"bwg_container1_1\">\n<div id=\"bwg_container2_1\">\n<div>\n<div id=\"bwg_standart_thumbnails_1\" class=\"bwg_standart_thumbnails_1\"><\/div>\n<\/div>\n<\/div>\n<\/div>\n<\/div>\n<\/div>\n<\/div>\n<div align=\"center\"><b style=\"font-size: 24px;\" data-fusion-font=\"true\">Coordonn\u00e9es des \u00e9quipements<br \/>\n<\/b><\/div>\n<div align=\"center\"><\/div>\n<\/div>\n<\/div>\n<div class=\"table-1\" style=\"text-align: left;\">\n<table style=\"height: 665px;\" width=\"1620\">\n<thead>\n<tr>\n<th align=\"left\"><strong>Mairie<\/strong><\/th>\n<th style=\"text-align: left;\" align=\"left\">63 rue de Roubaix<\/th>\n<th align=\"left\">T\u00e9l : 03.20.75.27.71 &#8211; www.toufflers.fr<\/p>\n<p>Ouvert mardi, jeudi, vendredi de 8h00\u00a0 \u00e0 12h00 et de 13h30 \u00e0 17h15,<\/p>\n<p>mercredi et samedi de 8h00 \u00e0 12h00.<\/th>\n<\/tr>\n<\/thead>\n<tbody>\n<tr>\n<td align=\"left\"><strong>Restaurant scolaire<\/strong><\/td>\n<td align=\"left\">5 rue des Champs<\/td>\n<td align=\"left\"><\/td>\n<\/tr>\n<tr>\n<td align=\"left\"><strong>\u00c9cole Maternelle Louis Aragon<\/strong><\/td>\n<td align=\"left\">28 rue de l&#8217;\u00c9glise<\/td>\n<td align=\"left\">T\u00e9l : 03.20.75.13.20<\/td>\n<\/tr>\n<tr>\n<td align=\"left\"><strong>\u00c9cole Primaire Jacques Pr\u00e9vert<\/strong><\/td>\n<td align=\"left\">50 rue des Ecoles<\/td>\n<td align=\"left\">T\u00e9l : 03.20.75.27.78<\/td>\n<\/tr>\n<tr>\n<td align=\"left\"><strong>\u00c9cole Priv\u00e9e Maternelle et Primaire St Pierre<\/strong><\/td>\n<td align=\"left\">40 rue des Champs<\/td>\n<td align=\"left\">T\u00e9l : 03.20.75.11.24<\/td>\n<\/tr>\n<tr>\n<td align=\"left\"><strong>Relais Petite Enfance<\/strong><\/td>\n<td align=\"left\">32 rue de Lys<\/td>\n<td align=\"left\">T\u00e9l : 06.64.72.26.87<\/td>\n<\/tr>\n<tr>\n<td align=\"left\"><strong>Salle Jean Devys<\/strong><\/td>\n<td align=\"left\">71 rue des \u00c9coles<\/td>\n<td align=\"left\"><\/td>\n<\/tr>\n<tr>\n<td align=\"left\"><strong>Ateliers Municipaux<\/strong><\/td>\n<td align=\"left\">1 rue du Trieu du Quesnoy<\/td>\n<td align=\"left\"><\/td>\n<\/tr>\n<tr>\n<td align=\"left\"><strong>Maison des Jeunes<br \/>\n<\/strong><\/td>\n<td align=\"left\">56 rue de l&#8217;\u00c9glise<\/td>\n<td align=\"left\"><\/td>\n<\/tr>\n<tr>\n<td align=\"left\"><strong>Cimeti\u00e8re<\/strong><\/td>\n<td align=\"left\">85 rue de l&#8217;\u00c9glise<\/td>\n<td align=\"left\"><\/td>\n<\/tr>\n<tr>\n<td align=\"left\"><strong>Espace Culturel La Ch\u00eanaie<\/strong><\/td>\n<td align=\"left\">32 rue de Lys<\/td>\n<td align=\"left\"><\/td>\n<\/tr>\n<\/tbody>\n<\/table>\n<\/div>\n[\/spb_text_block]\n","protected":false},"excerpt":{"rendered":"<p>[spb_row element_name=&#8221;Restaurant scolaire&#8221; wrap_type=&#8221;standard-width&#8221; row_bg_type=&#8221;color&#8221; color_row_height=&#8221;content-height&#8221; bg_type=&#8221;cover&#8221; parallax_image_height=&#8221;content-height&#8221; parallax_image_movement=&#8221;fixed&#8221; parallax_image_speed=&#8221;standard&#8221; bg_video_loop=&#8221;yes&#8221; parallax_video_height=&#8221;window-height&#8221; row_id=&#8221;restausco&#8221; row_name=&#8221;restausco&#8221; row_top_style=&#8221;none&#8221; row_bottom_style=&#8221;none&#8221; parallax_video_overlay=&#8221;none&#8221; row_overlay_opacity=&#8221;0&#8243; remove_element_spacing=&#8221;no&#8221; row_col_spacing=&#8221;0&#8243; row_col_pos=&#8221;default&#8221; row_col_equal_heights=&#8221;no&#8221; row_expanding=&#8221;no&#8221; row_animation=&#8221;none&#8221; row_animation_delay=&#8221;0&#8243; minimize_row=&#8221;no&#8221; simplified_controls=&#8221;yes&#8221; custom_css_percentage=&#8221;no&#8221; custom_css=&#8221;margin-top: 0px;margin-bottom: 0px;&#8221; border_styling_global=&#8221;default&#8221; width=&#8221;1\/1&#8243; el_position=&#8221;first last&#8221;] [spb_image image=&#8221;6640&#8243; image_size=&#8221;full&#8221; frame=&#8221;noframe&#8221; caption_pos=&#8221;hover&#8221; remove_rounded=&#8221;yes&#8221; fullwidth=&#8221;no&#8221; overflow_mode=&#8221;none&#8221; link_target=&#8221;_self&#8221; lightbox=&#8221;yes&#8221; intro_animation=&#8221;fadeIn&#8221; animation_delay=&#8221;200&#8243; width=&#8221;2\/3&#8243; el_position=&#8221;first&#8221;][\/spb_image] [spb_image image=&#8221;6724&#8243; image_size=&#8221;full&#8221; frame=&#8221;noframe&#8221; caption_pos=&#8221;hover&#8221; remove_rounded=&#8221;yes&#8221; fullwidth=&#8221;no&#8221; overflow_mode=&#8221;none&#8221; image_link=&#8221;Le restaurant scolaire, [&hellip;]<\/p>\n","protected":false},"author":1,"featured_media":0,"parent":0,"menu_order":0,"comment_status":"closed","ping_status":"closed","template":"","meta":{"footnotes":""},"class_list":["post-2461","page","type-page","status-publish","hentry"],"yoast_head":"<!-- This site is optimized with the Yoast SEO plugin v27.4 - https:\/\/yoast.com\/product\/yoast-seo-wordpress\/ -->\n<title>\u00c9quipements - Toufflers<\/title>\n<meta name=\"robots\" content=\"index, follow, max-snippet:-1, max-image-preview:large, max-video-preview:-1\" \/>\n<link rel=\"canonical\" href=\"https:\/\/toufflers.fr\/index.php\/les-equipements\/\" \/>\n<meta property=\"og:locale\" content=\"fr_FR\" \/>\n<meta property=\"og:type\" content=\"article\" \/>\n<meta property=\"og:title\" content=\"\u00c9quipements - Toufflers\" \/>\n<meta property=\"og:description\" content=\"[spb_row element_name=&#8221;Restaurant scolaire&#8221; wrap_type=&#8221;standard-width&#8221; row_bg_type=&#8221;color&#8221; color_row_height=&#8221;content-height&#8221; bg_type=&#8221;cover&#8221; parallax_image_height=&#8221;content-height&#8221; parallax_image_movement=&#8221;fixed&#8221; parallax_image_speed=&#8221;standard&#8221; bg_video_loop=&#8221;yes&#8221; parallax_video_height=&#8221;window-height&#8221; row_id=&#8221;restausco&#8221; row_name=&#8221;restausco&#8221; row_top_style=&#8221;none&#8221; row_bottom_style=&#8221;none&#8221; parallax_video_overlay=&#8221;none&#8221; row_overlay_opacity=&#8221;0&#8243; remove_element_spacing=&#8221;no&#8221; row_col_spacing=&#8221;0&#8243; row_col_pos=&#8221;default&#8221; row_col_equal_heights=&#8221;no&#8221; row_expanding=&#8221;no&#8221; row_animation=&#8221;none&#8221; row_animation_delay=&#8221;0&#8243; minimize_row=&#8221;no&#8221; simplified_controls=&#8221;yes&#8221; custom_css_percentage=&#8221;no&#8221; custom_css=&#8221;margin-top: 0px;margin-bottom: 0px;&#8221; border_styling_global=&#8221;default&#8221; width=&#8221;1\/1&#8243; el_position=&#8221;first last&#8221;] [spb_image image=&#8221;6640&#8243; image_size=&#8221;full&#8221; frame=&#8221;noframe&#8221; caption_pos=&#8221;hover&#8221; remove_rounded=&#8221;yes&#8221; fullwidth=&#8221;no&#8221; overflow_mode=&#8221;none&#8221; link_target=&#8221;_self&#8221; lightbox=&#8221;yes&#8221; intro_animation=&#8221;fadeIn&#8221; animation_delay=&#8221;200&#8243; width=&#8221;2\/3&#8243; el_position=&#8221;first&#8221;][\/spb_image] [spb_image image=&#8221;6724&#8243; image_size=&#8221;full&#8221; frame=&#8221;noframe&#8221; caption_pos=&#8221;hover&#8221; remove_rounded=&#8221;yes&#8221; fullwidth=&#8221;no&#8221; overflow_mode=&#8221;none&#8221; image_link=&#8221;Le restaurant scolaire, [&hellip;]\" \/>\n<meta property=\"og:url\" content=\"https:\/\/toufflers.fr\/index.php\/les-equipements\/\" \/>\n<meta property=\"og:site_name\" content=\"Toufflers\" \/>\n<meta property=\"article:publisher\" content=\"https:\/\/www.facebook.com\/people\/Mairie-de-Toufflers\/100064872632846\/?fref=ts\" \/>\n<meta property=\"article:modified_time\" content=\"2026-04-19T15:30:07+00:00\" \/>\n<meta name=\"twitter:card\" content=\"summary_large_image\" \/>\n<meta name=\"twitter:label1\" content=\"Dur\u00e9e de lecture estim\u00e9e\" \/>\n\t<meta name=\"twitter:data1\" content=\"7 minutes\" \/>\n<script type=\"application\/ld+json\" class=\"yoast-schema-graph\">{\"@context\":\"https:\\\/\\\/schema.org\",\"@graph\":[{\"@type\":\"WebPage\",\"@id\":\"https:\\\/\\\/toufflers.fr\\\/index.php\\\/les-equipements\\\/\",\"url\":\"https:\\\/\\\/toufflers.fr\\\/index.php\\\/les-equipements\\\/\",\"name\":\"\u00c9quipements - Toufflers\",\"isPartOf\":{\"@id\":\"https:\\\/\\\/toufflers.fr\\\/#website\"},\"datePublished\":\"2020-04-20T14:09:43+00:00\",\"dateModified\":\"2026-04-19T15:30:07+00:00\",\"breadcrumb\":{\"@id\":\"https:\\\/\\\/toufflers.fr\\\/index.php\\\/les-equipements\\\/#breadcrumb\"},\"inLanguage\":\"fr-FR\",\"potentialAction\":[{\"@type\":\"ReadAction\",\"target\":[\"https:\\\/\\\/toufflers.fr\\\/index.php\\\/les-equipements\\\/\"]}]},{\"@type\":\"BreadcrumbList\",\"@id\":\"https:\\\/\\\/toufflers.fr\\\/index.php\\\/les-equipements\\\/#breadcrumb\",\"itemListElement\":[{\"@type\":\"ListItem\",\"position\":1,\"name\":\"Accueil\",\"item\":\"https:\\\/\\\/toufflers.fr\\\/\"},{\"@type\":\"ListItem\",\"position\":2,\"name\":\"\u00c9quipements\"}]},{\"@type\":\"WebSite\",\"@id\":\"https:\\\/\\\/toufflers.fr\\\/#website\",\"url\":\"https:\\\/\\\/toufflers.fr\\\/\",\"name\":\"Toufflers\",\"description\":\"\",\"publisher\":{\"@id\":\"https:\\\/\\\/toufflers.fr\\\/#organization\"},\"potentialAction\":[{\"@type\":\"SearchAction\",\"target\":{\"@type\":\"EntryPoint\",\"urlTemplate\":\"https:\\\/\\\/toufflers.fr\\\/?s={search_term_string}\"},\"query-input\":{\"@type\":\"PropertyValueSpecification\",\"valueRequired\":true,\"valueName\":\"search_term_string\"}}],\"inLanguage\":\"fr-FR\"},{\"@type\":\"Organization\",\"@id\":\"https:\\\/\\\/toufflers.fr\\\/#organization\",\"name\":\"Toufflers\",\"url\":\"https:\\\/\\\/toufflers.fr\\\/\",\"logo\":{\"@type\":\"ImageObject\",\"inLanguage\":\"fr-FR\",\"@id\":\"https:\\\/\\\/toufflers.fr\\\/#\\\/schema\\\/logo\\\/image\\\/\",\"url\":\"https:\\\/\\\/toufflers.fr\\\/wp-content\\\/uploads\\\/2024\\\/02\\\/Logo-site.png\",\"contentUrl\":\"https:\\\/\\\/toufflers.fr\\\/wp-content\\\/uploads\\\/2024\\\/02\\\/Logo-site.png\",\"width\":2560,\"height\":721,\"caption\":\"Toufflers\"},\"image\":{\"@id\":\"https:\\\/\\\/toufflers.fr\\\/#\\\/schema\\\/logo\\\/image\\\/\"},\"sameAs\":[\"https:\\\/\\\/www.facebook.com\\\/people\\\/Mairie-de-Toufflers\\\/100064872632846\\\/?fref=ts\"]}]}<\/script>\n<!-- \/ Yoast SEO plugin. -->","yoast_head_json":{"title":"\u00c9quipements - Toufflers","robots":{"index":"index","follow":"follow","max-snippet":"max-snippet:-1","max-image-preview":"max-image-preview:large","max-video-preview":"max-video-preview:-1"},"canonical":"https:\/\/toufflers.fr\/index.php\/les-equipements\/","og_locale":"fr_FR","og_type":"article","og_title":"\u00c9quipements - Toufflers","og_description":"[spb_row element_name=&#8221;Restaurant scolaire&#8221; wrap_type=&#8221;standard-width&#8221; row_bg_type=&#8221;color&#8221; color_row_height=&#8221;content-height&#8221; bg_type=&#8221;cover&#8221; parallax_image_height=&#8221;content-height&#8221; parallax_image_movement=&#8221;fixed&#8221; parallax_image_speed=&#8221;standard&#8221; bg_video_loop=&#8221;yes&#8221; parallax_video_height=&#8221;window-height&#8221; row_id=&#8221;restausco&#8221; row_name=&#8221;restausco&#8221; row_top_style=&#8221;none&#8221; row_bottom_style=&#8221;none&#8221; parallax_video_overlay=&#8221;none&#8221; row_overlay_opacity=&#8221;0&#8243; remove_element_spacing=&#8221;no&#8221; row_col_spacing=&#8221;0&#8243; row_col_pos=&#8221;default&#8221; row_col_equal_heights=&#8221;no&#8221; row_expanding=&#8221;no&#8221; row_animation=&#8221;none&#8221; row_animation_delay=&#8221;0&#8243; minimize_row=&#8221;no&#8221; simplified_controls=&#8221;yes&#8221; custom_css_percentage=&#8221;no&#8221; custom_css=&#8221;margin-top: 0px;margin-bottom: 0px;&#8221; border_styling_global=&#8221;default&#8221; width=&#8221;1\/1&#8243; el_position=&#8221;first last&#8221;] [spb_image image=&#8221;6640&#8243; image_size=&#8221;full&#8221; frame=&#8221;noframe&#8221; caption_pos=&#8221;hover&#8221; remove_rounded=&#8221;yes&#8221; fullwidth=&#8221;no&#8221; overflow_mode=&#8221;none&#8221; link_target=&#8221;_self&#8221; lightbox=&#8221;yes&#8221; intro_animation=&#8221;fadeIn&#8221; animation_delay=&#8221;200&#8243; width=&#8221;2\/3&#8243; el_position=&#8221;first&#8221;][\/spb_image] [spb_image image=&#8221;6724&#8243; image_size=&#8221;full&#8221; frame=&#8221;noframe&#8221; caption_pos=&#8221;hover&#8221; remove_rounded=&#8221;yes&#8221; fullwidth=&#8221;no&#8221; overflow_mode=&#8221;none&#8221; image_link=&#8221;Le restaurant scolaire, [&hellip;]","og_url":"https:\/\/toufflers.fr\/index.php\/les-equipements\/","og_site_name":"Toufflers","article_publisher":"https:\/\/www.facebook.com\/people\/Mairie-de-Toufflers\/100064872632846\/?fref=ts","article_modified_time":"2026-04-19T15:30:07+00:00","twitter_card":"summary_large_image","twitter_misc":{"Dur\u00e9e de lecture estim\u00e9e":"7 minutes"},"schema":{"@context":"https:\/\/schema.org","@graph":[{"@type":"WebPage","@id":"https:\/\/toufflers.fr\/index.php\/les-equipements\/","url":"https:\/\/toufflers.fr\/index.php\/les-equipements\/","name":"\u00c9quipements - Toufflers","isPartOf":{"@id":"https:\/\/toufflers.fr\/#website"},"datePublished":"2020-04-20T14:09:43+00:00","dateModified":"2026-04-19T15:30:07+00:00","breadcrumb":{"@id":"https:\/\/toufflers.fr\/index.php\/les-equipements\/#breadcrumb"},"inLanguage":"fr-FR","potentialAction":[{"@type":"ReadAction","target":["https:\/\/toufflers.fr\/index.php\/les-equipements\/"]}]},{"@type":"BreadcrumbList","@id":"https:\/\/toufflers.fr\/index.php\/les-equipements\/#breadcrumb","itemListElement":[{"@type":"ListItem","position":1,"name":"Accueil","item":"https:\/\/toufflers.fr\/"},{"@type":"ListItem","position":2,"name":"\u00c9quipements"}]},{"@type":"WebSite","@id":"https:\/\/toufflers.fr\/#website","url":"https:\/\/toufflers.fr\/","name":"Toufflers","description":"","publisher":{"@id":"https:\/\/toufflers.fr\/#organization"},"potentialAction":[{"@type":"SearchAction","target":{"@type":"EntryPoint","urlTemplate":"https:\/\/toufflers.fr\/?s={search_term_string}"},"query-input":{"@type":"PropertyValueSpecification","valueRequired":true,"valueName":"search_term_string"}}],"inLanguage":"fr-FR"},{"@type":"Organization","@id":"https:\/\/toufflers.fr\/#organization","name":"Toufflers","url":"https:\/\/toufflers.fr\/","logo":{"@type":"ImageObject","inLanguage":"fr-FR","@id":"https:\/\/toufflers.fr\/#\/schema\/logo\/image\/","url":"https:\/\/toufflers.fr\/wp-content\/uploads\/2024\/02\/Logo-site.png","contentUrl":"https:\/\/toufflers.fr\/wp-content\/uploads\/2024\/02\/Logo-site.png","width":2560,"height":721,"caption":"Toufflers"},"image":{"@id":"https:\/\/toufflers.fr\/#\/schema\/logo\/image\/"},"sameAs":["https:\/\/www.facebook.com\/people\/Mairie-de-Toufflers\/100064872632846\/?fref=ts"]}]}},"_links":{"self":[{"href":"https:\/\/toufflers.fr\/index.php\/wp-json\/wp\/v2\/pages\/2461","targetHints":{"allow":["GET"]}}],"collection":[{"href":"https:\/\/toufflers.fr\/index.php\/wp-json\/wp\/v2\/pages"}],"about":[{"href":"https:\/\/toufflers.fr\/index.php\/wp-json\/wp\/v2\/types\/page"}],"author":[{"embeddable":true,"href":"https:\/\/toufflers.fr\/index.php\/wp-json\/wp\/v2\/users\/1"}],"replies":[{"embeddable":true,"href":"https:\/\/toufflers.fr\/index.php\/wp-json\/wp\/v2\/comments?post=2461"}],"version-history":[{"count":43,"href":"https:\/\/toufflers.fr\/index.php\/wp-json\/wp\/v2\/pages\/2461\/revisions"}],"predecessor-version":[{"id":7206,"href":"https:\/\/toufflers.fr\/index.php\/wp-json\/wp\/v2\/pages\/2461\/revisions\/7206"}],"wp:attachment":[{"href":"https:\/\/toufflers.fr\/index.php\/wp-json\/wp\/v2\/media?parent=2461"}],"curies":[{"name":"wp","href":"https:\/\/api.w.org\/{rel}","templated":true}]}}