{"id":2215,"date":"2019-02-28T13:07:29","date_gmt":"2019-02-28T13:07:29","guid":{"rendered":"http:\/\/toufflers.fr\/?page_id=6"},"modified":"2026-04-19T17:30:09","modified_gmt":"2026-04-19T15:30:09","slug":"accueil","status":"publish","type":"page","link":"https:\/\/toufflers.fr\/","title":{"rendered":"Accueil"},"content":{"rendered":"[spb_row element_name=&#8221;Acc\u00e8s rapide&#8221; wrap_type=&#8221;standard-width&#8221; row_bg_type=&#8221;color&#8221; color_row_height=&#8221;content-height&#8221; bg_type=&#8221;cover&#8221; parallax_image_height=&#8221;content-height&#8221; parallax_image_movement=&#8221;fixed&#8221; parallax_image_speed=&#8221;standard&#8221; bg_video_loop=&#8221;yes&#8221; parallax_video_height=&#8221;window-height&#8221; row_id=&#8221;Acc\u00e8s rapide&#8221; row_name=&#8221;Acc\u00e8s rapide&#8221; row_top_style=&#8221;none&#8221; row_bottom_style=&#8221;none&#8221; parallax_video_overlay=&#8221;none&#8221; row_overlay_opacity=&#8221;0&#8243; remove_element_spacing=&#8221;no&#8221; row_col_spacing=&#8221;0&#8243; row_col_pos=&#8221;default&#8221; row_col_equal_heights=&#8221;no&#8221; row_expanding=&#8221;no&#8221; row_animation=&#8221;none&#8221; row_animation_delay=&#8221;0&#8243; minimize_row=&#8221;no&#8221; simplified_controls=&#8221;yes&#8221; custom_css_percentage=&#8221;no&#8221; custom_css=&#8221;margin-top: 0px;margin-bottom: 0px;&#8221; border_styling_global=&#8221;default&#8221; width=&#8221;1\/1&#8243; el_position=&#8221;first last&#8221;] [spb_text_block element_name=&#8221;Acc\u00e8s rapide&#8221; title=&#8221;Acc\u00e8s rapide&#8221; icon=&#8221;fa-computer-mouse&#8221; animation=&#8221;none&#8221; animation_delay=&#8221;0&#8243; simplified_controls=&#8221;yes&#8221; custom_css_percentage=&#8221;no&#8221; padding_vertical=&#8221;0&#8243; padding_horizontal=&#8221;0&#8243; margin_vertical=&#8221;0&#8243; custom_css=&#8221;margin-top: 0px;margin-bottom: 0px;&#8221; border_size=&#8221;0&#8243; border_styling_global=&#8221;default&#8221; width=&#8221;1\/1&#8243; el_position=&#8221;first last&#8221;][\/spb_text_block] [spb_column col_sm=&#8221;3&#8243; padding_horizontal=&#8221;0&#8243; width=&#8221;1\/4&#8243; el_position=&#8221;first&#8221;] [spb_text_block animation=&#8221;none&#8221; animation_delay=&#8221;0&#8243; simplified_controls=&#8221;yes&#8221; custom_css_percentage=&#8221;no&#8221; padding_vertical=&#8221;0&#8243; padding_horizontal=&#8221;0&#8243; margin_vertical=&#8221;0&#8243; custom_css=&#8221;margin-top: 0px;margin-bottom: 0px;&#8221; border_size=&#8221;0&#8243; border_styling_global=&#8221;default&#8221; width=&#8221;1\/1&#8243; el_position=&#8221;first last&#8221;]\n<p><img loading=\"lazy\" decoding=\"async\" class=\"size-full wp-image-6406 aligncenter\" src=\"https:\/\/toufflers.fr\/wp-content\/uploads\/2024\/04\/logo-myperischool-200x200-1.png\" alt=\"\" width=\"200\" height=\"200\" srcset=\"https:\/\/toufflers.fr\/wp-content\/uploads\/2024\/04\/logo-myperischool-200x200-1.png 200w, https:\/\/toufflers.fr\/wp-content\/uploads\/2024\/04\/logo-myperischool-200x200-1-150x150.png 150w\" sizes=\"auto, (max-width: 200px) 100vw, 200px\" \/><\/p>\n[\/spb_text_block] [spb_button button_text=&#8221;Myperischool&#8221; button_size=&#8221;large&#8221; button_colour=&#8221;blue&#8221; button_type=&#8221;standard&#8221; rounded=&#8221;no&#8221; button_dropshadow=&#8221;no&#8221; button_link=&#8221;https:\/\/toufflers.myperischool.fr\/connexion&#8221; button_target=&#8221;_blank&#8221; align=&#8221;center&#8221; animation=&#8221;fadeInUp&#8221; animation_delay=&#8221;0&#8243; width=&#8221;1\/1&#8243; el_position=&#8221;first last&#8221;] [\/spb_column] [spb_column col_sm=&#8221;3&#8243; padding_horizontal=&#8221;0&#8243; width=&#8221;1\/4&#8243;] [spb_text_block animation=&#8221;none&#8221; animation_delay=&#8221;0&#8243; simplified_controls=&#8221;yes&#8221; custom_css_percentage=&#8221;no&#8221; padding_vertical=&#8221;0&#8243; padding_horizontal=&#8221;0&#8243; margin_vertical=&#8221;0&#8243; custom_css=&#8221;margin-top: 0px;margin-bottom: 0px;&#8221; border_size=&#8221;0&#8243; border_styling_global=&#8221;default&#8221; width=&#8221;1\/1&#8243; el_position=&#8221;first last&#8221;]\n<p><img loading=\"lazy\" decoding=\"async\" class=\"wp-image-6556 size-full aligncenter\" src=\"https:\/\/toufflers.fr\/wp-content\/uploads\/2024\/08\/Picto-demarches-administratives-150x150-1.png\" alt=\"\" width=\"200\" height=\"200\" srcset=\"https:\/\/toufflers.fr\/wp-content\/uploads\/2024\/08\/Picto-demarches-administratives-150x150-1.png 200w, https:\/\/toufflers.fr\/wp-content\/uploads\/2024\/08\/Picto-demarches-administratives-150x150-1-150x150.png 150w\" sizes=\"auto, (max-width: 200px) 100vw, 200px\" \/><\/p>\n[\/spb_text_block] [spb_button button_text=&#8221;D\u00e9marches administratives&#8221; button_size=&#8221;large&#8221; button_colour=&#8221;blue&#8221; button_type=&#8221;standard&#8221; rounded=&#8221;no&#8221; button_dropshadow=&#8221;no&#8221; button_link=&#8221;https:\/\/2024.toufflers.fr\/index.php\/demarches-administratives\/&#8221; button_target=&#8221;_blank&#8221; align=&#8221;center&#8221; animation=&#8221;fadeInUp&#8221; animation_delay=&#8221;0&#8243; width=&#8221;1\/1&#8243; el_position=&#8221;first last&#8221;] [\/spb_column] [spb_column col_sm=&#8221;3&#8243; padding_horizontal=&#8221;0&#8243; width=&#8221;1\/4&#8243;] [spb_text_block animation=&#8221;none&#8221; animation_delay=&#8221;0&#8243; simplified_controls=&#8221;yes&#8221; custom_css_percentage=&#8221;no&#8221; padding_vertical=&#8221;0&#8243; padding_horizontal=&#8221;0&#8243; margin_vertical=&#8221;0&#8243; custom_css=&#8221;margin-top: 0px;margin-bottom: 0px;&#8221; border_size=&#8221;0&#8243; border_styling_global=&#8221;default&#8221; width=&#8221;1\/1&#8243; el_position=&#8221;first last&#8221;]\n<p><img loading=\"lazy\" decoding=\"async\" class=\"alignnone size-full wp-image-6557 aligncenter\" src=\"https:\/\/toufflers.fr\/wp-content\/uploads\/2024\/08\/Logo-laposte-150x150-1.png\" alt=\"\" width=\"200\" height=\"200\" srcset=\"https:\/\/toufflers.fr\/wp-content\/uploads\/2024\/08\/Logo-laposte-150x150-1.png 200w, https:\/\/toufflers.fr\/wp-content\/uploads\/2024\/08\/Logo-laposte-150x150-1-150x150.png 150w\" sizes=\"auto, (max-width: 200px) 100vw, 200px\" \/><\/p>\n[\/spb_text_block] [spb_button button_text=&#8221;La Poste&#8221; button_size=&#8221;large&#8221; button_colour=&#8221;blue&#8221; button_type=&#8221;standard&#8221; rounded=&#8221;no&#8221; button_dropshadow=&#8221;no&#8221; button_link=&#8221;https:\/\/toufflers.fr\/index.php\/la-poste\/&#8221; button_target=&#8221;_blank&#8221; align=&#8221;center&#8221; animation=&#8221;fadeInUp&#8221; animation_delay=&#8221;0&#8243; width=&#8221;1\/1&#8243; el_position=&#8221;first last&#8221;] [\/spb_column] [spb_column col_sm=&#8221;3&#8243; padding_horizontal=&#8221;0&#8243; width=&#8221;1\/4&#8243; el_position=&#8221;last&#8221;] [spb_text_block animation=&#8221;none&#8221; animation_delay=&#8221;0&#8243; simplified_controls=&#8221;yes&#8221; custom_css_percentage=&#8221;no&#8221; padding_vertical=&#8221;0&#8243; padding_horizontal=&#8221;0&#8243; margin_vertical=&#8221;0&#8243; custom_css=&#8221;margin-top: 0px;margin-bottom: 0px;&#8221; border_size=&#8221;0&#8243; border_styling_global=&#8221;default&#8221; width=&#8221;1\/1&#8243; el_position=&#8221;first last&#8221;]\n<p><img loading=\"lazy\" decoding=\"async\" class=\"alignnone size-full wp-image-6558 aligncenter\" src=\"https:\/\/toufflers.fr\/wp-content\/uploads\/2024\/08\/logo-mel-01-150x150-1.png\" alt=\"\" width=\"200\" height=\"200\" srcset=\"https:\/\/toufflers.fr\/wp-content\/uploads\/2024\/08\/logo-mel-01-150x150-1.png 200w, https:\/\/toufflers.fr\/wp-content\/uploads\/2024\/08\/logo-mel-01-150x150-1-150x150.png 150w\" sizes=\"auto, (max-width: 200px) 100vw, 200px\" \/><\/p>\n[\/spb_text_block] [spb_button button_text=&#8221;MEL&#8221; button_size=&#8221;large&#8221; button_colour=&#8221;blue&#8221; button_type=&#8221;standard&#8221; rounded=&#8221;no&#8221; button_dropshadow=&#8221;no&#8221; button_link=&#8221;https:\/\/www.lillemetropole.fr\/&#8221; button_target=&#8221;_blank&#8221; align=&#8221;center&#8221; animation=&#8221;fadeInUp&#8221; animation_delay=&#8221;0&#8243; width=&#8221;1\/1&#8243; el_position=&#8221;first last&#8221;] [\/spb_column] [\/spb_row] [spb_blank_spacer height=&#8221;30px&#8221; width=&#8221;1\/1&#8243; el_position=&#8221;first last&#8221;] [spb_divider type=&#8221;standard&#8221; text=&#8221;Go to top&#8221; top_margin=&#8221;0px&#8221; bottom_margin=&#8221;30px&#8221; fullwidth=&#8221;no&#8221; width=&#8221;1\/1&#8243; el_position=&#8221;first last&#8221;] [spb_row element_name=&#8221;Agenda&#8221; wrap_type=&#8221;standard-width&#8221; row_bg_type=&#8221;color&#8221; color_row_height=&#8221;content-height&#8221; bg_type=&#8221;cover&#8221; parallax_image_height=&#8221;content-height&#8221; parallax_image_movement=&#8221;fixed&#8221; parallax_image_speed=&#8221;standard&#8221; bg_video_loop=&#8221;yes&#8221; parallax_video_height=&#8221;window-height&#8221; row_id=&#8221;Agenda&#8221; row_name=&#8221;Agenda&#8221; row_top_style=&#8221;none&#8221; row_bottom_style=&#8221;none&#8221; parallax_video_overlay=&#8221;none&#8221; row_overlay_opacity=&#8221;0&#8243; remove_element_spacing=&#8221;no&#8221; row_col_spacing=&#8221;0&#8243; row_col_pos=&#8221;default&#8221; row_col_equal_heights=&#8221;no&#8221; row_expanding=&#8221;no&#8221; row_animation=&#8221;none&#8221; row_animation_delay=&#8221;0&#8243; minimize_row=&#8221;no&#8221; simplified_controls=&#8221;yes&#8221; custom_css_percentage=&#8221;yes&#8221; custom_css=&#8221;margin-top: 0%;margin-bottom: 0%;&#8221; border_styling_global=&#8221;default&#8221; width=&#8221;1\/1&#8243; el_position=&#8221;first last&#8221;] [spb_text_block element_name=&#8221;Agenda&#8221; title=&#8221;Agenda&#8221; icon=&#8221;fa-calendar&#8221; animation=&#8221;none&#8221; animation_delay=&#8221;0&#8243; simplified_controls=&#8221;yes&#8221; custom_css_percentage=&#8221;no&#8221; padding_vertical=&#8221;0&#8243; padding_horizontal=&#8221;0&#8243; margin_vertical=&#8221;0&#8243; custom_css=&#8221;margin-top: 0px;margin-bottom: 0px;&#8221; border_size=&#8221;0&#8243; border_styling_global=&#8221;default&#8221; width=&#8221;1\/1&#8243; el_position=&#8221;first last&#8221;]\n<p style=\"text-align: center;\"><!-- EventON Calendar --><div id='evcal_calendar_531' class='list_cal ajde_evcal_calendar boxy color tbg1 boxstyle0 box_4 ul etttc_custom ' data-cal=''><div id='evcal_head' class='calendar_header evcal_nosort' ><div class='evo_cal_above evodfx evofx_dr_r marb5 evofx_ww'><button class='cal_head_btn evo-gototoday-btn' style='' data-mo='9' data-yr='2026' data-dy='' aria-label='Go to today'>Mois en cours<\/button><\/div><div class='evo_cal_above_content'><\/div><div class='evo_header_title right'><\/div><\/div><div class='evo_filter_bar evo_main_filter_bar eventon_sorting_section '><div class='evo_filter_container evodfx evo_fx_ai_c'><div class='evo_filter_container_in'><div class='eventon_filter_line' ><div class='evo_loading_bar_holder h100 loading_filters swipe' style='min-height:30px;'><div class='nesthold r g10'><div class='evo_loading_bar wid_100% hi_30px' style='width:100%; height:30px; margin-bottom:1px;'><\/div><div class='evo_loading_bar wid_100% hi_30px' style='width:100%; height:30px; margin-bottom:1px;'><\/div><div class='evo_loading_bar wid_100% hi_30px' style='width:100%; height:30px; margin-bottom:1px;'><\/div><div class='evo_loading_bar wid_100% hi_30px' style='width:100%; height:30px; margin-bottom:1px;'><\/div><div class='evo_loading_bar wid_100% hi_30px' style='width:100%; height:30px; margin-bottom:1px;'><\/div><\/div><\/div><\/div><\/div><div class='evo_filter_nav evo_filter_l'><i class='fa fa-chevron-left'><\/i><\/div><div class='evo_filter_nav evo_filter_r'><i class='fa fa-chevron-right'><\/i><\/div><\/div><div class='evo_filter_aply_btns'><\/div><div class='evo_filter_menu'><\/div><\/div><div id='eventon_loadbar_section'><div id='eventon_loadbar'><\/div><\/div><!-- Events List --><div class='evo_events_list_box'><div id='evcal_list' class='eventon_events_list sep_months evcal_list_month'><div class='evcal_month_line' data-d='eml_9_2026' data-su='1788213600'><p>Septembre 2026<\/p><\/div><div class='sep_month_events ' data-d='eml_9_2026' data-range='1788213600_1790805599'><div style=\"min-height: 250px;\" id=\"event_6536_0\" class=\"eventon_list_event evo_eventtop scheduled  event clrW hasbgimg event_6536_0\" data-event_id=\"6536\" data-ri=\"0r\" data-time=\"1788595200-1788620400\" data-colr=\"#4bb5d8\" itemscope itemtype='http:\/\/schema.org\/Event'><div class=\"evo_event_schema\" style=\"display:none\" ><a itemprop='url'  href='https:\/\/toufflers.fr\/index.php\/events\/festijunior\/'><\/a><meta itemprop='image' content=\"https:\/\/toufflers.fr\/wp-content\/uploads\/2024\/08\/Affiche-FESTIJUNIOR-2026-scaled.jpg\" \/><meta itemprop='startDate' content=\"2026-9-5T10:00+2:00\" \/><meta itemprop='endDate' content=\"2026-9-5T17:00+2:00\" \/><meta itemprop='eventStatus' content=\"https:\/\/schema.org\/EventScheduled\" \/><meta itemprop='eventAttendanceMode'   itemscope itemtype=\"https:\/\/schema.org\/OfflineEventAttendanceMode\"\/><div itemprop=\"organizer\" itemscope=\"\" itemtype=\"http:\/\/schema.org\/Organization\"><meta itemprop=\"name\" content=\"Mairie de Toufflers\">\n\t\t\t\t    \t<\/div><div itemprop=\"performer\" itemscope=\"\" itemtype=\"http:\/\/schema.org\/Person\"><meta itemprop=\"name\" content=\"Mairie de Toufflers\"><\/div><script type=\"application\/ld+json\">{\"@context\": \"http:\/\/schema.org\",\"@type\": \"Event\",\n\t\t\t\t\"@id\": \"event_6536_0\",\n\t\t\t\t\"eventAttendanceMode\":\"https:\/\/schema.org\/OfflineEventAttendanceMode\",\n\t\t\t\t\"eventStatus\":\"https:\/\/schema.org\/EventScheduled\",\n\t\t\t\t\"name\": \"Festijunior\",\n\t\t\t\t\"url\": \"https:\/\/toufflers.fr\/index.php\/events\/festijunior\/\",\n\t\t\t\t\"startDate\": \"2026-9-5T10:00+2:00\",\n\t\t\t\t\"endDate\": \"2026-9-5T17:00+2:00\",\n\t\t\t\t\"image\":\"https:\/\/toufflers.fr\/wp-content\/uploads\/2024\/08\/Affiche-FESTIJUNIOR-2026-scaled.jpg\", \n\t\t\t\t\"description\":\"'Festijunior'\",\"organizer\":[{\"@type\":\"Organization\",\"name\":\"Mairie de Toufflers\"}]}<\/script><\/div>\r\n\t\t\t\t<p class=\"desc_trig_outter\" style=\"background-image:url(https:\/\/toufflers.fr\/wp-content\/uploads\/2024\/08\/Affiche-FESTIJUNIOR-2026-150x150.jpg);background-color:#4bb5d8;\"><a data-gmap_status=\"null\" data-exlk=\"0\" id=\"evc_17885952006536\" href=\"#\" class=\"hasFtIMG desc_trig sin_val evcal_list_a\" data-ux_val=\"3\" data-ux_val_mob=\"-\"  ><span class='evoet_in'><span class='evoet_c1 evoet_cx '><span class='evoet_cy ev_ftImg evotrans imgFxdef' data-img='https:\/\/toufflers.fr\/wp-content\/uploads\/2024\/08\/Affiche-FESTIJUNIOR-2026-scaled.jpg' data-thumb='https:\/\/toufflers.fr\/wp-content\/uploads\/2024\/08\/Affiche-FESTIJUNIOR-2026-212x300.jpg' style='background-image:url(\"https:\/\/toufflers.fr\/wp-content\/uploads\/2024\/08\/Affiche-FESTIJUNIOR-2026-212x300.jpg\")' ><\/span><\/span><span class='evoet_c2 evoet_cx '><span class='evoet_dayblock evcal_cblock ' data-bgcolor='#4bb5d8' data-smon='Septembre' data-syr='2026' data-bub=''><span class='evo_start  evofxdrc'><em class='day'>S<\/em><em class='date'>05<\/em><em class='month'>sept<\/em><em class='time'>10h00<\/em><\/span><span class='evo_end only_time evofxdrc'><em class='time'>17h00<\/em><\/span><\/span><\/span><span class='evoet_c3 evoet_cx evcal_desc hide_eventtopdata '><span class='evoet_title evcal_desc2 evcal_event_title ' itemprop='name'>Festijunior<\/span><\/span><span class='evoet_c4 evoet_cx '><span class='evoet_location level_3'><em class=\"evcal_location\"  data-add_str=\"\" data-n=\"Parking des \u00c9coles\"><i class=\"fa fa-location-pin\"><\/i><em class=\"event_location_name\">Parking des \u00c9coles<\/em><\/em><\/span><\/span><\/span><span class='evoet_data' style='display:none' data-d=\"{&quot;loc.n&quot;:&quot;Parking des \\u00c9coles&quot;,&quot;orgs&quot;:{&quot;40&quot;:&quot;Mairie de Toufflers&quot;},&quot;tags&quot;:[]}\" data-bgc=\"#4bb5d8\" data-bggrad=\"\" ><\/span><\/a><\/p><div class='event_description evcal_eventcard ' style=\"display:none\"><div class='evocard_row'><div id='event_ftimage' class='evocard_box ftimage' data-c='' \n\t\t\t\t\tstyle=''><div class='evocard_main_image_hold' data-t='Loading Image..'><div class='evocard_main_image evo_img_triglb evocd_img_def evobr15 evobgsc evobgpc evodfx evofx_jc_c evofx_ai_c evofz48 def' style='height:400px; background-image:url(https:\/\/toufflers.fr\/wp-content\/uploads\/2024\/08\/Affiche-FESTIJUNIOR-2026-scaled.jpg);' data-f=\"https:\/\/toufflers.fr\/wp-content\/uploads\/2024\/08\/Affiche-FESTIJUNIOR-2026-scaled.jpg\" data-h=\"2560\" data-w=\"1810\" data-ratio=\"1.414364640884\" data-event_id=\"6536\" data-ri=\"0\"  data-t='Loading Image..'><\/div><\/div><\/div><\/div><!-- row close --><div class='evocard_row bx2 bx'><div id='event_time' class='evocard_box time' data-c='' \n\t\t\t\t\tstyle=''><div class='evo_metarow_time evorow evcal_evdata_row evcal_evrow_sm '>\n\t\t<span class='evcal_evdata_icons'><i class='fa fa-clock'><\/i><\/span>\n\t\t<div class='evcal_evdata_cell'>\t\t\t\t\t\t\t\n\t\t\t<h3 class='evo_h3'><span class='evcal_evdata_icons'><i class='fa fa-clock'><\/i><\/span>Date \/ Heure<\/h3><div><span class='evo_eventcard_time_t evogap5 evofxww'><span class=\"start\">5 Septembre 2026<\/span> <span class=\"stime\">10h00<\/span> - <span class=\"etime\">17h00<\/span><\/span><span class='evo_tz marr5'>(GMT+02:00)<\/span><\/div>\n\t\t<\/div>\n\t<\/div><\/div><div id='event_location' class='evocard_box location' data-c='' \n\t\t\t\t\tstyle=''><div class='evcal_evdata_row evo_metarow_time_location evorow '>\n\t\t\n\t\t\t<span class='evcal_evdata_icons'><i class='fa fa-map-marker'><\/i><\/span>\n\t\t\t<div class='evcal_evdata_cell' data-loc_tax_id='41'><h3 class='evo_h3 evodfx'><span class='evcal_evdata_icons'><i class='fa fa-map-marker'><\/i><\/span>Lieu<\/h3><p class='evo_location_name evofwb evofz16i'>Parking des \u00c9coles<\/p><div class='evodfx evofxdrr evogap10 evofxaic evomart20i'><div class=''><button class='evosp_trigger evobrn evoboxsn evobgclg20 evoff_2 evodfx evofxdrr evogap5 evofxaic evocurp evofwb evoHKx2 evoHbgclg30 evopad5-10i evobr10 evocl1i evofz14i' data-lbvals=\"{&quot;lbdata&quot;:{&quot;class&quot;:&quot;evo_location_lb_41&quot;,&quot;additional_class&quot;:&quot;lb_max&quot;,&quot;title&quot;:&quot;Parking des \\u00c9coles&quot;},&quot;adata&quot;:{&quot;a&quot;:&quot;eventon_get_tax_card_content&quot;,&quot;end&quot;:&quot;client&quot;,&quot;data&quot;:{&quot;lang&quot;:&quot;L1&quot;,&quot;term_id&quot;:41,&quot;tax&quot;:&quot;event_location&quot;,&quot;load_lbcontent&quot;:true}},&quot;uid&quot;:&quot;eventon_get_tax_card_content&quot;}\" data-d=\"{&quot;sp_id&quot;:&quot;evo_location_41&quot;,&quot;adata&quot;:{&quot;a&quot;:&quot;eventon_get_tax_card_content&quot;,&quot;data&quot;:{&quot;eventid&quot;:6536,&quot;ri&quot;:0,&quot;term_id&quot;:41,&quot;tax&quot;:&quot;event_location&quot;,&quot;load_lbcontent&quot;:true,&quot;lang&quot;:&quot;L1&quot;}},&quot;size&quot;:&quot;lar&quot;,&quot;fresh_content&quot;:true}\" >Other Events<i class='fa fa-chevron-right evofz12i evokid evotrans' aria-hidden='true' style='margin-top:2px;'><\/i><\/button><\/div><\/div><\/div>\n\t\t\n\t<\/div><\/div><\/div><!-- row close --><div class='evocard_row'><div id='event_addtocal' class='evocard_box addtocal' data-c='' \n\t\t\t\t\tstyle=''><div class='evo_metarow_ICS evorow evcal_evdata_row'>\n\t\t\t<span class='evcal_evdata_icons'><i class='fa fa-calendar-o'><\/i><\/span>\n\t\t\t<div class='evcal_evdata_cell'>\n\t\t\t\t<p><a href='https:\/\/toufflers.fr\/export-events\/6536_0\/?key=e572f68981' rel='nofollow' class='evo_ics_nCal' title='Ajouter \u00e0 votre calendrier (.ical)'>Ajouter \u00e0 mon calendrier<\/a><a href='https:\/\/www.google.com\/calendar\/event?action=TEMPLATE&text=Festijunior&dates=20260905T080000Z\/20260905T150000Z&ctz=Europe%2FParis&details=Festijunior&location=Parking%20des%20%C3%89coles' target='_blank' rel='nofollow' class='evo_ics_gCal' title='Ajouter \u00e0 votre calendrier Google'>Ajouter \u00e0 mon calendrier Google<\/a><\/p>\t\n\t\t\t<\/div>\n\t\t<\/div><\/div><\/div><!-- row close --><div class='evocard_row'><div id='event_organizer' class='evocard_box organizer' data-c='' \n\t\t\t\t\tstyle=''><div class='evo_metarow_organizer evorow evcal_evdata_row evcal_evrow_sm '>\n\t\t<span class='evcal_evdata_icons'><i class='fa fa-microphone'><\/i><\/span>\n\t\t<div class='evcal_evdata_cell'>\t\t\t\t\t\t\t\n\t\t\t<h3 class='evo_h3'>Organisateur<\/h3><div class='evo_evdata_cell_content evodfx evofxww evofxdrr evogap30'><div class='evo_card_organizer evofx_1 evodfx evofxdrr evogap15'><div class='evodfx evofxdrc evofxjcfs'><h4 class='evo_org_name evo_h4 marb5 evottui evocl1i evopadb10i'><span class='evo_card_organizer_name_t marb5'><a  href='https:\/\/toufflers.fr\/index.php\/event-organizer\/mairie-de-toufflers\/' class='evocl1i'>Mairie de Toufflers<\/a><\/span><\/h4><p class='evo_card_organizer_more'><a class=' evosp_trigger mart10 evodifx evofxdrr evogap5 evofxaic evocurp evofwb evoHKx2 evobgclg20 evoHbgclg40 evopad5-10i evobr10 evocl1i evofz14i' data-d=\"{&quot;sp_id&quot;:&quot;evo_organizer_40&quot;,&quot;adata&quot;:{&quot;a&quot;:&quot;eventon_get_tax_card_content&quot;,&quot;data&quot;:{&quot;eventid&quot;:6536,&quot;ri&quot;:0,&quot;term_id&quot;:40,&quot;tax&quot;:&quot;event_organizer&quot;,&quot;load_lbcontent&quot;:true,&quot;lang&quot;:&quot;L1&quot;}},&quot;size&quot;:&quot;lar&quot;,&quot;fresh_content&quot;:true}\" >Learn More<i class='fa fa-chevron-right evofz12i evokid evotrans' aria-hidden='true' style='margin-top:2px;'><\/i><\/a><\/p><\/div><\/div><!-- evo_card_organizer--><\/div><\/div>\t<\/div><\/div><\/div><!-- row close --><button class='evo_card_row_end evcal_close' title='Fermer le texte du bouton d'\u00e9v\u00e9nement'><\/button><\/div><div class='clear end'><\/div><\/div><div style=\"min-height: 250px;\" id=\"event_7972_0\" class=\"eventon_list_event evo_eventtop scheduled  event clrW no_et hasbgimg event_7972_0\" data-event_id=\"7972\" data-ri=\"0r\" data-time=\"1788768000-1788818340\" data-colr=\"#4bb5d8\" itemscope itemtype='http:\/\/schema.org\/Event'><div class=\"evo_event_schema\" style=\"display:none\" ><a itemprop='url'  href='https:\/\/toufflers.fr\/index.php\/events\/reunion-du-comite-des-aines\/'><\/a><meta itemprop='image' content=\"https:\/\/toufflers.fr\/wp-content\/uploads\/2026\/08\/Comite-des-Aines.png\" \/><meta itemprop='startDate' content=\"2026-9-7T10:00+2:00\" \/><meta itemprop='endDate' content=\"2026-9-7T23:59+2:00\" \/><meta itemprop='eventStatus' content=\"https:\/\/schema.org\/EventScheduled\" \/><meta itemprop='eventAttendanceMode'   itemscope itemtype=\"https:\/\/schema.org\/OfflineEventAttendanceMode\"\/><script type=\"application\/ld+json\">{\"@context\": \"http:\/\/schema.org\",\"@type\": \"Event\",\n\t\t\t\t\"@id\": \"event_7972_0\",\n\t\t\t\t\"eventAttendanceMode\":\"https:\/\/schema.org\/OfflineEventAttendanceMode\",\n\t\t\t\t\"eventStatus\":\"https:\/\/schema.org\/EventScheduled\",\n\t\t\t\t\"name\": \"R\u00e9union du Comit\u00e9 des A\u00een\u00e9s\",\n\t\t\t\t\"url\": \"https:\/\/toufflers.fr\/index.php\/events\/reunion-du-comite-des-aines\/\",\n\t\t\t\t\"startDate\": \"2026-9-7T10:00+2:00\",\n\t\t\t\t\"endDate\": \"2026-9-7T23:59+2:00\",\n\t\t\t\t\"image\":\"https:\/\/toufflers.fr\/wp-content\/uploads\/2026\/08\/Comite-des-Aines.png\", \n\t\t\t\t\"description\":\"<p>Le Comit\u00e9 des A\u00een\u00e9s est ouvert \u00e0 tous les Toufflersois de 60 ans et plus souhaitant s&#8217;impliquer dans la vie de la commune et partager leurs id\u00e9es.<\/p> <p>La prochaine r\u00e9union aura lieu le <strong>LUNDI 7 SEPTEMBRE \u00e0 10h<\/strong> dans l&#8217;annexe du restaurant scolaire.<\/p> \"}<\/script><\/div>\r\n\t\t\t\t<p class=\"desc_trig_outter\" style=\"background-image:url(https:\/\/toufflers.fr\/wp-content\/uploads\/2026\/08\/Comite-des-Aines-150x150.png);background-color:#4bb5d8;\"><a data-gmap_status=\"null\" data-exlk=\"0\" id=\"evc_17887680007972\" href=\"#\" class=\"hasFtIMG desc_trig sin_val evcal_list_a\" data-ux_val=\"3\" data-ux_val_mob=\"-\"  ><span class='evoet_in'><span class='evoet_c1 evoet_cx '><span class='evoet_cy ev_ftImg evotrans imgFxdef' data-img='https:\/\/toufflers.fr\/wp-content\/uploads\/2026\/08\/Comite-des-Aines.png' data-thumb='https:\/\/toufflers.fr\/wp-content\/uploads\/2026\/08\/Comite-des-Aines-300x300.png' style='background-image:url(\"https:\/\/toufflers.fr\/wp-content\/uploads\/2026\/08\/Comite-des-Aines-300x300.png\")' ><\/span><\/span><span class='evoet_c2 evoet_cx '><span class='evoet_dayblock evcal_cblock ' data-bgcolor='#4bb5d8' data-smon='Septembre' data-syr='2026' data-bub=''><span class='evo_start  evofxdrc'><em class='day'>L<\/em><em class='date'>07<\/em><em class='month'>sept<\/em><em class='time'>10h00<\/em><\/span><\/span><\/span><span class='evoet_c3 evoet_cx evcal_desc hide_eventtopdata '><span class='evoet_title evcal_desc2 evcal_event_title ' itemprop='name'>R\u00e9union du Comit\u00e9 des A\u00een\u00e9s<\/span><\/span><span class='evoet_c4 evoet_cx '><span class='evoet_location level_3'><em class=\"evcal_location\"  data-add_str=\"\" data-n=\"Annexe du restaurant scolaire\"><i class=\"fa fa-location-pin\"><\/i><em class=\"event_location_name\">Annexe du restaurant scolaire<\/em><\/em><\/span><\/span><\/span><span class='evoet_data' style='display:none' data-d=\"{&quot;loc.n&quot;:&quot;Annexe du restaurant scolaire&quot;,&quot;orgs&quot;:[],&quot;tags&quot;:[]}\" data-bgc=\"#4bb5d8\" data-bggrad=\"\" ><\/span><\/a><\/p><div class='event_description evcal_eventcard ' style=\"display:none\"><div class='evocard_row'><div id='event_ftimage' class='evocard_box ftimage' data-c='' \n\t\t\t\t\tstyle=''><div class='evocard_main_image_hold' data-t='Loading Image..'><div class='evocard_main_image evo_img_triglb evocd_img_def evobr15 evobgsc evobgpc evodfx evofx_jc_c evofx_ai_c evofz48 def' style='height:400px; background-image:url(https:\/\/toufflers.fr\/wp-content\/uploads\/2026\/08\/Comite-des-Aines.png);' data-f=\"https:\/\/toufflers.fr\/wp-content\/uploads\/2026\/08\/Comite-des-Aines.png\" data-h=\"1254\" data-w=\"1254\" data-ratio=\"1\" data-event_id=\"7972\" data-ri=\"0\"  data-t='Loading Image..'><\/div><\/div><\/div><\/div><!-- row close --><div class='evocard_row'><div id='event_eventdetails' class='evocard_box eventdetails' data-c='' \n\t\t\t\t\tstyle=''><div class=\"evo_metarow_details evorow evcal_evdata_row evcal_event_details\">\n    <div class=\"event_excerpt\" style=\"display:none\"><h3 class=\"padb5 evo_h3\">D\u00e9tails<\/h3><p>Le Comit\u00e9 des A\u00een\u00e9s est ouvert \u00e0 tous les Toufflersois de 60 ans et plus souhaitant s&#8217;impliquer dans la vie de la commune et partager leurs id\u00e9es.\nLa prochaine r\u00e9union aura<\/p><\/div><span class='evcal_evdata_icons'><i class='fa fa-align-justify'><\/i><\/span>    <div class=\"evcal_evdata_cell \">\n        <div class=\"eventon_full_description\">\n            <h3 class=\"padb5 evo_h3\"><span class='evcal_evdata_icons'><i class='fa fa-align-justify'><\/i><\/span>D\u00e9tails<\/h3>\n            <div class=\"eventon_desc_in\" itemprop=\"description\">\n                <p>Le Comit\u00e9 des A\u00een\u00e9s est ouvert \u00e0 tous les Toufflersois de 60 ans et plus souhaitant s&#8217;impliquer dans la vie de la commune et partager leurs id\u00e9es.<\/p>\n<p>La prochaine r\u00e9union aura lieu le <strong>LUNDI 7 SEPTEMBRE \u00e0 10h<\/strong> dans l&#8217;annexe du restaurant scolaire.<\/p>\n            <\/div>\n            <div class='clear'><\/div>        <\/div>\n    <\/div>\n<\/div><\/div><\/div><!-- row close --><div class='evocard_row bx2 bx'><div id='event_time' class='evocard_box time' data-c='' \n\t\t\t\t\tstyle=''><div class='evo_metarow_time evorow evcal_evdata_row evcal_evrow_sm '>\n\t\t<span class='evcal_evdata_icons'><i class='fa fa-clock'><\/i><\/span>\n\t\t<div class='evcal_evdata_cell'>\t\t\t\t\t\t\t\n\t\t\t<h3 class='evo_h3'><span class='evcal_evdata_icons'><i class='fa fa-clock'><\/i><\/span>Date \/ Heure<\/h3><div><span class='evo_eventcard_time_t evogap5 evofxww'><span class=\"start\">7 Septembre 2026<\/span> <span class=\"stime\">10h00<\/span><\/span><span class='evo_tz marr5'>(GMT+02:00)<\/span><\/div>\n\t\t<\/div>\n\t<\/div><\/div><div id='event_location' class='evocard_box location' data-c='' \n\t\t\t\t\tstyle=''><div class='evcal_evdata_row evo_metarow_time_location evorow '>\n\t\t\n\t\t\t<span class='evcal_evdata_icons'><i class='fa fa-map-marker'><\/i><\/span>\n\t\t\t<div class='evcal_evdata_cell' data-loc_tax_id='98'><h3 class='evo_h3 evodfx'><span class='evcal_evdata_icons'><i class='fa fa-map-marker'><\/i><\/span>Lieu<\/h3><p class='evo_location_name evofwb evofz16i'>Annexe du restaurant scolaire<\/p><div class='evodfx evofxdrr evogap10 evofxaic evomart20i'><div class=''><button class='evosp_trigger evobrn evoboxsn evobgclg20 evoff_2 evodfx evofxdrr evogap5 evofxaic evocurp evofwb evoHKx2 evoHbgclg30 evopad5-10i evobr10 evocl1i evofz14i' data-lbvals=\"{&quot;lbdata&quot;:{&quot;class&quot;:&quot;evo_location_lb_98&quot;,&quot;additional_class&quot;:&quot;lb_max&quot;,&quot;title&quot;:&quot;Annexe du restaurant scolaire&quot;},&quot;adata&quot;:{&quot;a&quot;:&quot;eventon_get_tax_card_content&quot;,&quot;end&quot;:&quot;client&quot;,&quot;data&quot;:{&quot;lang&quot;:&quot;L1&quot;,&quot;term_id&quot;:98,&quot;tax&quot;:&quot;event_location&quot;,&quot;load_lbcontent&quot;:true}},&quot;uid&quot;:&quot;eventon_get_tax_card_content&quot;}\" data-d=\"{&quot;sp_id&quot;:&quot;evo_location_98&quot;,&quot;adata&quot;:{&quot;a&quot;:&quot;eventon_get_tax_card_content&quot;,&quot;data&quot;:{&quot;eventid&quot;:7972,&quot;ri&quot;:0,&quot;term_id&quot;:98,&quot;tax&quot;:&quot;event_location&quot;,&quot;load_lbcontent&quot;:true,&quot;lang&quot;:&quot;L1&quot;}},&quot;size&quot;:&quot;lar&quot;,&quot;fresh_content&quot;:true}\" >Other Events<i class='fa fa-chevron-right evofz12i evokid evotrans' aria-hidden='true' style='margin-top:2px;'><\/i><\/button><\/div><\/div><\/div>\n\t\t\n\t<\/div><\/div><\/div><!-- row close --><div class='evocard_row'><div id='event_addtocal' class='evocard_box addtocal' data-c='' \n\t\t\t\t\tstyle=''><div class='evo_metarow_ICS evorow evcal_evdata_row'>\n\t\t\t<span class='evcal_evdata_icons'><i class='fa fa-calendar-o'><\/i><\/span>\n\t\t\t<div class='evcal_evdata_cell'>\n\t\t\t\t<p><a href='https:\/\/toufflers.fr\/export-events\/7972_0\/?key=e572f68981' rel='nofollow' class='evo_ics_nCal' title='Ajouter \u00e0 votre calendrier (.ical)'>Ajouter \u00e0 mon calendrier<\/a><a href='https:\/\/www.google.com\/calendar\/event?action=TEMPLATE&text=R%C3%A9union%20du%20Comit%C3%A9%20des%20A%C3%AEn%C3%A9s&dates=20260907T080000Z\/20260907T215900Z&ctz=Europe%2FParis&details=R%C3%A9union%20du%20Comit%C3%A9%20des%20A%C3%AEn%C3%A9s&location=Annexe%20du%20restaurant%20scolaire' target='_blank' rel='nofollow' class='evo_ics_gCal' title='Ajouter \u00e0 votre calendrier Google'>Ajouter \u00e0 mon calendrier Google<\/a><\/p>\t\n\t\t\t<\/div>\n\t\t<\/div><\/div><\/div><!-- row close --><button class='evo_card_row_end evcal_close' title='Fermer le texte du bouton d'\u00e9v\u00e9nement'><\/button><\/div><div class='clear end'><\/div><\/div><div style=\"min-height: 250px;\" id=\"event_7983_0\" class=\"eventon_list_event evo_eventtop scheduled  event clrW hasbgimg event_7983_0\" data-event_id=\"7983\" data-ri=\"0r\" data-time=\"1789059600-1789063200\" data-colr=\"#4bb5d8\" itemscope itemtype='http:\/\/schema.org\/Event'><div class=\"evo_event_schema\" style=\"display:none\" ><a itemprop='url'  href='https:\/\/toufflers.fr\/index.php\/events\/reunion-publique-consommation-denergie\/'><\/a><meta itemprop='image' content=\"https:\/\/toufflers.fr\/wp-content\/uploads\/2026\/08\/2026_Affiche-reunion-publique-energie-MEL.png\" \/><meta itemprop='startDate' content=\"2026-9-10T19:00+2:00\" \/><meta itemprop='endDate' content=\"2026-9-10T20:00+2:00\" \/><meta itemprop='eventStatus' content=\"https:\/\/schema.org\/EventScheduled\" \/><meta itemprop='eventAttendanceMode'   itemscope itemtype=\"https:\/\/schema.org\/OfflineEventAttendanceMode\"\/><div itemprop=\"organizer\" itemscope=\"\" itemtype=\"http:\/\/schema.org\/Organization\"><meta itemprop=\"name\" content=\"Commune de Toufflers\">\n\t\t\t\t    \t<meta itemprop=\"name\" content=\"MEL\">\n\t\t\t\t    \t<\/div><div itemprop=\"performer\" itemscope=\"\" itemtype=\"http:\/\/schema.org\/Person\"><meta itemprop=\"name\" content=\"Commune de Toufflers\"><meta itemprop=\"name\" content=\"MEL\"><\/div><script type=\"application\/ld+json\">{\"@context\": \"http:\/\/schema.org\",\"@type\": \"Event\",\n\t\t\t\t\"@id\": \"event_7983_0\",\n\t\t\t\t\"eventAttendanceMode\":\"https:\/\/schema.org\/OfflineEventAttendanceMode\",\n\t\t\t\t\"eventStatus\":\"https:\/\/schema.org\/EventScheduled\",\n\t\t\t\t\"name\": \"R\u00c9UNION PUBLIQUE : consommation d&#039;\u00e9nergie\",\n\t\t\t\t\"url\": \"https:\/\/toufflers.fr\/index.php\/events\/reunion-publique-consommation-denergie\/\",\n\t\t\t\t\"startDate\": \"2026-9-10T19:00+2:00\",\n\t\t\t\t\"endDate\": \"2026-9-10T20:00+2:00\",\n\t\t\t\t\"image\":\"https:\/\/toufflers.fr\/wp-content\/uploads\/2026\/08\/2026_Affiche-reunion-publique-energie-MEL.png\", \n\t\t\t\t\"description\":\"'R\u00c9UNION PUBLIQUE : consommation d'\u00e9nergie'\",\"organizer\":[{\"@type\":\"Organization\",\"name\":\"Commune de Toufflers\"},{\"@type\":\"Organization\",\"name\":\"MEL\"}]}<\/script><\/div>\r\n\t\t\t\t<p class=\"desc_trig_outter\" style=\"background-image:url(https:\/\/toufflers.fr\/wp-content\/uploads\/2026\/08\/2026_Affiche-reunion-publique-energie-MEL-150x150.png);background-color:#4bb5d8;\"><a data-gmap_status=\"null\" data-exlk=\"0\" id=\"evc_17890596007983\" href=\"#\" class=\"hasFtIMG desc_trig sin_val evcal_list_a\" data-ux_val=\"3\" data-ux_val_mob=\"-\"  ><span class='evoet_in'><span class='evoet_c1 evoet_cx '><span class='evoet_cy ev_ftImg evotrans imgFxdef' data-img='https:\/\/toufflers.fr\/wp-content\/uploads\/2026\/08\/2026_Affiche-reunion-publique-energie-MEL.png' data-thumb='https:\/\/toufflers.fr\/wp-content\/uploads\/2026\/08\/2026_Affiche-reunion-publique-energie-MEL-212x300.png' style='background-image:url(\"https:\/\/toufflers.fr\/wp-content\/uploads\/2026\/08\/2026_Affiche-reunion-publique-energie-MEL-212x300.png\")' ><\/span><\/span><span class='evoet_c2 evoet_cx '><span class='evoet_dayblock evcal_cblock ' data-bgcolor='#4bb5d8' data-smon='Septembre' data-syr='2026' data-bub=''><span class='evo_start  evofxdrc'><em class='day'>J<\/em><em class='date'>10<\/em><em class='month'>sept<\/em><em class='time'>19h00<\/em><\/span><span class='evo_end only_time evofxdrc'><em class='time'>20h00<\/em><\/span><\/span><\/span><span class='evoet_c3 evoet_cx evcal_desc hide_eventtopdata '><span class='evoet_title evcal_desc2 evcal_event_title ' itemprop='name'>R\u00c9UNION PUBLIQUE : consommation d'\u00e9nergie<\/span><\/span><span class='evoet_c4 evoet_cx '><span class='evoet_location level_3'><em class=\"evcal_location\"  data-add_str=\"\" data-n=\"Annexe du restaurant scolaire\"><i class=\"fa fa-location-pin\"><\/i><em class=\"event_location_name\">Annexe du restaurant scolaire<\/em><\/em><\/span><\/span><\/span><span class='evoet_data' style='display:none' data-d=\"{&quot;loc.n&quot;:&quot;Annexe du restaurant scolaire&quot;,&quot;orgs&quot;:{&quot;82&quot;:&quot;Commune de Toufflers&quot;,&quot;56&quot;:&quot;MEL&quot;},&quot;tags&quot;:[]}\" data-bgc=\"#4bb5d8\" data-bggrad=\"\" ><\/span><\/a><\/p><div class='event_description evcal_eventcard ' style=\"display:none\"><div class='evocard_row'><div id='event_ftimage' class='evocard_box ftimage' data-c='' \n\t\t\t\t\tstyle=''><div class='evocard_main_image_hold' data-t='Loading Image..'><div class='evocard_main_image evo_img_triglb evocd_img_def evobr15 evobgsc evobgpc evodfx evofx_jc_c evofx_ai_c evofz48 def' style='height:400px; background-image:url(https:\/\/toufflers.fr\/wp-content\/uploads\/2026\/08\/2026_Affiche-reunion-publique-energie-MEL.png);' data-f=\"https:\/\/toufflers.fr\/wp-content\/uploads\/2026\/08\/2026_Affiche-reunion-publique-energie-MEL.png\" data-h=\"2000\" data-w=\"1414\" data-ratio=\"1.4144271570014\" data-event_id=\"7983\" data-ri=\"0\"  data-t='Loading Image..'><\/div><\/div><\/div><\/div><!-- row close --><div class='evocard_row bx2 bx'><div id='event_time' class='evocard_box time' data-c='' \n\t\t\t\t\tstyle=''><div class='evo_metarow_time evorow evcal_evdata_row evcal_evrow_sm '>\n\t\t<span class='evcal_evdata_icons'><i class='fa fa-clock'><\/i><\/span>\n\t\t<div class='evcal_evdata_cell'>\t\t\t\t\t\t\t\n\t\t\t<h3 class='evo_h3'><span class='evcal_evdata_icons'><i class='fa fa-clock'><\/i><\/span>Date \/ Heure<\/h3><div><span class='evo_eventcard_time_t evogap5 evofxww'><span class=\"start\">10 Septembre 2026<\/span> <span class=\"stime\">19h00<\/span> - <span class=\"etime\">20h00<\/span><\/span><span class='evo_tz marr5'>(GMT+02:00)<\/span><\/div>\n\t\t<\/div>\n\t<\/div><\/div><div id='event_location' class='evocard_box location' data-c='' \n\t\t\t\t\tstyle=''><div class='evcal_evdata_row evo_metarow_time_location evorow '>\n\t\t\n\t\t\t<span class='evcal_evdata_icons'><i class='fa fa-map-marker'><\/i><\/span>\n\t\t\t<div class='evcal_evdata_cell' data-loc_tax_id='98'><h3 class='evo_h3 evodfx'><span class='evcal_evdata_icons'><i class='fa fa-map-marker'><\/i><\/span>Lieu<\/h3><p class='evo_location_name evofwb evofz16i'>Annexe du restaurant scolaire<\/p><div class='evodfx evofxdrr evogap10 evofxaic evomart20i'><div class=''><button class='evosp_trigger evobrn evoboxsn evobgclg20 evoff_2 evodfx evofxdrr evogap5 evofxaic evocurp evofwb evoHKx2 evoHbgclg30 evopad5-10i evobr10 evocl1i evofz14i' data-lbvals=\"{&quot;lbdata&quot;:{&quot;class&quot;:&quot;evo_location_lb_98&quot;,&quot;additional_class&quot;:&quot;lb_max&quot;,&quot;title&quot;:&quot;Annexe du restaurant scolaire&quot;},&quot;adata&quot;:{&quot;a&quot;:&quot;eventon_get_tax_card_content&quot;,&quot;end&quot;:&quot;client&quot;,&quot;data&quot;:{&quot;lang&quot;:&quot;L1&quot;,&quot;term_id&quot;:98,&quot;tax&quot;:&quot;event_location&quot;,&quot;load_lbcontent&quot;:true}},&quot;uid&quot;:&quot;eventon_get_tax_card_content&quot;}\" data-d=\"{&quot;sp_id&quot;:&quot;evo_location_98&quot;,&quot;adata&quot;:{&quot;a&quot;:&quot;eventon_get_tax_card_content&quot;,&quot;data&quot;:{&quot;eventid&quot;:7983,&quot;ri&quot;:0,&quot;term_id&quot;:98,&quot;tax&quot;:&quot;event_location&quot;,&quot;load_lbcontent&quot;:true,&quot;lang&quot;:&quot;L1&quot;}},&quot;size&quot;:&quot;lar&quot;,&quot;fresh_content&quot;:true}\" >Other Events<i class='fa fa-chevron-right evofz12i evokid evotrans' aria-hidden='true' style='margin-top:2px;'><\/i><\/button><\/div><\/div><\/div>\n\t\t\n\t<\/div><\/div><\/div><!-- row close --><div class='evocard_row'><div id='event_addtocal' class='evocard_box addtocal' data-c='' \n\t\t\t\t\tstyle=''><div class='evo_metarow_ICS evorow evcal_evdata_row'>\n\t\t\t<span class='evcal_evdata_icons'><i class='fa fa-calendar-o'><\/i><\/span>\n\t\t\t<div class='evcal_evdata_cell'>\n\t\t\t\t<p><a href='https:\/\/toufflers.fr\/export-events\/7983_0\/?key=e572f68981' rel='nofollow' class='evo_ics_nCal' title='Ajouter \u00e0 votre calendrier (.ical)'>Ajouter \u00e0 mon calendrier<\/a><a href='https:\/\/www.google.com\/calendar\/event?action=TEMPLATE&text=R%C3%89UNION%20PUBLIQUE%20%3A%20consommation%20d%27%C3%A9nergie&dates=20260910T170000Z\/20260910T180000Z&ctz=Europe%2FParis&details=R%C3%89UNION%20PUBLIQUE%20%3A%20consommation%20d%27%C3%A9nergie&location=Annexe%20du%20restaurant%20scolaire' target='_blank' rel='nofollow' class='evo_ics_gCal' title='Ajouter \u00e0 votre calendrier Google'>Ajouter \u00e0 mon calendrier Google<\/a><\/p>\t\n\t\t\t<\/div>\n\t\t<\/div><\/div><\/div><!-- row close --><div class='evocard_row'><div id='event_organizer' class='evocard_box organizer' data-c='' \n\t\t\t\t\tstyle=''><div class='evo_metarow_organizer evorow evcal_evdata_row evcal_evrow_sm '>\n\t\t<span class='evcal_evdata_icons'><i class='fa fa-microphone'><\/i><\/span>\n\t\t<div class='evcal_evdata_cell'>\t\t\t\t\t\t\t\n\t\t\t<h3 class='evo_h3'>Organisateur<\/h3><div class='evo_evdata_cell_content evodfx evofxww evofxdrr evogap30'><div class='evo_card_organizer evofx_1 evodfx evofxdrr evogap15'><p class='evo_data_val evo_card_organizer_image'>\n\t\t\t<img class='evosp_trigger evo_curp evo_transit_all evo_trans_sc1_03 evo_boxsh_1' data-d=\"{&quot;sp_id&quot;:&quot;evo_organizer_82&quot;,&quot;adata&quot;:{&quot;a&quot;:&quot;eventon_get_tax_card_content&quot;,&quot;data&quot;:{&quot;eventid&quot;:7983,&quot;ri&quot;:0,&quot;term_id&quot;:82,&quot;tax&quot;:&quot;event_organizer&quot;,&quot;load_lbcontent&quot;:true,&quot;lang&quot;:&quot;L1&quot;}},&quot;size&quot;:&quot;lar&quot;,&quot;fresh_content&quot;:true}\"  src='https:\/\/toufflers.fr\/wp-content\/uploads\/2025\/05\/Logo-Commune-de-Toufflers-300x213.png' alt='Logo Commune de Toufflers'\/><\/p><div class='evodfx evofxdrc evofxjcfs'><h4 class='evo_org_name evo_h4 marb5 evottui evocl1i evopadb10i'><span class='evo_card_organizer_name_t marb5'><a  href='https:\/\/toufflers.fr\/index.php\/event-organizer\/commune-de-toufflers\/' class='evocl1i'>Commune de Toufflers<\/a><\/span><\/h4><p class='evo_card_organizer_more'><a class=' evosp_trigger mart10 evodifx evofxdrr evogap5 evofxaic evocurp evofwb evoHKx2 evobgclg20 evoHbgclg40 evopad5-10i evobr10 evocl1i evofz14i' data-d=\"{&quot;sp_id&quot;:&quot;evo_organizer_82&quot;,&quot;adata&quot;:{&quot;a&quot;:&quot;eventon_get_tax_card_content&quot;,&quot;data&quot;:{&quot;eventid&quot;:7983,&quot;ri&quot;:0,&quot;term_id&quot;:82,&quot;tax&quot;:&quot;event_organizer&quot;,&quot;load_lbcontent&quot;:true,&quot;lang&quot;:&quot;L1&quot;}},&quot;size&quot;:&quot;lar&quot;,&quot;fresh_content&quot;:true}\" >Learn More<i class='fa fa-chevron-right evofz12i evokid evotrans' aria-hidden='true' style='margin-top:2px;'><\/i><\/a><\/p><\/div><\/div><!-- evo_card_organizer--><div class='evo_card_organizer evofx_1 evodfx evofxdrr evogap15'><p class='evo_data_val evo_card_organizer_image'>\n\t\t\t<img class='evosp_trigger evo_curp evo_transit_all evo_trans_sc1_03 evo_boxsh_1' data-d=\"{&quot;sp_id&quot;:&quot;evo_organizer_56&quot;,&quot;adata&quot;:{&quot;a&quot;:&quot;eventon_get_tax_card_content&quot;,&quot;data&quot;:{&quot;eventid&quot;:7983,&quot;ri&quot;:0,&quot;term_id&quot;:56,&quot;tax&quot;:&quot;event_organizer&quot;,&quot;load_lbcontent&quot;:true,&quot;lang&quot;:&quot;L1&quot;}},&quot;size&quot;:&quot;lar&quot;,&quot;fresh_content&quot;:true}\"  src='https:\/\/toufflers.fr\/wp-content\/uploads\/2025\/07\/Logo_MEL.svg.png' alt='Logo_MEL.svg'\/><\/p><div class='evodfx evofxdrc evofxjcfs'><h4 class='evo_org_name evo_h4 marb5 evottui evocl1i evopadb10i'><span class='evo_card_organizer_name_t marb5'><a  href='https:\/\/toufflers.fr\/index.php\/event-organizer\/mel\/' class='evocl1i'>MEL<\/a><\/span><\/h4><p class='evo_card_organizer_more'><a class=' evosp_trigger mart10 evodifx evofxdrr evogap5 evofxaic evocurp evofwb evoHKx2 evobgclg20 evoHbgclg40 evopad5-10i evobr10 evocl1i evofz14i' data-d=\"{&quot;sp_id&quot;:&quot;evo_organizer_56&quot;,&quot;adata&quot;:{&quot;a&quot;:&quot;eventon_get_tax_card_content&quot;,&quot;data&quot;:{&quot;eventid&quot;:7983,&quot;ri&quot;:0,&quot;term_id&quot;:56,&quot;tax&quot;:&quot;event_organizer&quot;,&quot;load_lbcontent&quot;:true,&quot;lang&quot;:&quot;L1&quot;}},&quot;size&quot;:&quot;lar&quot;,&quot;fresh_content&quot;:true}\" >Learn More<i class='fa fa-chevron-right evofz12i evokid evotrans' aria-hidden='true' style='margin-top:2px;'><\/i><\/a><\/p><\/div><\/div><!-- evo_card_organizer--><\/div><\/div>\t<\/div><\/div><\/div><!-- row close --><button class='evo_card_row_end evcal_close' title='Fermer le texte du bouton d'\u00e9v\u00e9nement'><\/button><\/div><div class='clear end'><\/div><\/div><div style=\"min-height: 250px;\" id=\"event_7980_0\" class=\"eventon_list_event evo_eventtop scheduled  event clrW no_et hasbgimg event_7980_0\" data-event_id=\"7980\" data-ri=\"0r\" data-time=\"1789146000-1789163940\" data-colr=\"#4bb5d8\" itemscope itemtype='http:\/\/schema.org\/Event'><div class=\"evo_event_schema\" style=\"display:none\" ><a itemprop='url'  href='https:\/\/toufflers.fr\/index.php\/events\/projection-souvenirs-de-la-liberation\/'><\/a><meta itemprop='image' content=\"https:\/\/toufflers.fr\/wp-content\/uploads\/2026\/08\/SOUVENIRS-DE-LA-LIBERATION-11.09.26.png\" \/><meta itemprop='startDate' content=\"2026-9-11T19:00+2:00\" \/><meta itemprop='endDate' content=\"2026-9-11T23:59+2:00\" \/><meta itemprop='eventStatus' content=\"https:\/\/schema.org\/EventScheduled\" \/><meta itemprop='eventAttendanceMode'   itemscope itemtype=\"https:\/\/schema.org\/OfflineEventAttendanceMode\"\/><div style=\"display:none\" itemprop=\"location\" itemscope itemtype=\"http:\/\/schema.org\/Place\"><span itemprop=\"name\">La Ch\u00eanaie<\/span><span itemprop=\"address\" itemscope itemtype=\"http:\/\/schema.org\/PostalAddress\"><item itemprop=\"streetAddress\">32 rue de Lys<\/item><\/span><\/div><div itemprop=\"organizer\" itemscope=\"\" itemtype=\"http:\/\/schema.org\/Organization\"><meta itemprop=\"name\" content=\"Commune de Toufflers\">\n\t\t\t\t    \t<\/div><div itemprop=\"performer\" itemscope=\"\" itemtype=\"http:\/\/schema.org\/Person\"><meta itemprop=\"name\" content=\"Commune de Toufflers\"><\/div><script type=\"application\/ld+json\">{\"@context\": \"http:\/\/schema.org\",\"@type\": \"Event\",\n\t\t\t\t\"@id\": \"event_7980_0\",\n\t\t\t\t\"eventAttendanceMode\":\"https:\/\/schema.org\/OfflineEventAttendanceMode\",\n\t\t\t\t\"eventStatus\":\"https:\/\/schema.org\/EventScheduled\",\n\t\t\t\t\"name\": \"Projection : Souvenirs de la Lib\u00e9ration\",\n\t\t\t\t\"url\": \"https:\/\/toufflers.fr\/index.php\/events\/projection-souvenirs-de-la-liberation\/\",\n\t\t\t\t\"startDate\": \"2026-9-11T19:00+2:00\",\n\t\t\t\t\"endDate\": \"2026-9-11T23:59+2:00\",\n\t\t\t\t\"image\":\"https:\/\/toufflers.fr\/wp-content\/uploads\/2026\/08\/SOUVENIRS-DE-LA-LIBERATION-11.09.26.png\", \n\t\t\t\t\"description\":\"'Projection : Souvenirs de la Lib\u00e9ration'\",\"location\":[{\"@type\":\"Place\",\"name\":\"La Ch\u00eanaie\",\"address\":{\"@type\": \"PostalAddress\",\"streetAddress\":\"32 rue de Lys\"}}],\"organizer\":[{\"@type\":\"Organization\",\"name\":\"Commune de Toufflers\"}]}<\/script><\/div>\r\n\t\t\t\t<p class=\"desc_trig_outter\" style=\"background-image:url(https:\/\/toufflers.fr\/wp-content\/uploads\/2026\/08\/SOUVENIRS-DE-LA-LIBERATION-11.09.26-150x150.png);background-color:#4bb5d8;\"><a data-gmap_status=\"null\" data-exlk=\"0\" id=\"evc_17891460007980\" href=\"#\" class=\"hasFtIMG desc_trig sin_val evcal_list_a\" data-ux_val=\"3\" data-ux_val_mob=\"-\"  ><span class='evoet_in'><span class='evoet_c1 evoet_cx '><span class='evoet_cy ev_ftImg evotrans imgFxdef' data-img='https:\/\/toufflers.fr\/wp-content\/uploads\/2026\/08\/SOUVENIRS-DE-LA-LIBERATION-11.09.26.png' data-thumb='https:\/\/toufflers.fr\/wp-content\/uploads\/2026\/08\/SOUVENIRS-DE-LA-LIBERATION-11.09.26-200x300.png' style='background-image:url(\"https:\/\/toufflers.fr\/wp-content\/uploads\/2026\/08\/SOUVENIRS-DE-LA-LIBERATION-11.09.26-200x300.png\")' ><\/span><\/span><span class='evoet_c2 evoet_cx '><span class='evoet_dayblock evcal_cblock ' data-bgcolor='#4bb5d8' data-smon='Septembre' data-syr='2026' data-bub=''><span class='evo_start  evofxdrc'><em class='day'>V<\/em><em class='date'>11<\/em><em class='month'>sept<\/em><em class='time'>19h00<\/em><\/span><\/span><\/span><span class='evoet_c3 evoet_cx evcal_desc hide_eventtopdata '><span class='evoet_title evcal_desc2 evcal_event_title ' itemprop='name'>Projection : Souvenirs de la Lib\u00e9ration<\/span><span class='event_location_attrs evodni'  data-location_address=\"32 rue de Lys\" data-location_type=\"address\" data-location_name=\"La Ch\u00eanaie\" data-location_url=\"https:\/\/toufflers.fr\/index.php\/event-location\/la-chenaie\/\" data-location_status=\"true\" data-locid=\"33\"><\/span><\/span><span class='evoet_c4 evoet_cx '><span class='evoet_location level_3'><em class=\"evcal_location\"  data-add_str=\"32 rue de Lys\" data-n=\"La Ch\u00eanaie\"><i class=\"fa fa-location-pin\"><\/i><em class=\"event_location_name\">La Ch\u00eanaie<\/em>, 32 rue de Lys<\/em><\/span><\/span><\/span><span class='evoet_data' style='display:none' data-d=\"{&quot;loc.n&quot;:&quot;La Ch\\u00eanaie&quot;,&quot;orgs&quot;:{&quot;82&quot;:&quot;Commune de Toufflers&quot;},&quot;tags&quot;:[]}\" data-bgc=\"#4bb5d8\" data-bggrad=\"\" ><\/span><\/a><\/p><div class='event_description evcal_eventcard ' style=\"display:none\"><div class='evocard_row'><div id='event_ftimage' class='evocard_box ftimage' data-c='' \n\t\t\t\t\tstyle=''><div class='evocard_main_image_hold' data-t='Loading Image..'><div class='evocard_main_image evo_img_triglb evocd_img_def evobr15 evobgsc evobgpc evodfx evofx_jc_c evofx_ai_c evofz48 def' style='height:400px; background-image:url(https:\/\/toufflers.fr\/wp-content\/uploads\/2026\/08\/SOUVENIRS-DE-LA-LIBERATION-11.09.26.png);' data-f=\"https:\/\/toufflers.fr\/wp-content\/uploads\/2026\/08\/SOUVENIRS-DE-LA-LIBERATION-11.09.26.png\" data-h=\"1536\" data-w=\"1024\" data-ratio=\"1.5\" data-event_id=\"7980\" data-ri=\"0\"  data-t='Loading Image..'><\/div><\/div><\/div><\/div><!-- row close --><div class='evocard_row bx2 bx'><div id='event_time' class='evocard_box time' data-c='' \n\t\t\t\t\tstyle=''><div class='evo_metarow_time evorow evcal_evdata_row evcal_evrow_sm '>\n\t\t<span class='evcal_evdata_icons'><i class='fa fa-clock'><\/i><\/span>\n\t\t<div class='evcal_evdata_cell'>\t\t\t\t\t\t\t\n\t\t\t<h3 class='evo_h3'><span class='evcal_evdata_icons'><i class='fa fa-clock'><\/i><\/span>Date \/ Heure<\/h3><div><span class='evo_eventcard_time_t evogap5 evofxww'><span class=\"start\">11 Septembre 2026<\/span> <span class=\"stime\">19h00<\/span><\/span><span class='evo_tz marr5'>(GMT+02:00)<\/span><\/div>\n\t\t<\/div>\n\t<\/div><\/div><div id='event_location' class='evocard_box location' data-c='' \n\t\t\t\t\tstyle=''><div class='evcal_evdata_row evo_metarow_time_location evorow '>\n\t\t\n\t\t\t<span class='evcal_evdata_icons'><i class='fa fa-map-marker'><\/i><\/span>\n\t\t\t<div class='evcal_evdata_cell' data-loc_tax_id='33'><h3 class='evo_h3 evodfx'><span class='evcal_evdata_icons'><i class='fa fa-map-marker'><\/i><\/span>Lieu<\/h3><p class='evo_location_name evofwb evofz16i'>La Ch\u00eanaie<\/p><p class='evo_location_address evodfxi evofxaic evogap10'>32 rue de Lys<button class='evo_copy_address evobuttonA evocurp evohoop7 evopad5' style='' data-txt='32 rue de Lys' data-t='Address copied to clipboard!'><i class='far fa-copy evofz16i' title='Copy Destination Address!' aria-label='Copy Destination Address!'><\/i><\/button><\/p><div class='evodfx evofxdrr evogap10 evofxaic evomart20i'><div class=''><button class='evosp_trigger evobrn evoboxsn evobgclg20 evoff_2 evodfx evofxdrr evogap5 evofxaic evocurp evofwb evoHKx2 evoHbgclg30 evopad5-10i evobr10 evocl1i evofz14i' data-lbvals=\"{&quot;lbdata&quot;:{&quot;class&quot;:&quot;evo_location_lb_33&quot;,&quot;additional_class&quot;:&quot;lb_max&quot;,&quot;title&quot;:&quot;La Ch\\u00eanaie&quot;},&quot;adata&quot;:{&quot;a&quot;:&quot;eventon_get_tax_card_content&quot;,&quot;end&quot;:&quot;client&quot;,&quot;data&quot;:{&quot;lang&quot;:&quot;L1&quot;,&quot;term_id&quot;:33,&quot;tax&quot;:&quot;event_location&quot;,&quot;load_lbcontent&quot;:true}},&quot;uid&quot;:&quot;eventon_get_tax_card_content&quot;}\" data-d=\"{&quot;sp_id&quot;:&quot;evo_location_33&quot;,&quot;adata&quot;:{&quot;a&quot;:&quot;eventon_get_tax_card_content&quot;,&quot;data&quot;:{&quot;eventid&quot;:7980,&quot;ri&quot;:0,&quot;term_id&quot;:33,&quot;tax&quot;:&quot;event_location&quot;,&quot;load_lbcontent&quot;:true,&quot;lang&quot;:&quot;L1&quot;}},&quot;size&quot;:&quot;lar&quot;,&quot;fresh_content&quot;:true}\" >Other Events<i class='fa fa-chevron-right evofz12i evokid evotrans' aria-hidden='true' style='margin-top:2px;'><\/i><\/button><\/div><\/div><\/div>\n\t\t\n\t<\/div><\/div><\/div><!-- row close --><div class='evocard_row'><div id='event_addtocal' class='evocard_box addtocal' data-c='' \n\t\t\t\t\tstyle=''><div class='evo_metarow_ICS evorow evcal_evdata_row'>\n\t\t\t<span class='evcal_evdata_icons'><i class='fa fa-calendar-o'><\/i><\/span>\n\t\t\t<div class='evcal_evdata_cell'>\n\t\t\t\t<p><a href='https:\/\/toufflers.fr\/export-events\/7980_0\/?key=e572f68981' rel='nofollow' class='evo_ics_nCal' title='Ajouter \u00e0 votre calendrier (.ical)'>Ajouter \u00e0 mon calendrier<\/a><a href='https:\/\/www.google.com\/calendar\/event?action=TEMPLATE&text=Projection%20%3A%20Souvenirs%20de%20la%20Lib%C3%A9ration&dates=20260911T170000Z\/20260911T215900Z&ctz=Europe%2FParis&details=Projection%20%3A%20Souvenirs%20de%20la%20Lib%C3%A9ration&location=La%20Ch%C3%AAnaie%2032%20rue%20de%20Lys' target='_blank' rel='nofollow' class='evo_ics_gCal' title='Ajouter \u00e0 votre calendrier Google'>Ajouter \u00e0 mon calendrier Google<\/a><\/p>\t\n\t\t\t<\/div>\n\t\t<\/div><\/div><\/div><!-- row close --><div class='evocard_row'><div id='event_organizer' class='evocard_box organizer' data-c='' \n\t\t\t\t\tstyle=''><div class='evo_metarow_organizer evorow evcal_evdata_row evcal_evrow_sm '>\n\t\t<span class='evcal_evdata_icons'><i class='fa fa-microphone'><\/i><\/span>\n\t\t<div class='evcal_evdata_cell'>\t\t\t\t\t\t\t\n\t\t\t<h3 class='evo_h3'>Organisateur<\/h3><div class='evo_evdata_cell_content evodfx evofxww evofxdrr evogap30'><div class='evo_card_organizer evofx_1 evodfx evofxdrr evogap15'><p class='evo_data_val evo_card_organizer_image'>\n\t\t\t<img class='evosp_trigger evo_curp evo_transit_all evo_trans_sc1_03 evo_boxsh_1' data-d=\"{&quot;sp_id&quot;:&quot;evo_organizer_82&quot;,&quot;adata&quot;:{&quot;a&quot;:&quot;eventon_get_tax_card_content&quot;,&quot;data&quot;:{&quot;eventid&quot;:7980,&quot;ri&quot;:0,&quot;term_id&quot;:82,&quot;tax&quot;:&quot;event_organizer&quot;,&quot;load_lbcontent&quot;:true,&quot;lang&quot;:&quot;L1&quot;}},&quot;size&quot;:&quot;lar&quot;,&quot;fresh_content&quot;:true}\"  src='https:\/\/toufflers.fr\/wp-content\/uploads\/2025\/05\/Logo-Commune-de-Toufflers-300x213.png' alt='Logo Commune de Toufflers'\/><\/p><div class='evodfx evofxdrc evofxjcfs'><h4 class='evo_org_name evo_h4 marb5 evottui evocl1i evopadb10i'><span class='evo_card_organizer_name_t marb5'><a  href='https:\/\/toufflers.fr\/index.php\/event-organizer\/commune-de-toufflers\/' class='evocl1i'>Commune de Toufflers<\/a><\/span><\/h4><p class='evo_card_organizer_more'><a class=' evosp_trigger mart10 evodifx evofxdrr evogap5 evofxaic evocurp evofwb evoHKx2 evobgclg20 evoHbgclg40 evopad5-10i evobr10 evocl1i evofz14i' data-d=\"{&quot;sp_id&quot;:&quot;evo_organizer_82&quot;,&quot;adata&quot;:{&quot;a&quot;:&quot;eventon_get_tax_card_content&quot;,&quot;data&quot;:{&quot;eventid&quot;:7980,&quot;ri&quot;:0,&quot;term_id&quot;:82,&quot;tax&quot;:&quot;event_organizer&quot;,&quot;load_lbcontent&quot;:true,&quot;lang&quot;:&quot;L1&quot;}},&quot;size&quot;:&quot;lar&quot;,&quot;fresh_content&quot;:true}\" >Learn More<i class='fa fa-chevron-right evofz12i evokid evotrans' aria-hidden='true' style='margin-top:2px;'><\/i><\/a><\/p><\/div><\/div><!-- evo_card_organizer--><\/div><\/div>\t<\/div><\/div><\/div><!-- row close --><div class='evocard_row'><div id='event_getdirection' class='evocard_box getdirection' data-c='' \n\t\t\t\t\tstyle=''><div class='evo_metarow_getDr evorow evcal_evdata_row evcal_evrow_sm getdirections'>\n\t\t<form action='https:\/\/maps.google.com\/maps' method='get' target='_blank'>\n\t\t\t<input type='hidden' name='daddr' value=\"32 rue de Lys\"\/> \n\t\t\t<div class='evo_get_direction_content evofxdrr evofxww evogap10'>\n\t\t\t\t<span class='evogetdir_header evodfx evofxdrr evofxaic evogap10'>\n\t\t\t\t\t<i class='mainicon fa fa-road evofz24i' aria-hidden='true'><\/i> \n\t\t\t\t\t<h3 class='evo_h3 evopad0i' style='padding-bottom:5px;'>Get Directions<\/h3>\n\t\t\t\t<\/span>\t\t\t\t<p class=''>How do you plan to get there?<\/p>\n\t\t\t\t<div class='evodfx evofxdrr evofxaic evogap5'>\n\t\t\t\t\t\t\t\t\t\t\t<a href='https:\/\/www.google.com\/maps\/dir\/?api=1&origin=Current+Location&destination=32+rue+de+Lys&travelmode=best'  target='_blank' rel='noreferrer' aria-label='Best Route'  class='evodfx evofxdrr evogap5 evofxaic evocurp evohoop7o evofwb evoHKx2 evoHbgclg20 evopad10i evobr10 evocl1i evofz14i evonobtn'><i class='fa fa-diamond-turn-right evotooltipfree' title='Best Route'><\/i><\/a>\t\t\t\t\t\t<a href='https:\/\/www.google.com\/maps\/dir\/?api=1&origin=Current+Location&destination=32+rue+de+Lys&travelmode=driving'  target='_blank' rel='noreferrer' aria-label='Driving'  class='evodfx evofxdrr evogap5 evofxaic evocurp evohoop7o evofwb evoHKx2 evoHbgclg20 evopad10i evobr10 evocl1i evofz14i evonobtn'><i class='fa fa-car evotooltipfree' title='Driving'><\/i><\/a>\t\t\t\t\t\t<a href='https:\/\/www.google.com\/maps\/dir\/?api=1&origin=Current+Location&destination=32+rue+de+Lys&travelmode=transit'  target='_blank' rel='noreferrer' aria-label='Transit'  class='evodfx evofxdrr evogap5 evofxaic evocurp evohoop7o evofwb evoHKx2 evoHbgclg20 evopad10i evobr10 evocl1i evofz14i evonobtn'><i class='fa fa-bus evotooltipfree' title='Transit'><\/i><\/a>\t\t\t\t\t\t<a href='https:\/\/www.google.com\/maps\/dir\/?api=1&origin=Current+Location&destination=32+rue+de+Lys&travelmode=walking'  target='_blank' rel='noreferrer' aria-label='Walking'  class='evodfx evofxdrr evogap5 evofxaic evocurp evohoop7o evofwb evoHKx2 evoHbgclg20 evopad10i evobr10 evocl1i evofz14i evonobtn'><i class='fa fa-person-walking evotooltipfree' title='Walking'><\/i><\/a>\t\t\t\t\t\t<a href='https:\/\/www.google.com\/maps\/dir\/?api=1&origin=Current+Location&destination=32+rue+de+Lys&travelmode=bicycling'  target='_blank' rel='noreferrer' aria-label='Bicycling'  class='evodfx evofxdrr evogap5 evofxaic evocurp evohoop7o evofwb evoHKx2 evoHbgclg20 evopad10i evobr10 evocl1i evofz14i evonobtn'><i class='fa fa-person-biking evotooltipfree' title='Bicycling'><\/i><\/a>\t\n\t\t\t\t<\/div>\n\n\t\t\t\t<\/div>\n\t\t<\/form>\n\t<\/div><\/div><\/div><!-- row close --><button class='evo_card_row_end evcal_close' title='Fermer le texte du bouton d'\u00e9v\u00e9nement'><\/button><\/div><div class='clear end'><\/div><\/div><div style=\"min-height: 250px;\" id=\"event_7975_0\" class=\"eventon_list_event evo_eventtop scheduled  event clrW no_et hasbgimg event_7975_0\" data-event_id=\"7975\" data-ri=\"0r\" data-time=\"1789200000-1789250340\" data-colr=\"#4bb5d8\" itemscope itemtype='http:\/\/schema.org\/Event'><div class=\"evo_event_schema\" style=\"display:none\" ><a itemprop='url'  href='https:\/\/toufflers.fr\/index.php\/events\/cafe-citoyens\/'><\/a><meta itemprop='image' content=\"https:\/\/toufflers.fr\/wp-content\/uploads\/2026\/08\/CAFE-CITOYENS-def.png\" \/><meta itemprop='startDate' content=\"2026-9-12T10:00+2:00\" \/><meta itemprop='endDate' content=\"2026-9-12T23:59+2:00\" \/><meta itemprop='eventStatus' content=\"https:\/\/schema.org\/EventScheduled\" \/><meta itemprop='eventAttendanceMode'   itemscope itemtype=\"https:\/\/schema.org\/OfflineEventAttendanceMode\"\/><div style=\"display:none\" itemprop=\"location\" itemscope itemtype=\"http:\/\/schema.org\/Place\"><span itemprop=\"name\">parking de la Ch\u00eanaie<\/span><span itemprop=\"address\" itemscope itemtype=\"http:\/\/schema.org\/PostalAddress\"><item itemprop=\"streetAddress\">32 rue de Lys<\/item><\/span><\/div><div itemprop=\"organizer\" itemscope=\"\" itemtype=\"http:\/\/schema.org\/Organization\"><meta itemprop=\"name\" content=\"Commune de Toufflers\">\n\t\t\t\t    \t<\/div><div itemprop=\"performer\" itemscope=\"\" itemtype=\"http:\/\/schema.org\/Person\"><meta itemprop=\"name\" content=\"Commune de Toufflers\"><\/div><script type=\"application\/ld+json\">{\"@context\": \"http:\/\/schema.org\",\"@type\": \"Event\",\n\t\t\t\t\"@id\": \"event_7975_0\",\n\t\t\t\t\"eventAttendanceMode\":\"https:\/\/schema.org\/OfflineEventAttendanceMode\",\n\t\t\t\t\"eventStatus\":\"https:\/\/schema.org\/EventScheduled\",\n\t\t\t\t\"name\": \"Caf\u00e9 citoyens\",\n\t\t\t\t\"url\": \"https:\/\/toufflers.fr\/index.php\/events\/cafe-citoyens\/\",\n\t\t\t\t\"startDate\": \"2026-9-12T10:00+2:00\",\n\t\t\t\t\"endDate\": \"2026-9-12T23:59+2:00\",\n\t\t\t\t\"image\":\"https:\/\/toufflers.fr\/wp-content\/uploads\/2026\/08\/CAFE-CITOYENS-def.png\", \n\t\t\t\t\"description\":\"<p>Un temps convivial pour discuter avec vos \u00e9lus sur des sujets divers et proposer vos id\u00e9es pour Toufflers<\/p> <p><strong>SAMEDI 12 SEPTEMBRE 2026 \u00e0 10h<\/strong>, parking de la Ch\u00eanaie<\/p> \",\"location\":[{\"@type\":\"Place\",\"name\":\"parking de la Ch\u00eanaie\",\"address\":{\"@type\": \"PostalAddress\",\"streetAddress\":\"32 rue de Lys\"}}],\"organizer\":[{\"@type\":\"Organization\",\"name\":\"Commune de Toufflers\"}]}<\/script><\/div>\r\n\t\t\t\t<p class=\"desc_trig_outter\" style=\"background-image:url(https:\/\/toufflers.fr\/wp-content\/uploads\/2026\/08\/CAFE-CITOYENS-def-150x150.png);background-color:#4bb5d8;\"><a data-gmap_status=\"null\" data-exlk=\"0\" id=\"evc_17892000007975\" href=\"#\" class=\"hasFtIMG desc_trig sin_val evcal_list_a\" data-ux_val=\"3\" data-ux_val_mob=\"-\"  ><span class='evoet_in'><span class='evoet_c1 evoet_cx '><span class='evoet_cy ev_ftImg evotrans imgFxdef' data-img='https:\/\/toufflers.fr\/wp-content\/uploads\/2026\/08\/CAFE-CITOYENS-def.png' data-thumb='https:\/\/toufflers.fr\/wp-content\/uploads\/2026\/08\/CAFE-CITOYENS-def-212x300.png' style='background-image:url(\"https:\/\/toufflers.fr\/wp-content\/uploads\/2026\/08\/CAFE-CITOYENS-def-212x300.png\")' ><\/span><\/span><span class='evoet_c2 evoet_cx '><span class='evoet_dayblock evcal_cblock ' data-bgcolor='#4bb5d8' data-smon='Septembre' data-syr='2026' data-bub=''><span class='evo_start  evofxdrc'><em class='day'>S<\/em><em class='date'>12<\/em><em class='month'>sept<\/em><em class='time'>10h00<\/em><\/span><\/span><\/span><span class='evoet_c3 evoet_cx evcal_desc hide_eventtopdata '><span class='evoet_title evcal_desc2 evcal_event_title ' itemprop='name'>Caf\u00e9 citoyens<\/span><span class='event_location_attrs evodni'  data-location_address=\"32 rue de Lys\" data-location_type=\"address\" data-location_name=\"parking de la Ch\u00eanaie\" data-location_url=\"https:\/\/toufflers.fr\/index.php\/event-location\/parking-de-la-chenaie\/\" data-location_status=\"true\" data-locid=\"72\"><\/span><\/span><span class='evoet_c4 evoet_cx '><span class='evoet_location level_3'><em class=\"evcal_location\"  data-add_str=\"32 rue de Lys\" data-n=\"parking de la Ch\u00eanaie\"><i class=\"fa fa-location-pin\"><\/i><em class=\"event_location_name\">parking de la Ch\u00eanaie<\/em>, 32 rue de Lys<\/em><\/span><\/span><\/span><span class='evoet_data' style='display:none' data-d=\"{&quot;loc.n&quot;:&quot;parking de la Ch\\u00eanaie&quot;,&quot;orgs&quot;:{&quot;82&quot;:&quot;Commune de Toufflers&quot;},&quot;tags&quot;:[]}\" data-bgc=\"#4bb5d8\" data-bggrad=\"\" ><\/span><\/a><\/p><div class='event_description evcal_eventcard ' style=\"display:none\"><div class='evocard_row'><div id='event_ftimage' class='evocard_box ftimage' data-c='' \n\t\t\t\t\tstyle=''><div class='evocard_main_image_hold' data-t='Loading Image..'><div class='evocard_main_image evo_img_triglb evocd_img_def evobr15 evobgsc evobgpc evodfx evofx_jc_c evofx_ai_c evofz48 def' style='height:400px; background-image:url(https:\/\/toufflers.fr\/wp-content\/uploads\/2026\/08\/CAFE-CITOYENS-def.png);' data-f=\"https:\/\/toufflers.fr\/wp-content\/uploads\/2026\/08\/CAFE-CITOYENS-def.png\" data-h=\"1492\" data-w=\"1054\" data-ratio=\"1.415559772296\" data-event_id=\"7975\" data-ri=\"0\"  data-t='Loading Image..'><\/div><\/div><\/div><\/div><!-- row close --><div class='evocard_row'><div id='event_eventdetails' class='evocard_box eventdetails' data-c='' \n\t\t\t\t\tstyle=''><div class=\"evo_metarow_details evorow evcal_evdata_row evcal_event_details\">\n    <div class=\"event_excerpt\" style=\"display:none\"><h3 class=\"padb5 evo_h3\">D\u00e9tails<\/h3><p>Un temps convivial pour discuter avec vos \u00e9lus sur des sujets divers et proposer vos id\u00e9es pour Toufflers\nSAMEDI 12 SEPTEMBRE 2026 \u00e0 10h, parking de la Ch\u00eanaie<\/p><\/div><span class='evcal_evdata_icons'><i class='fa fa-align-justify'><\/i><\/span>    <div class=\"evcal_evdata_cell \">\n        <div class=\"eventon_full_description\">\n            <h3 class=\"padb5 evo_h3\"><span class='evcal_evdata_icons'><i class='fa fa-align-justify'><\/i><\/span>D\u00e9tails<\/h3>\n            <div class=\"eventon_desc_in\" itemprop=\"description\">\n                <p>Un temps convivial pour discuter avec vos \u00e9lus sur des sujets divers et proposer vos id\u00e9es pour Toufflers<\/p>\n<p><strong>SAMEDI 12 SEPTEMBRE 2026 \u00e0 10h<\/strong>, parking de la Ch\u00eanaie<\/p>\n            <\/div>\n            <div class='clear'><\/div>        <\/div>\n    <\/div>\n<\/div><\/div><\/div><!-- row close --><div class='evocard_row bx2 bx'><div id='event_time' class='evocard_box time' data-c='' \n\t\t\t\t\tstyle=''><div class='evo_metarow_time evorow evcal_evdata_row evcal_evrow_sm '>\n\t\t<span class='evcal_evdata_icons'><i class='fa fa-clock'><\/i><\/span>\n\t\t<div class='evcal_evdata_cell'>\t\t\t\t\t\t\t\n\t\t\t<h3 class='evo_h3'><span class='evcal_evdata_icons'><i class='fa fa-clock'><\/i><\/span>Date \/ Heure<\/h3><div><span class='evo_eventcard_time_t evogap5 evofxww'><span class=\"start\">12 Septembre 2026<\/span> <span class=\"stime\">10h00<\/span><\/span><span class='evo_tz marr5'>(GMT+02:00)<\/span><\/div>\n\t\t<\/div>\n\t<\/div><\/div><div id='event_location' class='evocard_box location' data-c='' \n\t\t\t\t\tstyle=''><div class='evcal_evdata_row evo_metarow_time_location evorow '>\n\t\t\n\t\t\t<span class='evcal_evdata_icons'><i class='fa fa-map-marker'><\/i><\/span>\n\t\t\t<div class='evcal_evdata_cell' data-loc_tax_id='72'><h3 class='evo_h3 evodfx'><span class='evcal_evdata_icons'><i class='fa fa-map-marker'><\/i><\/span>Lieu<\/h3><p class='evo_location_name evofwb evofz16i'>parking de la Ch\u00eanaie<\/p><p class='evo_location_address evodfxi evofxaic evogap10'>32 rue de Lys<button class='evo_copy_address evobuttonA evocurp evohoop7 evopad5' style='' data-txt='32 rue de Lys' data-t='Address copied to clipboard!'><i class='far fa-copy evofz16i' title='Copy Destination Address!' aria-label='Copy Destination Address!'><\/i><\/button><\/p><div class='evodfx evofxdrr evogap10 evofxaic evomart20i'><div class=''><button class='evosp_trigger evobrn evoboxsn evobgclg20 evoff_2 evodfx evofxdrr evogap5 evofxaic evocurp evofwb evoHKx2 evoHbgclg30 evopad5-10i evobr10 evocl1i evofz14i' data-lbvals=\"{&quot;lbdata&quot;:{&quot;class&quot;:&quot;evo_location_lb_72&quot;,&quot;additional_class&quot;:&quot;lb_max&quot;,&quot;title&quot;:&quot;parking de la Ch\\u00eanaie&quot;},&quot;adata&quot;:{&quot;a&quot;:&quot;eventon_get_tax_card_content&quot;,&quot;end&quot;:&quot;client&quot;,&quot;data&quot;:{&quot;lang&quot;:&quot;L1&quot;,&quot;term_id&quot;:72,&quot;tax&quot;:&quot;event_location&quot;,&quot;load_lbcontent&quot;:true}},&quot;uid&quot;:&quot;eventon_get_tax_card_content&quot;}\" data-d=\"{&quot;sp_id&quot;:&quot;evo_location_72&quot;,&quot;adata&quot;:{&quot;a&quot;:&quot;eventon_get_tax_card_content&quot;,&quot;data&quot;:{&quot;eventid&quot;:7975,&quot;ri&quot;:0,&quot;term_id&quot;:72,&quot;tax&quot;:&quot;event_location&quot;,&quot;load_lbcontent&quot;:true,&quot;lang&quot;:&quot;L1&quot;}},&quot;size&quot;:&quot;lar&quot;,&quot;fresh_content&quot;:true}\" >Other Events<i class='fa fa-chevron-right evofz12i evokid evotrans' aria-hidden='true' style='margin-top:2px;'><\/i><\/button><\/div><\/div><\/div>\n\t\t\n\t<\/div><\/div><\/div><!-- row close --><div class='evocard_row'><div id='event_addtocal' class='evocard_box addtocal' data-c='' \n\t\t\t\t\tstyle=''><div class='evo_metarow_ICS evorow evcal_evdata_row'>\n\t\t\t<span class='evcal_evdata_icons'><i class='fa fa-calendar-o'><\/i><\/span>\n\t\t\t<div class='evcal_evdata_cell'>\n\t\t\t\t<p><a href='https:\/\/toufflers.fr\/export-events\/7975_0\/?key=e572f68981' rel='nofollow' class='evo_ics_nCal' title='Ajouter \u00e0 votre calendrier (.ical)'>Ajouter \u00e0 mon calendrier<\/a><a href='https:\/\/www.google.com\/calendar\/event?action=TEMPLATE&text=Caf%C3%A9%20citoyens&dates=20260912T080000Z\/20260912T215900Z&ctz=Europe%2FParis&details=Caf%C3%A9%20citoyens&location=parking%20de%20la%20Ch%C3%AAnaie%2032%20rue%20de%20Lys' target='_blank' rel='nofollow' class='evo_ics_gCal' title='Ajouter \u00e0 votre calendrier Google'>Ajouter \u00e0 mon calendrier Google<\/a><\/p>\t\n\t\t\t<\/div>\n\t\t<\/div><\/div><\/div><!-- row close --><div class='evocard_row'><div id='event_organizer' class='evocard_box organizer' data-c='' \n\t\t\t\t\tstyle=''><div class='evo_metarow_organizer evorow evcal_evdata_row evcal_evrow_sm '>\n\t\t<span class='evcal_evdata_icons'><i class='fa fa-microphone'><\/i><\/span>\n\t\t<div class='evcal_evdata_cell'>\t\t\t\t\t\t\t\n\t\t\t<h3 class='evo_h3'>Organisateur<\/h3><div class='evo_evdata_cell_content evodfx evofxww evofxdrr evogap30'><div class='evo_card_organizer evofx_1 evodfx evofxdrr evogap15'><p class='evo_data_val evo_card_organizer_image'>\n\t\t\t<img class='evosp_trigger evo_curp evo_transit_all evo_trans_sc1_03 evo_boxsh_1' data-d=\"{&quot;sp_id&quot;:&quot;evo_organizer_82&quot;,&quot;adata&quot;:{&quot;a&quot;:&quot;eventon_get_tax_card_content&quot;,&quot;data&quot;:{&quot;eventid&quot;:7975,&quot;ri&quot;:0,&quot;term_id&quot;:82,&quot;tax&quot;:&quot;event_organizer&quot;,&quot;load_lbcontent&quot;:true,&quot;lang&quot;:&quot;L1&quot;}},&quot;size&quot;:&quot;lar&quot;,&quot;fresh_content&quot;:true}\"  src='https:\/\/toufflers.fr\/wp-content\/uploads\/2025\/05\/Logo-Commune-de-Toufflers-300x213.png' alt='Logo Commune de Toufflers'\/><\/p><div class='evodfx evofxdrc evofxjcfs'><h4 class='evo_org_name evo_h4 marb5 evottui evocl1i evopadb10i'><span class='evo_card_organizer_name_t marb5'><a  href='https:\/\/toufflers.fr\/index.php\/event-organizer\/commune-de-toufflers\/' class='evocl1i'>Commune de Toufflers<\/a><\/span><\/h4><p class='evo_card_organizer_more'><a class=' evosp_trigger mart10 evodifx evofxdrr evogap5 evofxaic evocurp evofwb evoHKx2 evobgclg20 evoHbgclg40 evopad5-10i evobr10 evocl1i evofz14i' data-d=\"{&quot;sp_id&quot;:&quot;evo_organizer_82&quot;,&quot;adata&quot;:{&quot;a&quot;:&quot;eventon_get_tax_card_content&quot;,&quot;data&quot;:{&quot;eventid&quot;:7975,&quot;ri&quot;:0,&quot;term_id&quot;:82,&quot;tax&quot;:&quot;event_organizer&quot;,&quot;load_lbcontent&quot;:true,&quot;lang&quot;:&quot;L1&quot;}},&quot;size&quot;:&quot;lar&quot;,&quot;fresh_content&quot;:true}\" >Learn More<i class='fa fa-chevron-right evofz12i evokid evotrans' aria-hidden='true' style='margin-top:2px;'><\/i><\/a><\/p><\/div><\/div><!-- evo_card_organizer--><\/div><\/div>\t<\/div><\/div><\/div><!-- row close --><div class='evocard_row'><div id='event_getdirection' class='evocard_box getdirection' data-c='' \n\t\t\t\t\tstyle=''><div class='evo_metarow_getDr evorow evcal_evdata_row evcal_evrow_sm getdirections'>\n\t\t<form action='https:\/\/maps.google.com\/maps' method='get' target='_blank'>\n\t\t\t<input type='hidden' name='daddr' value=\"32 rue de Lys\"\/> \n\t\t\t<div class='evo_get_direction_content evofxdrr evofxww evogap10'>\n\t\t\t\t<span class='evogetdir_header evodfx evofxdrr evofxaic evogap10'>\n\t\t\t\t\t<i class='mainicon fa fa-road evofz24i' aria-hidden='true'><\/i> \n\t\t\t\t\t<h3 class='evo_h3 evopad0i' style='padding-bottom:5px;'>Get Directions<\/h3>\n\t\t\t\t<\/span>\t\t\t\t<p class=''>How do you plan to get there?<\/p>\n\t\t\t\t<div class='evodfx evofxdrr evofxaic evogap5'>\n\t\t\t\t\t\t\t\t\t\t\t<a href='https:\/\/www.google.com\/maps\/dir\/?api=1&origin=Current+Location&destination=32+rue+de+Lys&travelmode=best'  target='_blank' rel='noreferrer' aria-label='Best Route'  class='evodfx evofxdrr evogap5 evofxaic evocurp evohoop7o evofwb evoHKx2 evoHbgclg20 evopad10i evobr10 evocl1i evofz14i evonobtn'><i class='fa fa-diamond-turn-right evotooltipfree' title='Best Route'><\/i><\/a>\t\t\t\t\t\t<a href='https:\/\/www.google.com\/maps\/dir\/?api=1&origin=Current+Location&destination=32+rue+de+Lys&travelmode=driving'  target='_blank' rel='noreferrer' aria-label='Driving'  class='evodfx evofxdrr evogap5 evofxaic evocurp evohoop7o evofwb evoHKx2 evoHbgclg20 evopad10i evobr10 evocl1i evofz14i evonobtn'><i class='fa fa-car evotooltipfree' title='Driving'><\/i><\/a>\t\t\t\t\t\t<a href='https:\/\/www.google.com\/maps\/dir\/?api=1&origin=Current+Location&destination=32+rue+de+Lys&travelmode=transit'  target='_blank' rel='noreferrer' aria-label='Transit'  class='evodfx evofxdrr evogap5 evofxaic evocurp evohoop7o evofwb evoHKx2 evoHbgclg20 evopad10i evobr10 evocl1i evofz14i evonobtn'><i class='fa fa-bus evotooltipfree' title='Transit'><\/i><\/a>\t\t\t\t\t\t<a href='https:\/\/www.google.com\/maps\/dir\/?api=1&origin=Current+Location&destination=32+rue+de+Lys&travelmode=walking'  target='_blank' rel='noreferrer' aria-label='Walking'  class='evodfx evofxdrr evogap5 evofxaic evocurp evohoop7o evofwb evoHKx2 evoHbgclg20 evopad10i evobr10 evocl1i evofz14i evonobtn'><i class='fa fa-person-walking evotooltipfree' title='Walking'><\/i><\/a>\t\t\t\t\t\t<a href='https:\/\/www.google.com\/maps\/dir\/?api=1&origin=Current+Location&destination=32+rue+de+Lys&travelmode=bicycling'  target='_blank' rel='noreferrer' aria-label='Bicycling'  class='evodfx evofxdrr evogap5 evofxaic evocurp evohoop7o evofwb evoHKx2 evoHbgclg20 evopad10i evobr10 evocl1i evofz14i evonobtn'><i class='fa fa-person-biking evotooltipfree' title='Bicycling'><\/i><\/a>\t\n\t\t\t\t<\/div>\n\n\t\t\t\t<\/div>\n\t\t<\/form>\n\t<\/div><\/div><\/div><!-- row close --><button class='evo_card_row_end evcal_close' title='Fermer le texte du bouton d'\u00e9v\u00e9nement'><\/button><\/div><div class='clear end'><\/div><\/div><div style=\"min-height: 250px;\" id=\"event_6538_0\" class=\"eventon_list_event evo_eventtop scheduled  event clrW hasbgimg event_6538_0\" data-event_id=\"6538\" data-ri=\"0r\" data-time=\"1789423200-1790459999\" data-colr=\"#4bb5d8\" itemscope itemtype='http:\/\/schema.org\/Event'><div class=\"evo_event_schema\" style=\"display:none\" ><a itemprop='url'  href='https:\/\/toufflers.fr\/index.php\/events\/inscriptions-semaine-bleue-et-banquet-des-aines\/'><\/a><meta itemprop='image' content=\"https:\/\/toufflers.fr\/wp-content\/uploads\/2024\/08\/SEMAINE-BLEUE-2026-scaled.jpg\" \/><meta itemprop='startDate' content=\"2026-9-15\" \/><meta itemprop='endDate' content=\"2026-9-26\" \/><meta itemprop='eventStatus' content=\"https:\/\/schema.org\/EventScheduled\" \/><meta itemprop='eventAttendanceMode'   itemscope itemtype=\"https:\/\/schema.org\/OfflineEventAttendanceMode\"\/><script type=\"application\/ld+json\">{\"@context\": \"http:\/\/schema.org\",\"@type\": \"Event\",\n\t\t\t\t\"@id\": \"event_6538_0\",\n\t\t\t\t\"eventAttendanceMode\":\"https:\/\/schema.org\/OfflineEventAttendanceMode\",\n\t\t\t\t\"eventStatus\":\"https:\/\/schema.org\/EventScheduled\",\n\t\t\t\t\"name\": \"Inscriptions Semaine Bleue &amp; Banquet A\u00een\u00e9s\",\n\t\t\t\t\"url\": \"https:\/\/toufflers.fr\/index.php\/events\/inscriptions-semaine-bleue-et-banquet-des-aines\/\",\n\t\t\t\t\"startDate\": \"2026-9-15\",\n\t\t\t\t\"endDate\": \"2026-9-26\",\n\t\t\t\t\"image\":\"https:\/\/toufflers.fr\/wp-content\/uploads\/2024\/08\/SEMAINE-BLEUE-2026-scaled.jpg\", \n\t\t\t\t\"description\":\"'Inscriptions Semaine Bleue & Banquet A\u00een\u00e9s'\"}<\/script><\/div>\r\n\t\t\t\t<p class=\"desc_trig_outter\" style=\"background-image:url(https:\/\/toufflers.fr\/wp-content\/uploads\/2024\/08\/SEMAINE-BLEUE-2026-150x150.jpg);background-color:#4bb5d8;\"><a data-gmap_status=\"null\" data-exlk=\"0\" id=\"evc_17894232006538\" href=\"#\" class=\"hasFtIMG desc_trig mul_val evcal_list_a allday\" data-ux_val=\"3\" data-ux_val_mob=\"-\"  ><span class='evoet_in'><span class='evoet_c1 evoet_cx '><span class='evoet_cy ev_ftImg evotrans imgFxdef' data-img='https:\/\/toufflers.fr\/wp-content\/uploads\/2024\/08\/SEMAINE-BLEUE-2026-scaled.jpg' data-thumb='https:\/\/toufflers.fr\/wp-content\/uploads\/2024\/08\/SEMAINE-BLEUE-2026-212x300.jpg' style='background-image:url(\"https:\/\/toufflers.fr\/wp-content\/uploads\/2024\/08\/SEMAINE-BLEUE-2026-212x300.jpg\")' ><\/span><\/span><span class='evoet_c2 evoet_cx '><span class='evoet_dayblock evcal_cblock ' data-bgcolor='#4bb5d8' data-smon='Septembre' data-syr='2026' data-bub=''><span class='evo_start  evofxdrc'><em class='day'>M<\/em><em class='date'>15<\/em><em class='month'>sept<\/em><em class='time'>Toute la journ\u00e9e<\/em><\/span><span class='evo_end  evofxdrc'><em class='day'>S<\/em><em class='date'>26<\/em><\/span><\/span><\/span><span class='evoet_c3 evoet_cx evcal_desc hide_eventtopdata '><span class='evoet_title evcal_desc2 evcal_event_title ' itemprop='name'>Inscriptions Semaine Bleue & Banquet A\u00een\u00e9s<\/span><\/span><\/span><span class='evoet_data' style='display:none' data-d=\"{&quot;loc.n&quot;:&quot;&quot;,&quot;orgs&quot;:[],&quot;tags&quot;:[]}\" data-bgc=\"#4bb5d8\" data-bggrad=\"\" ><\/span><\/a><\/p><div class='event_description evcal_eventcard ' style=\"display:none\"><div class='evocard_row'><div id='event_ftimage' class='evocard_box ftimage' data-c='' \n\t\t\t\t\tstyle=''><div class='evocard_main_image_hold' data-t='Loading Image..'><div class='evocard_main_image evo_img_triglb evocd_img_def evobr15 evobgsc evobgpc evodfx evofx_jc_c evofx_ai_c evofz48 def' style='height:400px; background-image:url(https:\/\/toufflers.fr\/wp-content\/uploads\/2024\/08\/SEMAINE-BLEUE-2026-scaled.jpg);' data-f=\"https:\/\/toufflers.fr\/wp-content\/uploads\/2024\/08\/SEMAINE-BLEUE-2026-scaled.jpg\" data-h=\"2560\" data-w=\"1810\" data-ratio=\"1.414364640884\" data-event_id=\"6538\" data-ri=\"0\"  data-t='Loading Image..'><\/div><\/div><\/div><\/div><!-- row close --><div class='evocard_row'><div id='event_time' class='evocard_box time' data-c='' \n\t\t\t\t\tstyle=''><div class='evo_metarow_time evorow evcal_evdata_row evcal_evrow_sm '>\n\t\t<span class='evcal_evdata_icons'><i class='fa fa-clock'><\/i><\/span>\n\t\t<div class='evcal_evdata_cell'>\t\t\t\t\t\t\t\n\t\t\t<h3 class='evo_h3'><span class='evcal_evdata_icons'><i class='fa fa-clock'><\/i><\/span>Date \/ Heure<\/h3><div><span class='evo_eventcard_time_t evogap5 evofxww'><span class=\"start\">15 Septembre 2026<\/span>  - <span class=\"end\">26 Septembre 2026<\/span> (Toute la journ\u00e9e)<\/span><span class='evo_tz marr5'>(GMT+02:00)<\/span><\/div>\n\t\t<\/div>\n\t<\/div><\/div><\/div><!-- row close --><div class='evocard_row'><div id='event_addtocal' class='evocard_box addtocal' data-c='' \n\t\t\t\t\tstyle=''><div class='evo_metarow_ICS evorow evcal_evdata_row'>\n\t\t\t<span class='evcal_evdata_icons'><i class='fa fa-calendar-o'><\/i><\/span>\n\t\t\t<div class='evcal_evdata_cell'>\n\t\t\t\t<p><a href='https:\/\/toufflers.fr\/export-events\/6538_0\/?key=e572f68981' rel='nofollow' class='evo_ics_nCal' title='Ajouter \u00e0 votre calendrier (.ical)'>Ajouter \u00e0 mon calendrier<\/a><a href='https:\/\/www.google.com\/calendar\/event?action=TEMPLATE&text=Inscriptions%20Semaine%20Bleue%20%26%20Banquet%20A%C3%AEn%C3%A9s&dates=20260914T220000Z\/20260926T215959Z&ctz=Europe%2FParis&details=Inscriptions%20Semaine%20Bleue%20%26%20Banquet%20A%C3%AEn%C3%A9s&location=' target='_blank' rel='nofollow' class='evo_ics_gCal' title='Ajouter \u00e0 votre calendrier Google'>Ajouter \u00e0 mon calendrier Google<\/a><\/p>\t\n\t\t\t<\/div>\n\t\t<\/div><\/div><\/div><!-- row close --><button class='evo_card_row_end evcal_close' title='Fermer le texte du bouton d'\u00e9v\u00e9nement'><\/button><\/div><div class='clear end'><\/div><\/div><div style=\"min-height: 250px;\" id=\"event_7976_0\" class=\"eventon_list_event evo_eventtop scheduled  event clrW hasbgimg event_7976_0\" data-event_id=\"7976\" data-ri=\"0r\" data-time=\"1789596000-1789682399\" data-colr=\"#4bb5d8\" itemscope itemtype='http:\/\/schema.org\/Event'><div class=\"evo_event_schema\" style=\"display:none\" ><a itemprop='url'  href='https:\/\/toufflers.fr\/index.php\/events\/sortie-des-aines\/'><\/a><meta itemprop='image' content=\"https:\/\/toufflers.fr\/wp-content\/uploads\/2026\/08\/Voyage-des-aines-SEPT-2026-copie-scaled.jpg\" \/><meta itemprop='startDate' content=\"2026-9-17\" \/><meta itemprop='endDate' content=\"2026-9-17\" \/><meta itemprop='eventStatus' content=\"https:\/\/schema.org\/EventScheduled\" \/><meta itemprop='eventAttendanceMode'   itemscope itemtype=\"https:\/\/schema.org\/OfflineEventAttendanceMode\"\/><div itemprop=\"organizer\" itemscope=\"\" itemtype=\"http:\/\/schema.org\/Organization\"><meta itemprop=\"name\" content=\"Commune de Toufflers\">\n\t\t\t\t    \t<\/div><div itemprop=\"performer\" itemscope=\"\" itemtype=\"http:\/\/schema.org\/Person\"><meta itemprop=\"name\" content=\"Commune de Toufflers\"><\/div><script type=\"application\/ld+json\">{\"@context\": \"http:\/\/schema.org\",\"@type\": \"Event\",\n\t\t\t\t\"@id\": \"event_7976_0\",\n\t\t\t\t\"eventAttendanceMode\":\"https:\/\/schema.org\/OfflineEventAttendanceMode\",\n\t\t\t\t\"eventStatus\":\"https:\/\/schema.org\/EventScheduled\",\n\t\t\t\t\"name\": \"Sortie des A\u00een\u00e9s\",\n\t\t\t\t\"url\": \"https:\/\/toufflers.fr\/index.php\/events\/sortie-des-aines\/\",\n\t\t\t\t\"startDate\": \"2026-9-17\",\n\t\t\t\t\"endDate\": \"2026-9-17\",\n\t\t\t\t\"image\":\"https:\/\/toufflers.fr\/wp-content\/uploads\/2026\/08\/Voyage-des-aines-SEPT-2026-copie-scaled.jpg\", \n\t\t\t\t\"description\":\"<p>Journ\u00e9e \u00e0 Malo les Bains 17 SEPTEMBRE 2026<\/p> <p>D\u00e9jeuner face \u00e0 la mer et apr\u00e8s-midi libre<\/p> <p>INSCRIPTIONS en mairie du 29 ao\u00fbt au 9 septembre<\/p> \",\"organizer\":[{\"@type\":\"Organization\",\"name\":\"Commune de Toufflers\"}]}<\/script><\/div>\r\n\t\t\t\t<p class=\"desc_trig_outter\" style=\"background-image:url(https:\/\/toufflers.fr\/wp-content\/uploads\/2026\/08\/Voyage-des-aines-SEPT-2026-copie-150x150.jpg);background-color:#4bb5d8;\"><a data-gmap_status=\"null\" data-exlk=\"0\" id=\"evc_17895960007976\" href=\"#\" class=\"hasFtIMG desc_trig sin_val evcal_list_a allday\" data-ux_val=\"3\" data-ux_val_mob=\"-\"  ><span class='evoet_in'><span class='evoet_c1 evoet_cx '><span class='evoet_cy ev_ftImg evotrans imgFxdef' data-img='https:\/\/toufflers.fr\/wp-content\/uploads\/2026\/08\/Voyage-des-aines-SEPT-2026-copie-scaled.jpg' data-thumb='https:\/\/toufflers.fr\/wp-content\/uploads\/2026\/08\/Voyage-des-aines-SEPT-2026-copie-212x300.jpg' style='background-image:url(\"https:\/\/toufflers.fr\/wp-content\/uploads\/2026\/08\/Voyage-des-aines-SEPT-2026-copie-212x300.jpg\")' ><\/span><\/span><span class='evoet_c2 evoet_cx '><span class='evoet_dayblock evcal_cblock ' data-bgcolor='#4bb5d8' data-smon='Septembre' data-syr='2026' data-bub=''><span class='evo_start  evofxdrc'><em class='day'>J<\/em><em class='date'>17<\/em><em class='month'>sept<\/em><em class='time'>Toute la journ\u00e9e<\/em><\/span><\/span><\/span><span class='evoet_c3 evoet_cx evcal_desc hide_eventtopdata '><span class='evoet_title evcal_desc2 evcal_event_title ' itemprop='name'>Sortie des A\u00een\u00e9s<\/span><\/span><\/span><span class='evoet_data' style='display:none' data-d=\"{&quot;loc.n&quot;:&quot;&quot;,&quot;orgs&quot;:{&quot;82&quot;:&quot;Commune de Toufflers&quot;},&quot;tags&quot;:[]}\" data-bgc=\"#4bb5d8\" data-bggrad=\"\" ><\/span><\/a><\/p><div class='event_description evcal_eventcard ' style=\"display:none\"><div class='evocard_row'><div id='event_ftimage' class='evocard_box ftimage' data-c='' \n\t\t\t\t\tstyle=''><div class='evocard_main_image_hold' data-t='Loading Image..'><div class='evocard_main_image evo_img_triglb evocd_img_def evobr15 evobgsc evobgpc evodfx evofx_jc_c evofx_ai_c evofz48 def' style='height:400px; background-image:url(https:\/\/toufflers.fr\/wp-content\/uploads\/2026\/08\/Voyage-des-aines-SEPT-2026-copie-scaled.jpg);' data-f=\"https:\/\/toufflers.fr\/wp-content\/uploads\/2026\/08\/Voyage-des-aines-SEPT-2026-copie-scaled.jpg\" data-h=\"2560\" data-w=\"1810\" data-ratio=\"1.414364640884\" data-event_id=\"7976\" data-ri=\"0\"  data-t='Loading Image..'><\/div><\/div><\/div><\/div><!-- row close --><div class='evocard_row'><div id='event_eventdetails' class='evocard_box eventdetails' data-c='' \n\t\t\t\t\tstyle=''><div class=\"evo_metarow_details evorow evcal_evdata_row evcal_event_details\">\n    <div class=\"event_excerpt\" style=\"display:none\"><h3 class=\"padb5 evo_h3\">D\u00e9tails<\/h3><p>Journ\u00e9e \u00e0 Malo les Bains 17 SEPTEMBRE 2026\nD\u00e9jeuner face \u00e0 la mer et apr\u00e8s-midi libre\nINSCRIPTIONS en mairie du 29 ao\u00fbt au 9 septembre<\/p><\/div><span class='evcal_evdata_icons'><i class='fa fa-align-justify'><\/i><\/span>    <div class=\"evcal_evdata_cell \">\n        <div class=\"eventon_full_description\">\n            <h3 class=\"padb5 evo_h3\"><span class='evcal_evdata_icons'><i class='fa fa-align-justify'><\/i><\/span>D\u00e9tails<\/h3>\n            <div class=\"eventon_desc_in\" itemprop=\"description\">\n                <p>Journ\u00e9e \u00e0 Malo les Bains 17 SEPTEMBRE 2026<\/p>\n<p>D\u00e9jeuner face \u00e0 la mer et apr\u00e8s-midi libre<\/p>\n<p>INSCRIPTIONS en mairie du 29 ao\u00fbt au 9 septembre<\/p>\n            <\/div>\n            <div class='clear'><\/div>        <\/div>\n    <\/div>\n<\/div><\/div><\/div><!-- row close --><div class='evocard_row'><div id='event_time' class='evocard_box time' data-c='' \n\t\t\t\t\tstyle=''><div class='evo_metarow_time evorow evcal_evdata_row evcal_evrow_sm '>\n\t\t<span class='evcal_evdata_icons'><i class='fa fa-clock'><\/i><\/span>\n\t\t<div class='evcal_evdata_cell'>\t\t\t\t\t\t\t\n\t\t\t<h3 class='evo_h3'><span class='evcal_evdata_icons'><i class='fa fa-clock'><\/i><\/span>Date \/ Heure<\/h3><div><span class='evo_eventcard_time_t evogap5 evofxww'><span class=\"start\">17 Septembre 2026<\/span> Toute la journ\u00e9e<\/span><span class='evo_tz marr5'>(GMT+02:00)<\/span><\/div>\n\t\t<\/div>\n\t<\/div><\/div><\/div><!-- row close --><div class='evocard_row'><div id='event_addtocal' class='evocard_box addtocal' data-c='' \n\t\t\t\t\tstyle=''><div class='evo_metarow_ICS evorow evcal_evdata_row'>\n\t\t\t<span class='evcal_evdata_icons'><i class='fa fa-calendar-o'><\/i><\/span>\n\t\t\t<div class='evcal_evdata_cell'>\n\t\t\t\t<p><a href='https:\/\/toufflers.fr\/export-events\/7976_0\/?key=e572f68981' rel='nofollow' class='evo_ics_nCal' title='Ajouter \u00e0 votre calendrier (.ical)'>Ajouter \u00e0 mon calendrier<\/a><a href='https:\/\/www.google.com\/calendar\/event?action=TEMPLATE&text=Sortie%20des%20A%C3%AEn%C3%A9s&dates=20260916T220000Z\/20260917T215959Z&ctz=Europe%2FParis&details=Sortie%20des%20A%C3%AEn%C3%A9s&location=' target='_blank' rel='nofollow' class='evo_ics_gCal' title='Ajouter \u00e0 votre calendrier Google'>Ajouter \u00e0 mon calendrier Google<\/a><\/p>\t\n\t\t\t<\/div>\n\t\t<\/div><\/div><\/div><!-- row close --><div class='evocard_row'><div id='event_organizer' class='evocard_box organizer' data-c='' \n\t\t\t\t\tstyle=''><div class='evo_metarow_organizer evorow evcal_evdata_row evcal_evrow_sm '>\n\t\t<span class='evcal_evdata_icons'><i class='fa fa-microphone'><\/i><\/span>\n\t\t<div class='evcal_evdata_cell'>\t\t\t\t\t\t\t\n\t\t\t<h3 class='evo_h3'>Organisateur<\/h3><div class='evo_evdata_cell_content evodfx evofxww evofxdrr evogap30'><div class='evo_card_organizer evofx_1 evodfx evofxdrr evogap15'><p class='evo_data_val evo_card_organizer_image'>\n\t\t\t<img class='evosp_trigger evo_curp evo_transit_all evo_trans_sc1_03 evo_boxsh_1' data-d=\"{&quot;sp_id&quot;:&quot;evo_organizer_82&quot;,&quot;adata&quot;:{&quot;a&quot;:&quot;eventon_get_tax_card_content&quot;,&quot;data&quot;:{&quot;eventid&quot;:7976,&quot;ri&quot;:0,&quot;term_id&quot;:82,&quot;tax&quot;:&quot;event_organizer&quot;,&quot;load_lbcontent&quot;:true,&quot;lang&quot;:&quot;L1&quot;}},&quot;size&quot;:&quot;lar&quot;,&quot;fresh_content&quot;:true}\"  src='https:\/\/toufflers.fr\/wp-content\/uploads\/2025\/05\/Logo-Commune-de-Toufflers-300x213.png' alt='Logo Commune de Toufflers'\/><\/p><div class='evodfx evofxdrc evofxjcfs'><h4 class='evo_org_name evo_h4 marb5 evottui evocl1i evopadb10i'><span class='evo_card_organizer_name_t marb5'><a  href='https:\/\/toufflers.fr\/index.php\/event-organizer\/commune-de-toufflers\/' class='evocl1i'>Commune de Toufflers<\/a><\/span><\/h4><p class='evo_card_organizer_more'><a class=' evosp_trigger mart10 evodifx evofxdrr evogap5 evofxaic evocurp evofwb evoHKx2 evobgclg20 evoHbgclg40 evopad5-10i evobr10 evocl1i evofz14i' data-d=\"{&quot;sp_id&quot;:&quot;evo_organizer_82&quot;,&quot;adata&quot;:{&quot;a&quot;:&quot;eventon_get_tax_card_content&quot;,&quot;data&quot;:{&quot;eventid&quot;:7976,&quot;ri&quot;:0,&quot;term_id&quot;:82,&quot;tax&quot;:&quot;event_organizer&quot;,&quot;load_lbcontent&quot;:true,&quot;lang&quot;:&quot;L1&quot;}},&quot;size&quot;:&quot;lar&quot;,&quot;fresh_content&quot;:true}\" >Learn More<i class='fa fa-chevron-right evofz12i evokid evotrans' aria-hidden='true' style='margin-top:2px;'><\/i><\/a><\/p><\/div><\/div><!-- evo_card_organizer--><\/div><\/div>\t<\/div><\/div><\/div><!-- row close --><button class='evo_card_row_end evcal_close' title='Fermer le texte du bouton d'\u00e9v\u00e9nement'><\/button><\/div><div class='clear end'><\/div><\/div><div style=\"min-height: 250px;\" id=\"event_7959_0\" class=\"eventon_list_event evo_eventtop scheduled  event clrW no_et hasbgimg event_7959_0\" data-event_id=\"7959\" data-ri=\"0r\" data-time=\"1789837200-1789855140\" data-colr=\"#4bb5d8\" itemscope itemtype='http:\/\/schema.org\/Event'><div class=\"evo_event_schema\" style=\"display:none\" ><a itemprop='url'  href='https:\/\/toufflers.fr\/index.php\/events\/fete-des-allumoirs\/'><\/a><meta itemprop='image' content=\"https:\/\/toufflers.fr\/wp-content\/uploads\/2026\/08\/Allumoirs-2026-copie.jpg\" \/><meta itemprop='startDate' content=\"2026-9-19T19:00+2:00\" \/><meta itemprop='endDate' content=\"2026-9-19T23:59+2:00\" \/><meta itemprop='eventStatus' content=\"https:\/\/schema.org\/EventScheduled\" \/><meta itemprop='eventAttendanceMode'   itemscope itemtype=\"https:\/\/schema.org\/OfflineEventAttendanceMode\"\/><div style=\"display:none\" itemprop=\"location\" itemscope itemtype=\"http:\/\/schema.org\/Place\"><span itemprop=\"name\">parking de la Ch\u00eanaie<\/span><span itemprop=\"address\" itemscope itemtype=\"http:\/\/schema.org\/PostalAddress\"><item itemprop=\"streetAddress\">32 rue de Lys<\/item><\/span><\/div><div itemprop=\"organizer\" itemscope=\"\" itemtype=\"http:\/\/schema.org\/Organization\"><meta itemprop=\"name\" content=\"Commune de Toufflers\">\n\t\t\t\t    \t<\/div><div itemprop=\"performer\" itemscope=\"\" itemtype=\"http:\/\/schema.org\/Person\"><meta itemprop=\"name\" content=\"Commune de Toufflers\"><\/div><script type=\"application\/ld+json\">{\"@context\": \"http:\/\/schema.org\",\"@type\": \"Event\",\n\t\t\t\t\"@id\": \"event_7959_0\",\n\t\t\t\t\"eventAttendanceMode\":\"https:\/\/schema.org\/OfflineEventAttendanceMode\",\n\t\t\t\t\"eventStatus\":\"https:\/\/schema.org\/EventScheduled\",\n\t\t\t\t\"name\": \"F\u00eate des Allumoirs\",\n\t\t\t\t\"url\": \"https:\/\/toufflers.fr\/index.php\/events\/fete-des-allumoirs\/\",\n\t\t\t\t\"startDate\": \"2026-9-19T19:00+2:00\",\n\t\t\t\t\"endDate\": \"2026-9-19T23:59+2:00\",\n\t\t\t\t\"image\":\"https:\/\/toufflers.fr\/wp-content\/uploads\/2026\/08\/Allumoirs-2026-copie.jpg\", \n\t\t\t\t\"description\":\"'F\u00eate des Allumoirs'\",\"location\":[{\"@type\":\"Place\",\"name\":\"parking de la Ch\u00eanaie\",\"address\":{\"@type\": \"PostalAddress\",\"streetAddress\":\"32 rue de Lys\"}}],\"organizer\":[{\"@type\":\"Organization\",\"name\":\"Commune de Toufflers\"}]}<\/script><\/div>\r\n\t\t\t\t<p class=\"desc_trig_outter\" style=\"background-image:url(https:\/\/toufflers.fr\/wp-content\/uploads\/2026\/08\/Allumoirs-2026-copie-150x150.jpg);background-color:#4bb5d8;\"><a data-gmap_status=\"null\" data-exlk=\"0\" id=\"evc_17898372007959\" href=\"#\" class=\"hasFtIMG desc_trig sin_val evcal_list_a\" data-ux_val=\"3\" data-ux_val_mob=\"-\"  ><span class='evoet_in'><span class='evoet_c1 evoet_cx '><span class='evoet_cy ev_ftImg evotrans imgFxdef' data-img='https:\/\/toufflers.fr\/wp-content\/uploads\/2026\/08\/Allumoirs-2026-copie.jpg' data-thumb='https:\/\/toufflers.fr\/wp-content\/uploads\/2026\/08\/Allumoirs-2026-copie-200x300.jpg' style='background-image:url(\"https:\/\/toufflers.fr\/wp-content\/uploads\/2026\/08\/Allumoirs-2026-copie-200x300.jpg\")' ><\/span><\/span><span class='evoet_c2 evoet_cx '><span class='evoet_dayblock evcal_cblock ' data-bgcolor='#4bb5d8' data-smon='Septembre' data-syr='2026' data-bub=''><span class='evo_start  evofxdrc'><em class='day'>S<\/em><em class='date'>19<\/em><em class='month'>sept<\/em><em class='time'>19h00<\/em><\/span><\/span><\/span><span class='evoet_c3 evoet_cx evcal_desc hide_eventtopdata '><span class='evoet_title evcal_desc2 evcal_event_title ' itemprop='name'>F\u00eate des Allumoirs<\/span><span class='event_location_attrs evodni'  data-location_address=\"32 rue de Lys\" data-location_type=\"address\" data-location_name=\"parking de la Ch\u00eanaie\" data-location_url=\"https:\/\/toufflers.fr\/index.php\/event-location\/parking-de-la-chenaie\/\" data-location_status=\"true\" data-locid=\"72\"><\/span><\/span><span class='evoet_c4 evoet_cx '><span class='evoet_location level_3'><em class=\"evcal_location\"  data-add_str=\"32 rue de Lys\" data-n=\"parking de la Ch\u00eanaie\"><i class=\"fa fa-location-pin\"><\/i><em class=\"event_location_name\">parking de la Ch\u00eanaie<\/em>, 32 rue de Lys<\/em><\/span><\/span><\/span><span class='evoet_data' style='display:none' data-d=\"{&quot;loc.n&quot;:&quot;parking de la Ch\\u00eanaie&quot;,&quot;orgs&quot;:{&quot;82&quot;:&quot;Commune de Toufflers&quot;},&quot;tags&quot;:[]}\" data-bgc=\"#4bb5d8\" data-bggrad=\"\" ><\/span><\/a><\/p><div class='event_description evcal_eventcard ' style=\"display:none\"><div class='evocard_row'><div id='event_ftimage' class='evocard_box ftimage' data-c='' \n\t\t\t\t\tstyle=''><div class='evocard_main_image_hold' data-t='Loading Image..'><div class='evocard_main_image evo_img_triglb evocd_img_def evobr15 evobgsc evobgpc evodfx evofx_jc_c evofx_ai_c evofz48 def' style='height:400px; background-image:url(https:\/\/toufflers.fr\/wp-content\/uploads\/2026\/08\/Allumoirs-2026-copie.jpg);' data-f=\"https:\/\/toufflers.fr\/wp-content\/uploads\/2026\/08\/Allumoirs-2026-copie.jpg\" data-h=\"1536\" data-w=\"1024\" data-ratio=\"1.5\" data-event_id=\"7959\" data-ri=\"0\"  data-t='Loading Image..'><\/div><\/div><\/div><\/div><!-- row close --><div class='evocard_row bx2 bx'><div id='event_time' class='evocard_box time' data-c='' \n\t\t\t\t\tstyle=''><div class='evo_metarow_time evorow evcal_evdata_row evcal_evrow_sm '>\n\t\t<span class='evcal_evdata_icons'><i class='fa fa-clock'><\/i><\/span>\n\t\t<div class='evcal_evdata_cell'>\t\t\t\t\t\t\t\n\t\t\t<h3 class='evo_h3'><span class='evcal_evdata_icons'><i class='fa fa-clock'><\/i><\/span>Date \/ Heure<\/h3><div><span class='evo_eventcard_time_t evogap5 evofxww'><span class=\"start\">19 Septembre 2026<\/span> <span class=\"stime\">19h00<\/span><\/span><span class='evo_tz marr5'>(GMT+02:00)<\/span><\/div>\n\t\t<\/div>\n\t<\/div><\/div><div id='event_location' class='evocard_box location' data-c='' \n\t\t\t\t\tstyle=''><div class='evcal_evdata_row evo_metarow_time_location evorow '>\n\t\t\n\t\t\t<span class='evcal_evdata_icons'><i class='fa fa-map-marker'><\/i><\/span>\n\t\t\t<div class='evcal_evdata_cell' data-loc_tax_id='72'><h3 class='evo_h3 evodfx'><span class='evcal_evdata_icons'><i class='fa fa-map-marker'><\/i><\/span>Lieu<\/h3><p class='evo_location_name evofwb evofz16i'>parking de la Ch\u00eanaie<\/p><p class='evo_location_address evodfxi evofxaic evogap10'>32 rue de Lys<button class='evo_copy_address evobuttonA evocurp evohoop7 evopad5' style='' data-txt='32 rue de Lys' data-t='Address copied to clipboard!'><i class='far fa-copy evofz16i' title='Copy Destination Address!' aria-label='Copy Destination Address!'><\/i><\/button><\/p><div class='evodfx evofxdrr evogap10 evofxaic evomart20i'><div class=''><button class='evosp_trigger evobrn evoboxsn evobgclg20 evoff_2 evodfx evofxdrr evogap5 evofxaic evocurp evofwb evoHKx2 evoHbgclg30 evopad5-10i evobr10 evocl1i evofz14i' data-lbvals=\"{&quot;lbdata&quot;:{&quot;class&quot;:&quot;evo_location_lb_72&quot;,&quot;additional_class&quot;:&quot;lb_max&quot;,&quot;title&quot;:&quot;parking de la Ch\\u00eanaie&quot;},&quot;adata&quot;:{&quot;a&quot;:&quot;eventon_get_tax_card_content&quot;,&quot;end&quot;:&quot;client&quot;,&quot;data&quot;:{&quot;lang&quot;:&quot;L1&quot;,&quot;term_id&quot;:72,&quot;tax&quot;:&quot;event_location&quot;,&quot;load_lbcontent&quot;:true}},&quot;uid&quot;:&quot;eventon_get_tax_card_content&quot;}\" data-d=\"{&quot;sp_id&quot;:&quot;evo_location_72&quot;,&quot;adata&quot;:{&quot;a&quot;:&quot;eventon_get_tax_card_content&quot;,&quot;data&quot;:{&quot;eventid&quot;:7959,&quot;ri&quot;:0,&quot;term_id&quot;:72,&quot;tax&quot;:&quot;event_location&quot;,&quot;load_lbcontent&quot;:true,&quot;lang&quot;:&quot;L1&quot;}},&quot;size&quot;:&quot;lar&quot;,&quot;fresh_content&quot;:true}\" >Other Events<i class='fa fa-chevron-right evofz12i evokid evotrans' aria-hidden='true' style='margin-top:2px;'><\/i><\/button><\/div><\/div><\/div>\n\t\t\n\t<\/div><\/div><\/div><!-- row close --><div class='evocard_row'><div id='event_addtocal' class='evocard_box addtocal' data-c='' \n\t\t\t\t\tstyle=''><div class='evo_metarow_ICS evorow evcal_evdata_row'>\n\t\t\t<span class='evcal_evdata_icons'><i class='fa fa-calendar-o'><\/i><\/span>\n\t\t\t<div class='evcal_evdata_cell'>\n\t\t\t\t<p><a href='https:\/\/toufflers.fr\/export-events\/7959_0\/?key=e572f68981' rel='nofollow' class='evo_ics_nCal' title='Ajouter \u00e0 votre calendrier (.ical)'>Ajouter \u00e0 mon calendrier<\/a><a href='https:\/\/www.google.com\/calendar\/event?action=TEMPLATE&text=F%C3%AAte%20des%20Allumoirs&dates=20260919T170000Z\/20260919T215900Z&ctz=Europe%2FParis&details=F%C3%AAte%20des%20Allumoirs&location=parking%20de%20la%20Ch%C3%AAnaie%2032%20rue%20de%20Lys' target='_blank' rel='nofollow' class='evo_ics_gCal' title='Ajouter \u00e0 votre calendrier Google'>Ajouter \u00e0 mon calendrier Google<\/a><\/p>\t\n\t\t\t<\/div>\n\t\t<\/div><\/div><\/div><!-- row close --><div class='evocard_row'><div id='event_organizer' class='evocard_box organizer' data-c='' \n\t\t\t\t\tstyle=''><div class='evo_metarow_organizer evorow evcal_evdata_row evcal_evrow_sm '>\n\t\t<span class='evcal_evdata_icons'><i class='fa fa-microphone'><\/i><\/span>\n\t\t<div class='evcal_evdata_cell'>\t\t\t\t\t\t\t\n\t\t\t<h3 class='evo_h3'>Organisateur<\/h3><div class='evo_evdata_cell_content evodfx evofxww evofxdrr evogap30'><div class='evo_card_organizer evofx_1 evodfx evofxdrr evogap15'><p class='evo_data_val evo_card_organizer_image'>\n\t\t\t<img class='evosp_trigger evo_curp evo_transit_all evo_trans_sc1_03 evo_boxsh_1' data-d=\"{&quot;sp_id&quot;:&quot;evo_organizer_82&quot;,&quot;adata&quot;:{&quot;a&quot;:&quot;eventon_get_tax_card_content&quot;,&quot;data&quot;:{&quot;eventid&quot;:7959,&quot;ri&quot;:0,&quot;term_id&quot;:82,&quot;tax&quot;:&quot;event_organizer&quot;,&quot;load_lbcontent&quot;:true,&quot;lang&quot;:&quot;L1&quot;}},&quot;size&quot;:&quot;lar&quot;,&quot;fresh_content&quot;:true}\"  src='https:\/\/toufflers.fr\/wp-content\/uploads\/2025\/05\/Logo-Commune-de-Toufflers-300x213.png' alt='Logo Commune de Toufflers'\/><\/p><div class='evodfx evofxdrc evofxjcfs'><h4 class='evo_org_name evo_h4 marb5 evottui evocl1i evopadb10i'><span class='evo_card_organizer_name_t marb5'><a  href='https:\/\/toufflers.fr\/index.php\/event-organizer\/commune-de-toufflers\/' class='evocl1i'>Commune de Toufflers<\/a><\/span><\/h4><p class='evo_card_organizer_more'><a class=' evosp_trigger mart10 evodifx evofxdrr evogap5 evofxaic evocurp evofwb evoHKx2 evobgclg20 evoHbgclg40 evopad5-10i evobr10 evocl1i evofz14i' data-d=\"{&quot;sp_id&quot;:&quot;evo_organizer_82&quot;,&quot;adata&quot;:{&quot;a&quot;:&quot;eventon_get_tax_card_content&quot;,&quot;data&quot;:{&quot;eventid&quot;:7959,&quot;ri&quot;:0,&quot;term_id&quot;:82,&quot;tax&quot;:&quot;event_organizer&quot;,&quot;load_lbcontent&quot;:true,&quot;lang&quot;:&quot;L1&quot;}},&quot;size&quot;:&quot;lar&quot;,&quot;fresh_content&quot;:true}\" >Learn More<i class='fa fa-chevron-right evofz12i evokid evotrans' aria-hidden='true' style='margin-top:2px;'><\/i><\/a><\/p><\/div><\/div><!-- evo_card_organizer--><\/div><\/div>\t<\/div><\/div><\/div><!-- row close --><div class='evocard_row'><div id='event_getdirection' class='evocard_box getdirection' data-c='' \n\t\t\t\t\tstyle=''><div class='evo_metarow_getDr evorow evcal_evdata_row evcal_evrow_sm getdirections'>\n\t\t<form action='https:\/\/maps.google.com\/maps' method='get' target='_blank'>\n\t\t\t<input type='hidden' name='daddr' value=\"32 rue de Lys\"\/> \n\t\t\t<div class='evo_get_direction_content evofxdrr evofxww evogap10'>\n\t\t\t\t<span class='evogetdir_header evodfx evofxdrr evofxaic evogap10'>\n\t\t\t\t\t<i class='mainicon fa fa-road evofz24i' aria-hidden='true'><\/i> \n\t\t\t\t\t<h3 class='evo_h3 evopad0i' style='padding-bottom:5px;'>Get Directions<\/h3>\n\t\t\t\t<\/span>\t\t\t\t<p class=''>How do you plan to get there?<\/p>\n\t\t\t\t<div class='evodfx evofxdrr evofxaic evogap5'>\n\t\t\t\t\t\t\t\t\t\t\t<a href='https:\/\/www.google.com\/maps\/dir\/?api=1&origin=Current+Location&destination=32+rue+de+Lys&travelmode=best'  target='_blank' rel='noreferrer' aria-label='Best Route'  class='evodfx evofxdrr evogap5 evofxaic evocurp evohoop7o evofwb evoHKx2 evoHbgclg20 evopad10i evobr10 evocl1i evofz14i evonobtn'><i class='fa fa-diamond-turn-right evotooltipfree' title='Best Route'><\/i><\/a>\t\t\t\t\t\t<a href='https:\/\/www.google.com\/maps\/dir\/?api=1&origin=Current+Location&destination=32+rue+de+Lys&travelmode=driving'  target='_blank' rel='noreferrer' aria-label='Driving'  class='evodfx evofxdrr evogap5 evofxaic evocurp evohoop7o evofwb evoHKx2 evoHbgclg20 evopad10i evobr10 evocl1i evofz14i evonobtn'><i class='fa fa-car evotooltipfree' title='Driving'><\/i><\/a>\t\t\t\t\t\t<a href='https:\/\/www.google.com\/maps\/dir\/?api=1&origin=Current+Location&destination=32+rue+de+Lys&travelmode=transit'  target='_blank' rel='noreferrer' aria-label='Transit'  class='evodfx evofxdrr evogap5 evofxaic evocurp evohoop7o evofwb evoHKx2 evoHbgclg20 evopad10i evobr10 evocl1i evofz14i evonobtn'><i class='fa fa-bus evotooltipfree' title='Transit'><\/i><\/a>\t\t\t\t\t\t<a href='https:\/\/www.google.com\/maps\/dir\/?api=1&origin=Current+Location&destination=32+rue+de+Lys&travelmode=walking'  target='_blank' rel='noreferrer' aria-label='Walking'  class='evodfx evofxdrr evogap5 evofxaic evocurp evohoop7o evofwb evoHKx2 evoHbgclg20 evopad10i evobr10 evocl1i evofz14i evonobtn'><i class='fa fa-person-walking evotooltipfree' title='Walking'><\/i><\/a>\t\t\t\t\t\t<a href='https:\/\/www.google.com\/maps\/dir\/?api=1&origin=Current+Location&destination=32+rue+de+Lys&travelmode=bicycling'  target='_blank' rel='noreferrer' aria-label='Bicycling'  class='evodfx evofxdrr evogap5 evofxaic evocurp evohoop7o evofwb evoHKx2 evoHbgclg20 evopad10i evobr10 evocl1i evofz14i evonobtn'><i class='fa fa-person-biking evotooltipfree' title='Bicycling'><\/i><\/a>\t\n\t\t\t\t<\/div>\n\n\t\t\t\t<\/div>\n\t\t<\/form>\n\t<\/div><\/div><\/div><!-- row close --><button class='evo_card_row_end evcal_close' title='Fermer le texte du bouton d'\u00e9v\u00e9nement'><\/button><\/div><div class='clear end'><\/div><\/div><div style=\"min-height: 250px;\" id=\"event_7129_0\" class=\"eventon_list_event evo_eventtop scheduled  event clrW hasbgimg event_7129_0\" data-event_id=\"7129\" data-ri=\"0r\" data-time=\"1789891200-1789894800\" data-colr=\"#4bb5d8\" itemscope itemtype='http:\/\/schema.org\/Event'><div class=\"evo_event_schema\" style=\"display:none\" ><a itemprop='url'  href='https:\/\/toufflers.fr\/index.php\/events\/clean-up-day\/'><\/a><meta itemprop='image' content=\"https:\/\/toufflers.fr\/wp-content\/uploads\/2025\/08\/WORLD-CLEAN-UP-DAY-2026.png\" \/><meta itemprop='startDate' content=\"2026-9-20T10:00+2:00\" \/><meta itemprop='endDate' content=\"2026-9-20T11:00+2:00\" \/><meta itemprop='eventStatus' content=\"https:\/\/schema.org\/EventScheduled\" \/><meta itemprop='eventAttendanceMode'   itemscope itemtype=\"https:\/\/schema.org\/OfflineEventAttendanceMode\"\/><div style=\"display:none\" itemprop=\"location\" itemscope itemtype=\"http:\/\/schema.org\/Place\"><span itemprop=\"name\">parking de la Ch\u00eanaie<\/span><span itemprop=\"address\" itemscope itemtype=\"http:\/\/schema.org\/PostalAddress\"><item itemprop=\"streetAddress\">32 rue de Lys<\/item><\/span><\/div><div itemprop=\"organizer\" itemscope=\"\" itemtype=\"http:\/\/schema.org\/Organization\"><meta itemprop=\"name\" content=\"Coeur de Terre\">\n\t\t\t\t    \t<\/div><div itemprop=\"performer\" itemscope=\"\" itemtype=\"http:\/\/schema.org\/Person\"><meta itemprop=\"name\" content=\"Coeur de Terre\"><\/div><script type=\"application\/ld+json\">{\"@context\": \"http:\/\/schema.org\",\"@type\": \"Event\",\n\t\t\t\t\"@id\": \"event_7129_0\",\n\t\t\t\t\"eventAttendanceMode\":\"https:\/\/schema.org\/OfflineEventAttendanceMode\",\n\t\t\t\t\"eventStatus\":\"https:\/\/schema.org\/EventScheduled\",\n\t\t\t\t\"name\": \"Clean up Day\",\n\t\t\t\t\"url\": \"https:\/\/toufflers.fr\/index.php\/events\/clean-up-day\/\",\n\t\t\t\t\"startDate\": \"2026-9-20T10:00+2:00\",\n\t\t\t\t\"endDate\": \"2026-9-20T11:00+2:00\",\n\t\t\t\t\"image\":\"https:\/\/toufflers.fr\/wp-content\/uploads\/2025\/08\/WORLD-CLEAN-UP-DAY-2026.png\", \n\t\t\t\t\"description\":\"'Clean up Day'\",\"location\":[{\"@type\":\"Place\",\"name\":\"parking de la Ch\u00eanaie\",\"address\":{\"@type\": \"PostalAddress\",\"streetAddress\":\"32 rue de Lys\"}}],\"organizer\":[{\"@type\":\"Organization\",\"name\":\"Coeur de Terre\"}]}<\/script><\/div>\r\n\t\t\t\t<p class=\"desc_trig_outter\" style=\"background-image:url(https:\/\/toufflers.fr\/wp-content\/uploads\/2025\/08\/WORLD-CLEAN-UP-DAY-2026-150x150.png);background-color:#4bb5d8;\"><a data-gmap_status=\"null\" data-exlk=\"0\" id=\"evc_17898912007129\" href=\"#\" class=\"hasFtIMG desc_trig sin_val evcal_list_a\" data-ux_val=\"3\" data-ux_val_mob=\"-\"  ><span class='evoet_in'><span class='evoet_c1 evoet_cx '><span class='evoet_cy ev_ftImg evotrans imgFxdef' data-img='https:\/\/toufflers.fr\/wp-content\/uploads\/2025\/08\/WORLD-CLEAN-UP-DAY-2026.png' data-thumb='https:\/\/toufflers.fr\/wp-content\/uploads\/2025\/08\/WORLD-CLEAN-UP-DAY-2026-212x300.png' style='background-image:url(\"https:\/\/toufflers.fr\/wp-content\/uploads\/2025\/08\/WORLD-CLEAN-UP-DAY-2026-212x300.png\")' ><\/span><\/span><span class='evoet_c2 evoet_cx '><span class='evoet_dayblock evcal_cblock ' data-bgcolor='#4bb5d8' data-smon='Septembre' data-syr='2026' data-bub=''><span class='evo_start  evofxdrc'><em class='day'>D<\/em><em class='date'>20<\/em><em class='month'>sept<\/em><em class='time'>10h00<\/em><\/span><span class='evo_end only_time evofxdrc'><em class='time'>11h00<\/em><\/span><\/span><\/span><span class='evoet_c3 evoet_cx evcal_desc hide_eventtopdata '><span class='evoet_title evcal_desc2 evcal_event_title ' itemprop='name'>Clean up Day<\/span><span class='event_location_attrs evodni'  data-location_address=\"32 rue de Lys\" data-location_type=\"address\" data-location_name=\"parking de la Ch\u00eanaie\" data-location_url=\"https:\/\/toufflers.fr\/index.php\/event-location\/parking-de-la-chenaie\/\" data-location_status=\"true\" data-locid=\"72\"><\/span><\/span><span class='evoet_c4 evoet_cx '><span class='evoet_location level_3'><em class=\"evcal_location\"  data-add_str=\"32 rue de Lys\" data-n=\"parking de la Ch\u00eanaie\"><i class=\"fa fa-location-pin\"><\/i><em class=\"event_location_name\">parking de la Ch\u00eanaie<\/em>, 32 rue de Lys<\/em><\/span><\/span><\/span><span class='evoet_data' style='display:none' data-d=\"{&quot;loc.n&quot;:&quot;parking de la Ch\\u00eanaie&quot;,&quot;orgs&quot;:{&quot;87&quot;:&quot;Coeur de Terre&quot;},&quot;tags&quot;:[]}\" data-bgc=\"#4bb5d8\" data-bggrad=\"\" ><\/span><\/a><\/p><div class='event_description evcal_eventcard ' style=\"display:none\"><div class='evocard_row'><div id='event_ftimage' class='evocard_box ftimage' data-c='' \n\t\t\t\t\tstyle=''><div class='evocard_main_image_hold' data-t='Loading Image..'><div class='evocard_main_image evo_img_triglb evocd_img_def evobr15 evobgsc evobgpc evodfx evofx_jc_c evofx_ai_c evofz48 def' style='height:400px; background-image:url(https:\/\/toufflers.fr\/wp-content\/uploads\/2025\/08\/WORLD-CLEAN-UP-DAY-2026.png);' data-f=\"https:\/\/toufflers.fr\/wp-content\/uploads\/2025\/08\/WORLD-CLEAN-UP-DAY-2026.png\" data-h=\"2000\" data-w=\"1414\" data-ratio=\"1.4144271570014\" data-event_id=\"7129\" data-ri=\"0\"  data-t='Loading Image..'><\/div><\/div><\/div><\/div><!-- row close --><div class='evocard_row bx2 bx'><div id='event_time' class='evocard_box time' data-c='' \n\t\t\t\t\tstyle=''><div class='evo_metarow_time evorow evcal_evdata_row evcal_evrow_sm '>\n\t\t<span class='evcal_evdata_icons'><i class='fa fa-clock'><\/i><\/span>\n\t\t<div class='evcal_evdata_cell'>\t\t\t\t\t\t\t\n\t\t\t<h3 class='evo_h3'><span class='evcal_evdata_icons'><i class='fa fa-clock'><\/i><\/span>Date \/ Heure<\/h3><div><span class='evo_eventcard_time_t evogap5 evofxww'><span class=\"start\">20 Septembre 2026<\/span> <span class=\"stime\">10h00<\/span> - <span class=\"etime\">11h00<\/span><\/span><span class='evo_tz marr5'>(GMT+02:00)<\/span><\/div>\n\t\t<\/div>\n\t<\/div><\/div><div id='event_location' class='evocard_box location' data-c='' \n\t\t\t\t\tstyle=''><div class='evcal_evdata_row evo_metarow_time_location evorow '>\n\t\t\n\t\t\t<span class='evcal_evdata_icons'><i class='fa fa-map-marker'><\/i><\/span>\n\t\t\t<div class='evcal_evdata_cell' data-loc_tax_id='72'><h3 class='evo_h3 evodfx'><span class='evcal_evdata_icons'><i class='fa fa-map-marker'><\/i><\/span>Lieu<\/h3><p class='evo_location_name evofwb evofz16i'>parking de la Ch\u00eanaie<\/p><p class='evo_location_address evodfxi evofxaic evogap10'>32 rue de Lys<button class='evo_copy_address evobuttonA evocurp evohoop7 evopad5' style='' data-txt='32 rue de Lys' data-t='Address copied to clipboard!'><i class='far fa-copy evofz16i' title='Copy Destination Address!' aria-label='Copy Destination Address!'><\/i><\/button><\/p><div class='evodfx evofxdrr evogap10 evofxaic evomart20i'><div class=''><button class='evosp_trigger evobrn evoboxsn evobgclg20 evoff_2 evodfx evofxdrr evogap5 evofxaic evocurp evofwb evoHKx2 evoHbgclg30 evopad5-10i evobr10 evocl1i evofz14i' data-lbvals=\"{&quot;lbdata&quot;:{&quot;class&quot;:&quot;evo_location_lb_72&quot;,&quot;additional_class&quot;:&quot;lb_max&quot;,&quot;title&quot;:&quot;parking de la Ch\\u00eanaie&quot;},&quot;adata&quot;:{&quot;a&quot;:&quot;eventon_get_tax_card_content&quot;,&quot;end&quot;:&quot;client&quot;,&quot;data&quot;:{&quot;lang&quot;:&quot;L1&quot;,&quot;term_id&quot;:72,&quot;tax&quot;:&quot;event_location&quot;,&quot;load_lbcontent&quot;:true}},&quot;uid&quot;:&quot;eventon_get_tax_card_content&quot;}\" data-d=\"{&quot;sp_id&quot;:&quot;evo_location_72&quot;,&quot;adata&quot;:{&quot;a&quot;:&quot;eventon_get_tax_card_content&quot;,&quot;data&quot;:{&quot;eventid&quot;:7129,&quot;ri&quot;:0,&quot;term_id&quot;:72,&quot;tax&quot;:&quot;event_location&quot;,&quot;load_lbcontent&quot;:true,&quot;lang&quot;:&quot;L1&quot;}},&quot;size&quot;:&quot;lar&quot;,&quot;fresh_content&quot;:true}\" >Other Events<i class='fa fa-chevron-right evofz12i evokid evotrans' aria-hidden='true' style='margin-top:2px;'><\/i><\/button><\/div><\/div><\/div>\n\t\t\n\t<\/div><\/div><\/div><!-- row close --><div class='evocard_row'><div id='event_addtocal' class='evocard_box addtocal' data-c='' \n\t\t\t\t\tstyle=''><div class='evo_metarow_ICS evorow evcal_evdata_row'>\n\t\t\t<span class='evcal_evdata_icons'><i class='fa fa-calendar-o'><\/i><\/span>\n\t\t\t<div class='evcal_evdata_cell'>\n\t\t\t\t<p><a href='https:\/\/toufflers.fr\/export-events\/7129_0\/?key=e572f68981' rel='nofollow' class='evo_ics_nCal' title='Ajouter \u00e0 votre calendrier (.ical)'>Ajouter \u00e0 mon calendrier<\/a><a href='https:\/\/www.google.com\/calendar\/event?action=TEMPLATE&text=Clean%20up%20Day&dates=20260920T080000Z\/20260920T090000Z&ctz=Europe%2FParis&details=Clean%20up%20Day&location=parking%20de%20la%20Ch%C3%AAnaie%2032%20rue%20de%20Lys' target='_blank' rel='nofollow' class='evo_ics_gCal' title='Ajouter \u00e0 votre calendrier Google'>Ajouter \u00e0 mon calendrier Google<\/a><\/p>\t\n\t\t\t<\/div>\n\t\t<\/div><\/div><\/div><!-- row close --><div class='evocard_row'><div id='event_organizer' class='evocard_box organizer' data-c='' \n\t\t\t\t\tstyle=''><div class='evo_metarow_organizer evorow evcal_evdata_row evcal_evrow_sm '>\n\t\t<span class='evcal_evdata_icons'><i class='fa fa-microphone'><\/i><\/span>\n\t\t<div class='evcal_evdata_cell'>\t\t\t\t\t\t\t\n\t\t\t<h3 class='evo_h3'>Organisateur<\/h3><div class='evo_evdata_cell_content evodfx evofxww evofxdrr evogap30'><div class='evo_card_organizer evofx_1 evodfx evofxdrr evogap15'><div class='evodfx evofxdrc evofxjcfs'><h4 class='evo_org_name evo_h4 marb5 evottui evocl1i evopadb10i'><span class='evo_card_organizer_name_t marb5'><a  href='https:\/\/toufflers.fr\/index.php\/event-organizer\/coeur-de-terre\/' class='evocl1i'>Coeur de Terre<\/a><\/span><\/h4><p class='evo_card_organizer_more'><a class=' evosp_trigger mart10 evodifx evofxdrr evogap5 evofxaic evocurp evofwb evoHKx2 evobgclg20 evoHbgclg40 evopad5-10i evobr10 evocl1i evofz14i' data-d=\"{&quot;sp_id&quot;:&quot;evo_organizer_87&quot;,&quot;adata&quot;:{&quot;a&quot;:&quot;eventon_get_tax_card_content&quot;,&quot;data&quot;:{&quot;eventid&quot;:7129,&quot;ri&quot;:0,&quot;term_id&quot;:87,&quot;tax&quot;:&quot;event_organizer&quot;,&quot;load_lbcontent&quot;:true,&quot;lang&quot;:&quot;L1&quot;}},&quot;size&quot;:&quot;lar&quot;,&quot;fresh_content&quot;:true}\" >Learn More<i class='fa fa-chevron-right evofz12i evokid evotrans' aria-hidden='true' style='margin-top:2px;'><\/i><\/a><\/p><\/div><\/div><!-- evo_card_organizer--><\/div><\/div>\t<\/div><\/div><\/div><!-- row close --><div class='evocard_row'><div id='event_getdirection' class='evocard_box getdirection' data-c='' \n\t\t\t\t\tstyle=''><div class='evo_metarow_getDr evorow evcal_evdata_row evcal_evrow_sm getdirections'>\n\t\t<form action='https:\/\/maps.google.com\/maps' method='get' target='_blank'>\n\t\t\t<input type='hidden' name='daddr' value=\"32 rue de Lys\"\/> \n\t\t\t<div class='evo_get_direction_content evofxdrr evofxww evogap10'>\n\t\t\t\t<span class='evogetdir_header evodfx evofxdrr evofxaic evogap10'>\n\t\t\t\t\t<i class='mainicon fa fa-road evofz24i' aria-hidden='true'><\/i> \n\t\t\t\t\t<h3 class='evo_h3 evopad0i' style='padding-bottom:5px;'>Get Directions<\/h3>\n\t\t\t\t<\/span>\t\t\t\t<p class=''>How do you plan to get there?<\/p>\n\t\t\t\t<div class='evodfx evofxdrr evofxaic evogap5'>\n\t\t\t\t\t\t\t\t\t\t\t<a href='https:\/\/www.google.com\/maps\/dir\/?api=1&origin=Current+Location&destination=32+rue+de+Lys&travelmode=best'  target='_blank' rel='noreferrer' aria-label='Best Route'  class='evodfx evofxdrr evogap5 evofxaic evocurp evohoop7o evofwb evoHKx2 evoHbgclg20 evopad10i evobr10 evocl1i evofz14i evonobtn'><i class='fa fa-diamond-turn-right evotooltipfree' title='Best Route'><\/i><\/a>\t\t\t\t\t\t<a href='https:\/\/www.google.com\/maps\/dir\/?api=1&origin=Current+Location&destination=32+rue+de+Lys&travelmode=driving'  target='_blank' rel='noreferrer' aria-label='Driving'  class='evodfx evofxdrr evogap5 evofxaic evocurp evohoop7o evofwb evoHKx2 evoHbgclg20 evopad10i evobr10 evocl1i evofz14i evonobtn'><i class='fa fa-car evotooltipfree' title='Driving'><\/i><\/a>\t\t\t\t\t\t<a href='https:\/\/www.google.com\/maps\/dir\/?api=1&origin=Current+Location&destination=32+rue+de+Lys&travelmode=transit'  target='_blank' rel='noreferrer' aria-label='Transit'  class='evodfx evofxdrr evogap5 evofxaic evocurp evohoop7o evofwb evoHKx2 evoHbgclg20 evopad10i evobr10 evocl1i evofz14i evonobtn'><i class='fa fa-bus evotooltipfree' title='Transit'><\/i><\/a>\t\t\t\t\t\t<a href='https:\/\/www.google.com\/maps\/dir\/?api=1&origin=Current+Location&destination=32+rue+de+Lys&travelmode=walking'  target='_blank' rel='noreferrer' aria-label='Walking'  class='evodfx evofxdrr evogap5 evofxaic evocurp evohoop7o evofwb evoHKx2 evoHbgclg20 evopad10i evobr10 evocl1i evofz14i evonobtn'><i class='fa fa-person-walking evotooltipfree' title='Walking'><\/i><\/a>\t\t\t\t\t\t<a href='https:\/\/www.google.com\/maps\/dir\/?api=1&origin=Current+Location&destination=32+rue+de+Lys&travelmode=bicycling'  target='_blank' rel='noreferrer' aria-label='Bicycling'  class='evodfx evofxdrr evogap5 evofxaic evocurp evohoop7o evofwb evoHKx2 evoHbgclg20 evopad10i evobr10 evocl1i evofz14i evonobtn'><i class='fa fa-person-biking evotooltipfree' title='Bicycling'><\/i><\/a>\t\n\t\t\t\t<\/div>\n\n\t\t\t\t<\/div>\n\t\t<\/form>\n\t<\/div><\/div><\/div><!-- row close --><button class='evo_card_row_end evcal_close' title='Fermer le texte du bouton d'\u00e9v\u00e9nement'><\/button><\/div><div class='clear end'><\/div><\/div><div style=\"min-height: 250px;\" id=\"event_7978_0\" class=\"eventon_list_event evo_eventtop scheduled  event clrW no_et hasbgimg event_7978_0\" data-event_id=\"7978\" data-ri=\"0r\" data-time=\"1790082000-1790114340\" data-colr=\"#4bb5d8\" itemscope itemtype='http:\/\/schema.org\/Event'><div class=\"evo_event_schema\" style=\"display:none\" ><a itemprop='url'  href='https:\/\/toufflers.fr\/index.php\/events\/conference-seniors-les-pieges-du-numerique\/'><\/a><meta itemprop='image' content=\"https:\/\/toufflers.fr\/wp-content\/uploads\/2026\/08\/Conference-seniors.png\" \/><meta itemprop='startDate' content=\"2026-9-22T15:00+2:00\" \/><meta itemprop='endDate' content=\"2026-9-22T23:59+2:00\" \/><meta itemprop='eventStatus' content=\"https:\/\/schema.org\/EventScheduled\" \/><meta itemprop='eventAttendanceMode'   itemscope itemtype=\"https:\/\/schema.org\/OfflineEventAttendanceMode\"\/><div itemprop=\"organizer\" itemscope=\"\" itemtype=\"http:\/\/schema.org\/Organization\"><meta itemprop=\"name\" content=\"Commune de Toufflers\">\n\t\t\t\t    \t<\/div><div itemprop=\"performer\" itemscope=\"\" itemtype=\"http:\/\/schema.org\/Person\"><meta itemprop=\"name\" content=\"Commune de Toufflers\"><\/div><script type=\"application\/ld+json\">{\"@context\": \"http:\/\/schema.org\",\"@type\": \"Event\",\n\t\t\t\t\"@id\": \"event_7978_0\",\n\t\t\t\t\"eventAttendanceMode\":\"https:\/\/schema.org\/OfflineEventAttendanceMode\",\n\t\t\t\t\"eventStatus\":\"https:\/\/schema.org\/EventScheduled\",\n\t\t\t\t\"name\": \"Conf\u00e9rence S\u00e9niors : les pi\u00e8ges du num\u00e9rique\",\n\t\t\t\t\"url\": \"https:\/\/toufflers.fr\/index.php\/events\/conference-seniors-les-pieges-du-numerique\/\",\n\t\t\t\t\"startDate\": \"2026-9-22T15:00+2:00\",\n\t\t\t\t\"endDate\": \"2026-9-22T23:59+2:00\",\n\t\t\t\t\"image\":\"https:\/\/toufflers.fr\/wp-content\/uploads\/2026\/08\/Conference-seniors.png\", \n\t\t\t\t\"description\":\"'Conf\u00e9rence S\u00e9niors : les pi\u00e8ges du num\u00e9rique'\",\"organizer\":[{\"@type\":\"Organization\",\"name\":\"Commune de Toufflers\"}]}<\/script><\/div>\r\n\t\t\t\t<p class=\"desc_trig_outter\" style=\"background-image:url(https:\/\/toufflers.fr\/wp-content\/uploads\/2026\/08\/Conference-seniors-150x150.png);background-color:#4bb5d8;\"><a data-gmap_status=\"null\" data-exlk=\"0\" id=\"evc_17900820007978\" href=\"#\" class=\"hasFtIMG desc_trig sin_val evcal_list_a\" data-ux_val=\"3\" data-ux_val_mob=\"-\"  ><span class='evoet_in'><span class='evoet_c1 evoet_cx '><span class='evoet_cy ev_ftImg evotrans imgFxdef' data-img='https:\/\/toufflers.fr\/wp-content\/uploads\/2026\/08\/Conference-seniors.png' data-thumb='https:\/\/toufflers.fr\/wp-content\/uploads\/2026\/08\/Conference-seniors-200x300.png' style='background-image:url(\"https:\/\/toufflers.fr\/wp-content\/uploads\/2026\/08\/Conference-seniors-200x300.png\")' ><\/span><\/span><span class='evoet_c2 evoet_cx '><span class='evoet_dayblock evcal_cblock ' data-bgcolor='#4bb5d8' data-smon='Septembre' data-syr='2026' data-bub=''><span class='evo_start  evofxdrc'><em class='day'>M<\/em><em class='date'>22<\/em><em class='month'>sept<\/em><em class='time'>15h00<\/em><\/span><\/span><\/span><span class='evoet_c3 evoet_cx evcal_desc hide_eventtopdata '><span class='evoet_title evcal_desc2 evcal_event_title ' itemprop='name'>Conf\u00e9rence S\u00e9niors : les pi\u00e8ges du num\u00e9rique<\/span><\/span><span class='evoet_c4 evoet_cx '><span class='evoet_location level_3'><em class=\"evcal_location\"  data-add_str=\"\" data-n=\"Annexe du restaurant scolaire\"><i class=\"fa fa-location-pin\"><\/i><em class=\"event_location_name\">Annexe du restaurant scolaire<\/em><\/em><\/span><\/span><\/span><span class='evoet_data' style='display:none' data-d=\"{&quot;loc.n&quot;:&quot;Annexe du restaurant scolaire&quot;,&quot;orgs&quot;:{&quot;82&quot;:&quot;Commune de Toufflers&quot;},&quot;tags&quot;:[]}\" data-bgc=\"#4bb5d8\" data-bggrad=\"\" ><\/span><\/a><\/p><div class='event_description evcal_eventcard ' style=\"display:none\"><div class='evocard_row'><div id='event_ftimage' class='evocard_box ftimage' data-c='' \n\t\t\t\t\tstyle=''><div class='evocard_main_image_hold' data-t='Loading Image..'><div class='evocard_main_image evo_img_triglb evocd_img_def evobr15 evobgsc evobgpc evodfx evofx_jc_c evofx_ai_c evofz48 def' style='height:400px; background-image:url(https:\/\/toufflers.fr\/wp-content\/uploads\/2026\/08\/Conference-seniors.png);' data-f=\"https:\/\/toufflers.fr\/wp-content\/uploads\/2026\/08\/Conference-seniors.png\" data-h=\"1536\" data-w=\"1024\" data-ratio=\"1.5\" data-event_id=\"7978\" data-ri=\"0\"  data-t='Loading Image..'><\/div><\/div><\/div><\/div><!-- row close --><div class='evocard_row bx2 bx'><div id='event_time' class='evocard_box time' data-c='' \n\t\t\t\t\tstyle=''><div class='evo_metarow_time evorow evcal_evdata_row evcal_evrow_sm '>\n\t\t<span class='evcal_evdata_icons'><i class='fa fa-clock'><\/i><\/span>\n\t\t<div class='evcal_evdata_cell'>\t\t\t\t\t\t\t\n\t\t\t<h3 class='evo_h3'><span class='evcal_evdata_icons'><i class='fa fa-clock'><\/i><\/span>Date \/ Heure<\/h3><div><span class='evo_eventcard_time_t evogap5 evofxww'><span class=\"start\">22 Septembre 2026<\/span> <span class=\"stime\">15h00<\/span><\/span><span class='evo_tz marr5'>(GMT+02:00)<\/span><\/div>\n\t\t<\/div>\n\t<\/div><\/div><div id='event_location' class='evocard_box location' data-c='' \n\t\t\t\t\tstyle=''><div class='evcal_evdata_row evo_metarow_time_location evorow '>\n\t\t\n\t\t\t<span class='evcal_evdata_icons'><i class='fa fa-map-marker'><\/i><\/span>\n\t\t\t<div class='evcal_evdata_cell' data-loc_tax_id='98'><h3 class='evo_h3 evodfx'><span class='evcal_evdata_icons'><i class='fa fa-map-marker'><\/i><\/span>Lieu<\/h3><p class='evo_location_name evofwb evofz16i'>Annexe du restaurant scolaire<\/p><div class='evodfx evofxdrr evogap10 evofxaic evomart20i'><div class=''><button class='evosp_trigger evobrn evoboxsn evobgclg20 evoff_2 evodfx evofxdrr evogap5 evofxaic evocurp evofwb evoHKx2 evoHbgclg30 evopad5-10i evobr10 evocl1i evofz14i' data-lbvals=\"{&quot;lbdata&quot;:{&quot;class&quot;:&quot;evo_location_lb_98&quot;,&quot;additional_class&quot;:&quot;lb_max&quot;,&quot;title&quot;:&quot;Annexe du restaurant scolaire&quot;},&quot;adata&quot;:{&quot;a&quot;:&quot;eventon_get_tax_card_content&quot;,&quot;end&quot;:&quot;client&quot;,&quot;data&quot;:{&quot;lang&quot;:&quot;L1&quot;,&quot;term_id&quot;:98,&quot;tax&quot;:&quot;event_location&quot;,&quot;load_lbcontent&quot;:true}},&quot;uid&quot;:&quot;eventon_get_tax_card_content&quot;}\" data-d=\"{&quot;sp_id&quot;:&quot;evo_location_98&quot;,&quot;adata&quot;:{&quot;a&quot;:&quot;eventon_get_tax_card_content&quot;,&quot;data&quot;:{&quot;eventid&quot;:7978,&quot;ri&quot;:0,&quot;term_id&quot;:98,&quot;tax&quot;:&quot;event_location&quot;,&quot;load_lbcontent&quot;:true,&quot;lang&quot;:&quot;L1&quot;}},&quot;size&quot;:&quot;lar&quot;,&quot;fresh_content&quot;:true}\" >Other Events<i class='fa fa-chevron-right evofz12i evokid evotrans' aria-hidden='true' style='margin-top:2px;'><\/i><\/button><\/div><\/div><\/div>\n\t\t\n\t<\/div><\/div><\/div><!-- row close --><div class='evocard_row'><div id='event_addtocal' class='evocard_box addtocal' data-c='' \n\t\t\t\t\tstyle=''><div class='evo_metarow_ICS evorow evcal_evdata_row'>\n\t\t\t<span class='evcal_evdata_icons'><i class='fa fa-calendar-o'><\/i><\/span>\n\t\t\t<div class='evcal_evdata_cell'>\n\t\t\t\t<p><a href='https:\/\/toufflers.fr\/export-events\/7978_0\/?key=e572f68981' rel='nofollow' class='evo_ics_nCal' title='Ajouter \u00e0 votre calendrier (.ical)'>Ajouter \u00e0 mon calendrier<\/a><a href='https:\/\/www.google.com\/calendar\/event?action=TEMPLATE&text=Conf%C3%A9rence%20S%C3%A9niors%20%3A%20les%20pi%C3%A8ges%20du%20num%C3%A9rique&dates=20260922T130000Z\/20260922T215900Z&ctz=Europe%2FParis&details=Conf%C3%A9rence%20S%C3%A9niors%20%3A%20les%20pi%C3%A8ges%20du%20num%C3%A9rique&location=Annexe%20du%20restaurant%20scolaire' target='_blank' rel='nofollow' class='evo_ics_gCal' title='Ajouter \u00e0 votre calendrier Google'>Ajouter \u00e0 mon calendrier Google<\/a><\/p>\t\n\t\t\t<\/div>\n\t\t<\/div><\/div><\/div><!-- row close --><div class='evocard_row'><div id='event_organizer' class='evocard_box organizer' data-c='' \n\t\t\t\t\tstyle=''><div class='evo_metarow_organizer evorow evcal_evdata_row evcal_evrow_sm '>\n\t\t<span class='evcal_evdata_icons'><i class='fa fa-microphone'><\/i><\/span>\n\t\t<div class='evcal_evdata_cell'>\t\t\t\t\t\t\t\n\t\t\t<h3 class='evo_h3'>Organisateur<\/h3><div class='evo_evdata_cell_content evodfx evofxww evofxdrr evogap30'><div class='evo_card_organizer evofx_1 evodfx evofxdrr evogap15'><p class='evo_data_val evo_card_organizer_image'>\n\t\t\t<img class='evosp_trigger evo_curp evo_transit_all evo_trans_sc1_03 evo_boxsh_1' data-d=\"{&quot;sp_id&quot;:&quot;evo_organizer_82&quot;,&quot;adata&quot;:{&quot;a&quot;:&quot;eventon_get_tax_card_content&quot;,&quot;data&quot;:{&quot;eventid&quot;:7978,&quot;ri&quot;:0,&quot;term_id&quot;:82,&quot;tax&quot;:&quot;event_organizer&quot;,&quot;load_lbcontent&quot;:true,&quot;lang&quot;:&quot;L1&quot;}},&quot;size&quot;:&quot;lar&quot;,&quot;fresh_content&quot;:true}\"  src='https:\/\/toufflers.fr\/wp-content\/uploads\/2025\/05\/Logo-Commune-de-Toufflers-300x213.png' alt='Logo Commune de Toufflers'\/><\/p><div class='evodfx evofxdrc evofxjcfs'><h4 class='evo_org_name evo_h4 marb5 evottui evocl1i evopadb10i'><span class='evo_card_organizer_name_t marb5'><a  href='https:\/\/toufflers.fr\/index.php\/event-organizer\/commune-de-toufflers\/' class='evocl1i'>Commune de Toufflers<\/a><\/span><\/h4><p class='evo_card_organizer_more'><a class=' evosp_trigger mart10 evodifx evofxdrr evogap5 evofxaic evocurp evofwb evoHKx2 evobgclg20 evoHbgclg40 evopad5-10i evobr10 evocl1i evofz14i' data-d=\"{&quot;sp_id&quot;:&quot;evo_organizer_82&quot;,&quot;adata&quot;:{&quot;a&quot;:&quot;eventon_get_tax_card_content&quot;,&quot;data&quot;:{&quot;eventid&quot;:7978,&quot;ri&quot;:0,&quot;term_id&quot;:82,&quot;tax&quot;:&quot;event_organizer&quot;,&quot;load_lbcontent&quot;:true,&quot;lang&quot;:&quot;L1&quot;}},&quot;size&quot;:&quot;lar&quot;,&quot;fresh_content&quot;:true}\" >Learn More<i class='fa fa-chevron-right evofz12i evokid evotrans' aria-hidden='true' style='margin-top:2px;'><\/i><\/a><\/p><\/div><\/div><!-- evo_card_organizer--><\/div><\/div>\t<\/div><\/div><\/div><!-- row close --><button class='evo_card_row_end evcal_close' title='Fermer le texte du bouton d'\u00e9v\u00e9nement'><\/button><\/div><div class='clear end'><\/div><\/div><\/div>\t\t\t<\/div>\r\n\t\t\t<\/div><!-- evo_events_list_box -->\t\r\n\t\t\t<div class='clear'><\/div>\r\n\t\t\t\t\t \t<div id='evcal_footer' class='evo_bottom' style='display:none'>\r\n\t\t \t\t<div class='evo_cal_data' data-sc=\"{&quot;accord&quot;:&quot;no&quot;,&quot;bottom_nav&quot;:&quot;no&quot;,&quot;cal_id&quot;:&quot;&quot;,&quot;cal_init_nonajax&quot;:&quot;no&quot;,&quot;calendar_type&quot;:&quot;list&quot;,&quot;ep_fields&quot;:&quot;&quot;,&quot;etc_override&quot;:&quot;no&quot;,&quot;evc_open&quot;:&quot;no&quot;,&quot;event_count&quot;:0,&quot;event_location&quot;:&quot;all&quot;,&quot;event_order&quot;:&quot;ASC&quot;,&quot;event_organizer&quot;:&quot;all&quot;,&quot;event_parts&quot;:&quot;no&quot;,&quot;event_past_future&quot;:&quot;all&quot;,&quot;event_status&quot;:&quot;all&quot;,&quot;event_tag&quot;:&quot;all&quot;,&quot;event_type&quot;:&quot;all&quot;,&quot;event_type_2&quot;:&quot;all&quot;,&quot;event_virtual&quot;:&quot;all&quot;,&quot;eventtop_date_style&quot;:0,&quot;eventtop_style&quot;:&quot;1&quot;,&quot;exp_jumper&quot;:&quot;no&quot;,&quot;exp_so&quot;:&quot;no&quot;,&quot;filter_relationship&quot;:&quot;AND&quot;,&quot;filter_show_set_only&quot;:&quot;no&quot;,&quot;filter_style&quot;:&quot;default&quot;,&quot;filter_type&quot;:&quot;default&quot;,&quot;filters&quot;:&quot;yes&quot;,&quot;fixed_month&quot;:&quot;9&quot;,&quot;fixed_year&quot;:&quot;2026&quot;,&quot;focus_end_date_range&quot;:&quot;1801436399&quot;,&quot;focus_start_date_range&quot;:&quot;1788213600&quot;,&quot;ft_event_priority&quot;:&quot;no&quot;,&quot;hide_arrows&quot;:&quot;no&quot;,&quot;hide_cancels&quot;:&quot;no&quot;,&quot;hide_empty_months&quot;:&quot;yes&quot;,&quot;hide_end_time&quot;:&quot;no&quot;,&quot;hide_et_dn&quot;:&quot;no&quot;,&quot;hide_et_extra&quot;:&quot;no&quot;,&quot;hide_et_tags&quot;:&quot;no&quot;,&quot;hide_et_tl&quot;:&quot;no&quot;,&quot;hide_ft&quot;:&quot;no&quot;,&quot;hide_ft_img&quot;:&quot;no&quot;,&quot;hide_month_headers&quot;:&quot;no&quot;,&quot;hide_mult_occur&quot;:&quot;no&quot;,&quot;hide_past&quot;:&quot;no&quot;,&quot;hide_past_by&quot;:&quot;ee&quot;,&quot;hide_so&quot;:&quot;yes&quot;,&quot;ics&quot;:&quot;no&quot;,&quot;jumper&quot;:&quot;no&quot;,&quot;jumper_count&quot;:5,&quot;jumper_offset&quot;:&quot;0&quot;,&quot;lang&quot;:&quot;L1&quot;,&quot;layout_changer&quot;:&quot;no&quot;,&quot;livenow_bar&quot;:&quot;yes&quot;,&quot;mapformat&quot;:&quot;roadmap&quot;,&quot;mapiconurl&quot;:&quot;&quot;,&quot;maps_load&quot;:&quot;no&quot;,&quot;mapscroll&quot;:&quot;true&quot;,&quot;mapzoom&quot;:&quot;18&quot;,&quot;members_only&quot;:&quot;no&quot;,&quot;ml_priority&quot;:&quot;no&quot;,&quot;ml_toend&quot;:&quot;no&quot;,&quot;month_incre&quot;:0,&quot;number_of_months&quot;:&quot;5&quot;,&quot;only_ft&quot;:&quot;no&quot;,&quot;pec&quot;:&quot;&quot;,&quot;s&quot;:&quot;&quot;,&quot;search&quot;:&quot;&quot;,&quot;search_all&quot;:&quot;no&quot;,&quot;sep_month&quot;:&quot;yes&quot;,&quot;show_et_ft_img&quot;:&quot;yes&quot;,&quot;show_limit&quot;:&quot;no&quot;,&quot;show_limit_ajax&quot;:&quot;no&quot;,&quot;show_limit_paged&quot;:1,&quot;show_limit_redir&quot;:&quot;&quot;,&quot;show_repeats&quot;:&quot;no&quot;,&quot;show_search&quot;:&quot;no&quot;,&quot;show_upcoming&quot;:0,&quot;show_year&quot;:&quot;yes&quot;,&quot;social_share&quot;:&quot;no&quot;,&quot;sort_by&quot;:&quot;sort_date&quot;,&quot;tile_bg&quot;:&quot;1&quot;,&quot;tile_bg_size&quot;:&quot;thumb&quot;,&quot;tile_count&quot;:&quot;4&quot;,&quot;tile_height&quot;:&quot;250px&quot;,&quot;tile_style&quot;:0,&quot;tiles&quot;:&quot;yes&quot;,&quot;ux_val&quot;:&quot;3&quot;,&quot;view_switcher&quot;:&quot;no&quot;,&quot;wpml_l1&quot;:&quot;&quot;,&quot;wpml_l2&quot;:&quot;&quot;,&quot;wpml_l3&quot;:&quot;&quot;,&quot;x_ids&quot;:&quot;&quot;,&quot;yl_priority&quot;:&quot;no&quot;,&quot;yl_toend&quot;:&quot;no&quot;,&quot;fixed_day&quot;:&quot;5&quot;,&quot;_cver&quot;:&quot;5.0.13&quot;}\" data-filter_data=\"[]\" data-nav_data=\"{&quot;month_title&quot;:&quot;&lt;p id=&#039;evcal_cur&#039; class=&#039;evo_month_title padr10&#039;&gt; Septembre, 2026&lt;\\\/p&gt;&quot;,&quot;arrows&quot;:&quot;&lt;p class=&#039;evo_arrows&#039;&gt;\\r\\n\\t\\t\\t\\t\\t&lt;button id=&#039;evcal_prev&#039; class=&#039;evcal_arrows evcal_btn_prev evodfx evofx_jc_c evofx_ai_c&#039; aria-label=&#039;Previous Month&#039;&gt;&lt;i class=&#039;fa fa-chevron-left&#039; aria-hidden=&#039;true&#039;&gt;&lt;\\\/i&gt;&lt;\\\/button&gt;\\r\\n\\t\\t\\t\\t\\t&lt;button id=&#039;evcal_next&#039; class=&#039;evcal_arrows evo_arrow_next evcal_btn_next evodfx evofx_jc_c evofx_ai_c&#039; aria-label=&#039;Next Month&#039;&gt;&lt;i class=&#039;fa fa-chevron-right&#039; aria-hidden=&#039;true&#039;&gt;&lt;\\\/i&gt;&lt;\\\/button&gt;\\r\\n\\t\\t\\t\\t\\t&lt;\\\/p&gt;&quot;}\" data-od=\"{&quot;lang_no_events&quot;:&quot;No Events&quot;,&quot;cal_tz_offset&quot;:120,&quot;cal_tz&quot;:&quot;Europe\\\/Paris&quot;}\" ><\/div>\r\n\t\t \t\t<div class='evo_cal_events' data-events=\"\"><\/div>\r\n\t\t \t<\/div>\r\n\t\t\t\t\r\n\t\t\t\r\n\t\t\t\t\t\t<\/div><!-- EventON End -->\r\n\t\t\t<\/p>\n[\/spb_text_block] [\/spb_row] [spb_blank_spacer height=&#8221;30px&#8221; width=&#8221;1\/1&#8243; el_position=&#8221;first last&#8221;] [spb_divider type=&#8221;standard&#8221; text=&#8221;Go to top&#8221; top_margin=&#8221;0px&#8221; bottom_margin=&#8221;30px&#8221; fullwidth=&#8221;no&#8221; width=&#8221;1\/1&#8243; el_position=&#8221;first last&#8221;] [spb_row element_name=&#8221;Actualit\u00e9s&#8221; wrap_type=&#8221;standard-width&#8221; row_bg_type=&#8221;color&#8221; color_row_height=&#8221;content-height&#8221; bg_type=&#8221;cover&#8221; parallax_image_height=&#8221;content-height&#8221; parallax_image_movement=&#8221;fixed&#8221; parallax_image_speed=&#8221;standard&#8221; bg_video_loop=&#8221;yes&#8221; parallax_video_height=&#8221;window-height&#8221; row_id=&#8221;Actualit\u00e9s&#8221; row_name=&#8221;Actualit\u00e9s&#8221; row_top_style=&#8221;none&#8221; row_bottom_style=&#8221;none&#8221; parallax_video_overlay=&#8221;none&#8221; row_overlay_opacity=&#8221;0&#8243; remove_element_spacing=&#8221;no&#8221; row_col_spacing=&#8221;0&#8243; row_col_pos=&#8221;default&#8221; row_col_equal_heights=&#8221;no&#8221; row_expanding=&#8221;no&#8221; row_animation=&#8221;none&#8221; row_animation_delay=&#8221;0&#8243; minimize_row=&#8221;no&#8221; simplified_controls=&#8221;yes&#8221; custom_css_percentage=&#8221;no&#8221; custom_css=&#8221;margin-top: 0px;margin-bottom: 0px;&#8221; border_styling_global=&#8221;default&#8221; width=&#8221;1\/1&#8243; el_position=&#8221;first last&#8221;] [spb_text_block element_name=&#8221;Actualit\u00e9s&#8221; title=&#8221;Actualit\u00e9s&#8221; icon=&#8221;fa-newspaper&#8221; animation=&#8221;none&#8221; animation_delay=&#8221;0&#8243; simplified_controls=&#8221;yes&#8221; custom_css_percentage=&#8221;no&#8221; padding_vertical=&#8221;0&#8243; padding_horizontal=&#8221;0&#8243; margin_vertical=&#8221;0&#8243; custom_css=&#8221;margin-top: 0px;margin-bottom: 0px;&#8221; border_size=&#8221;0&#8243; border_styling_global=&#8221;default&#8221; width=&#8221;1\/1&#8243; el_position=&#8221;first last&#8221;][\/spb_text_block] [spb_recent_posts display_type=&#8221;showcase&#8221; carousel=&#8221;no&#8221; item_columns=&#8221;5&#8243; item_count=&#8221;12&#8243; category=&#8221;actualite&#8221; offset=&#8221;0&#8243; posts_order=&#8221;DESC&#8221; excerpt_length=&#8221;20&#8243; fullwidth=&#8221;no&#8221; gutters=&#8221;yes&#8221; button_enabled=&#8221;no&#8221; pagination=&#8221;yes&#8221; width=&#8221;1\/1&#8243; el_position=&#8221;first last&#8221;] [\/spb_row]\n","protected":false},"excerpt":{"rendered":"<p>[spb_row element_name=&#8221;Acc\u00e8s rapide&#8221; wrap_type=&#8221;standard-width&#8221; row_bg_type=&#8221;color&#8221; color_row_height=&#8221;content-height&#8221; bg_type=&#8221;cover&#8221; parallax_image_height=&#8221;content-height&#8221; parallax_image_movement=&#8221;fixed&#8221; parallax_image_speed=&#8221;standard&#8221; bg_video_loop=&#8221;yes&#8221; parallax_video_height=&#8221;window-height&#8221; row_id=&#8221;Acc\u00e8s rapide&#8221; row_name=&#8221;Acc\u00e8s rapide&#8221; row_top_style=&#8221;none&#8221; row_bottom_style=&#8221;none&#8221; parallax_video_overlay=&#8221;none&#8221; row_overlay_opacity=&#8221;0&#8243; remove_element_spacing=&#8221;no&#8221; row_col_spacing=&#8221;0&#8243; row_col_pos=&#8221;default&#8221; row_col_equal_heights=&#8221;no&#8221; row_expanding=&#8221;no&#8221; row_animation=&#8221;none&#8221; row_animation_delay=&#8221;0&#8243; minimize_row=&#8221;no&#8221; simplified_controls=&#8221;yes&#8221; custom_css_percentage=&#8221;no&#8221; custom_css=&#8221;margin-top: 0px;margin-bottom: 0px;&#8221; border_styling_global=&#8221;default&#8221; width=&#8221;1\/1&#8243; el_position=&#8221;first last&#8221;] [spb_text_block element_name=&#8221;Acc\u00e8s rapide&#8221; title=&#8221;Acc\u00e8s rapide&#8221; icon=&#8221;fa-computer-mouse&#8221; animation=&#8221;none&#8221; animation_delay=&#8221;0&#8243; simplified_controls=&#8221;yes&#8221; custom_css_percentage=&#8221;no&#8221; padding_vertical=&#8221;0&#8243; padding_horizontal=&#8221;0&#8243; margin_vertical=&#8221;0&#8243; custom_css=&#8221;margin-top: 0px;margin-bottom: 0px;&#8221; border_size=&#8221;0&#8243; border_styling_global=&#8221;default&#8221; width=&#8221;1\/1&#8243; el_position=&#8221;first last&#8221;][\/spb_text_block] [spb_column col_sm=&#8221;3&#8243; [&hellip;]<\/p>\n","protected":false},"author":2,"featured_media":0,"parent":0,"menu_order":0,"comment_status":"closed","ping_status":"closed","template":"","meta":{"footnotes":""},"class_list":["post-2215","page","type-page","status-publish","hentry"],"yoast_head":"<!-- This site is optimized with the Yoast SEO plugin v28.3 - https:\/\/yoast.com\/product\/yoast-seo-wordpress\/ -->\n<title>Mairie de Toufflers<\/title>\n<meta name=\"robots\" content=\"index, follow, max-snippet:-1, max-image-preview:large, max-video-preview:-1\" \/>\n<link rel=\"canonical\" href=\"https:\/\/toufflers.fr\/\" \/>\n<meta property=\"og:locale\" content=\"fr_FR\" \/>\n<meta property=\"og:type\" content=\"article\" \/>\n<meta property=\"og:title\" content=\"Mairie de Toufflers\" \/>\n<meta property=\"og:description\" content=\"[spb_row element_name=&#8221;Acc\u00e8s rapide&#8221; wrap_type=&#8221;standard-width&#8221; row_bg_type=&#8221;color&#8221; color_row_height=&#8221;content-height&#8221; bg_type=&#8221;cover&#8221; parallax_image_height=&#8221;content-height&#8221; parallax_image_movement=&#8221;fixed&#8221; parallax_image_speed=&#8221;standard&#8221; bg_video_loop=&#8221;yes&#8221; parallax_video_height=&#8221;window-height&#8221; row_id=&#8221;Acc\u00e8s rapide&#8221; row_name=&#8221;Acc\u00e8s rapide&#8221; row_top_style=&#8221;none&#8221; row_bottom_style=&#8221;none&#8221; parallax_video_overlay=&#8221;none&#8221; row_overlay_opacity=&#8221;0&#8243; remove_element_spacing=&#8221;no&#8221; row_col_spacing=&#8221;0&#8243; row_col_pos=&#8221;default&#8221; row_col_equal_heights=&#8221;no&#8221; row_expanding=&#8221;no&#8221; row_animation=&#8221;none&#8221; row_animation_delay=&#8221;0&#8243; minimize_row=&#8221;no&#8221; simplified_controls=&#8221;yes&#8221; custom_css_percentage=&#8221;no&#8221; custom_css=&#8221;margin-top: 0px;margin-bottom: 0px;&#8221; border_styling_global=&#8221;default&#8221; width=&#8221;1\/1&#8243; el_position=&#8221;first last&#8221;] [spb_text_block element_name=&#8221;Acc\u00e8s rapide&#8221; title=&#8221;Acc\u00e8s rapide&#8221; icon=&#8221;fa-computer-mouse&#8221; animation=&#8221;none&#8221; animation_delay=&#8221;0&#8243; simplified_controls=&#8221;yes&#8221; custom_css_percentage=&#8221;no&#8221; padding_vertical=&#8221;0&#8243; padding_horizontal=&#8221;0&#8243; margin_vertical=&#8221;0&#8243; custom_css=&#8221;margin-top: 0px;margin-bottom: 0px;&#8221; border_size=&#8221;0&#8243; border_styling_global=&#8221;default&#8221; width=&#8221;1\/1&#8243; el_position=&#8221;first last&#8221;][\/spb_text_block] [spb_column col_sm=&#8221;3&#8243; [&hellip;]\" \/>\n<meta property=\"og:url\" content=\"https:\/\/toufflers.fr\/\" \/>\n<meta property=\"og:site_name\" content=\"Toufflers\" \/>\n<meta property=\"article:publisher\" content=\"https:\/\/www.facebook.com\/people\/Mairie-de-Toufflers\/100064872632846\/?fref=ts\" \/>\n<meta property=\"article:modified_time\" content=\"2026-04-19T15:30:09+00:00\" \/>\n<meta property=\"og:image\" content=\"https:\/\/toufflers.fr\/wp-content\/uploads\/2024\/04\/logo-myperischool-200x200-1.png\" \/>\n\t<meta property=\"og:image:width\" content=\"200\" \/>\n\t<meta property=\"og:image:height\" content=\"200\" \/>\n\t<meta property=\"og:image:type\" content=\"image\/png\" \/>\n<meta name=\"twitter:card\" content=\"summary_large_image\" \/>\n<meta name=\"twitter:label1\" content=\"Dur\u00e9e de lecture estim\u00e9e\" \/>\n\t<meta name=\"twitter:data1\" content=\"3 minutes\" \/>\n<script type=\"application\/ld+json\" class=\"yoast-schema-graph\">{\"@context\":\"https:\\\/\\\/schema.org\",\"@graph\":[{\"@type\":\"WebPage\",\"@id\":\"https:\\\/\\\/toufflers.fr\\\/\",\"url\":\"https:\\\/\\\/toufflers.fr\\\/\",\"name\":\"Mairie de Toufflers\",\"isPartOf\":{\"@id\":\"https:\\\/\\\/toufflers.fr\\\/#website\"},\"primaryImageOfPage\":{\"@id\":\"https:\\\/\\\/toufflers.fr\\\/#primaryimage\"},\"image\":{\"@id\":\"https:\\\/\\\/toufflers.fr\\\/#primaryimage\"},\"thumbnailUrl\":\"https:\\\/\\\/toufflers.fr\\\/wp-content\\\/uploads\\\/2024\\\/04\\\/logo-myperischool-200x200-1.png\",\"datePublished\":\"2019-02-28T13:07:29+00:00\",\"dateModified\":\"2026-04-19T15:30:09+00:00\",\"breadcrumb\":{\"@id\":\"https:\\\/\\\/toufflers.fr\\\/#breadcrumb\"},\"inLanguage\":\"fr-FR\",\"potentialAction\":[{\"@type\":\"ReadAction\",\"target\":[\"https:\\\/\\\/toufflers.fr\\\/\"]}]},{\"@type\":\"ImageObject\",\"inLanguage\":\"fr-FR\",\"@id\":\"https:\\\/\\\/toufflers.fr\\\/#primaryimage\",\"url\":\"https:\\\/\\\/toufflers.fr\\\/wp-content\\\/uploads\\\/2024\\\/04\\\/logo-myperischool-200x200-1.png\",\"contentUrl\":\"https:\\\/\\\/toufflers.fr\\\/wp-content\\\/uploads\\\/2024\\\/04\\\/logo-myperischool-200x200-1.png\",\"width\":200,\"height\":200},{\"@type\":\"BreadcrumbList\",\"@id\":\"https:\\\/\\\/toufflers.fr\\\/#breadcrumb\",\"itemListElement\":[{\"@type\":\"ListItem\",\"position\":1,\"name\":\"Accueil\",\"item\":\"https:\\\/\\\/toufflers.fr\\\/\"},{\"@type\":\"ListItem\",\"position\":2,\"name\":\"Accueil\"}]},{\"@type\":\"WebSite\",\"@id\":\"https:\\\/\\\/toufflers.fr\\\/#website\",\"url\":\"https:\\\/\\\/toufflers.fr\\\/\",\"name\":\"Toufflers\",\"description\":\"\",\"publisher\":{\"@id\":\"https:\\\/\\\/toufflers.fr\\\/#organization\"},\"potentialAction\":[{\"@type\":\"SearchAction\",\"target\":{\"@type\":\"EntryPoint\",\"urlTemplate\":\"https:\\\/\\\/toufflers.fr\\\/?s={search_term_string}\"},\"query-input\":{\"@type\":\"PropertyValueSpecification\",\"valueRequired\":true,\"valueName\":\"search_term_string\"}}],\"inLanguage\":\"fr-FR\"},{\"@type\":\"Organization\",\"@id\":\"https:\\\/\\\/toufflers.fr\\\/#organization\",\"name\":\"Toufflers\",\"url\":\"https:\\\/\\\/toufflers.fr\\\/\",\"logo\":{\"@type\":\"ImageObject\",\"inLanguage\":\"fr-FR\",\"@id\":\"https:\\\/\\\/toufflers.fr\\\/#\\\/schema\\\/logo\\\/image\\\/\",\"url\":\"https:\\\/\\\/toufflers.fr\\\/wp-content\\\/uploads\\\/2024\\\/02\\\/Logo-site.png\",\"contentUrl\":\"https:\\\/\\\/toufflers.fr\\\/wp-content\\\/uploads\\\/2024\\\/02\\\/Logo-site.png\",\"width\":2560,\"height\":721,\"caption\":\"Toufflers\"},\"image\":{\"@id\":\"https:\\\/\\\/toufflers.fr\\\/#\\\/schema\\\/logo\\\/image\\\/\"},\"sameAs\":[\"https:\\\/\\\/www.facebook.com\\\/people\\\/Mairie-de-Toufflers\\\/100064872632846\\\/?fref=ts\"]}]}<\/script>\n<!-- \/ Yoast SEO plugin. -->","yoast_head_json":{"title":"Mairie de Toufflers","robots":{"index":"index","follow":"follow","max-snippet":"max-snippet:-1","max-image-preview":"max-image-preview:large","max-video-preview":"max-video-preview:-1"},"canonical":"https:\/\/toufflers.fr\/","og_locale":"fr_FR","og_type":"article","og_title":"Mairie de Toufflers","og_description":"[spb_row element_name=&#8221;Acc\u00e8s rapide&#8221; wrap_type=&#8221;standard-width&#8221; row_bg_type=&#8221;color&#8221; color_row_height=&#8221;content-height&#8221; bg_type=&#8221;cover&#8221; parallax_image_height=&#8221;content-height&#8221; parallax_image_movement=&#8221;fixed&#8221; parallax_image_speed=&#8221;standard&#8221; bg_video_loop=&#8221;yes&#8221; parallax_video_height=&#8221;window-height&#8221; row_id=&#8221;Acc\u00e8s rapide&#8221; row_name=&#8221;Acc\u00e8s rapide&#8221; row_top_style=&#8221;none&#8221; row_bottom_style=&#8221;none&#8221; parallax_video_overlay=&#8221;none&#8221; row_overlay_opacity=&#8221;0&#8243; remove_element_spacing=&#8221;no&#8221; row_col_spacing=&#8221;0&#8243; row_col_pos=&#8221;default&#8221; row_col_equal_heights=&#8221;no&#8221; row_expanding=&#8221;no&#8221; row_animation=&#8221;none&#8221; row_animation_delay=&#8221;0&#8243; minimize_row=&#8221;no&#8221; simplified_controls=&#8221;yes&#8221; custom_css_percentage=&#8221;no&#8221; custom_css=&#8221;margin-top: 0px;margin-bottom: 0px;&#8221; border_styling_global=&#8221;default&#8221; width=&#8221;1\/1&#8243; el_position=&#8221;first last&#8221;] [spb_text_block element_name=&#8221;Acc\u00e8s rapide&#8221; title=&#8221;Acc\u00e8s rapide&#8221; icon=&#8221;fa-computer-mouse&#8221; animation=&#8221;none&#8221; animation_delay=&#8221;0&#8243; simplified_controls=&#8221;yes&#8221; custom_css_percentage=&#8221;no&#8221; padding_vertical=&#8221;0&#8243; padding_horizontal=&#8221;0&#8243; margin_vertical=&#8221;0&#8243; custom_css=&#8221;margin-top: 0px;margin-bottom: 0px;&#8221; border_size=&#8221;0&#8243; border_styling_global=&#8221;default&#8221; width=&#8221;1\/1&#8243; el_position=&#8221;first last&#8221;][\/spb_text_block] [spb_column col_sm=&#8221;3&#8243; [&hellip;]","og_url":"https:\/\/toufflers.fr\/","og_site_name":"Toufflers","article_publisher":"https:\/\/www.facebook.com\/people\/Mairie-de-Toufflers\/100064872632846\/?fref=ts","article_modified_time":"2026-04-19T15:30:09+00:00","og_image":[{"width":200,"height":200,"url":"https:\/\/toufflers.fr\/wp-content\/uploads\/2024\/04\/logo-myperischool-200x200-1.png","type":"image\/png"}],"twitter_card":"summary_large_image","twitter_misc":{"Dur\u00e9e de lecture estim\u00e9e":"3 minutes"},"schema":{"@context":"https:\/\/schema.org","@graph":[{"@type":"WebPage","@id":"https:\/\/toufflers.fr\/","url":"https:\/\/toufflers.fr\/","name":"Mairie de Toufflers","isPartOf":{"@id":"https:\/\/toufflers.fr\/#website"},"primaryImageOfPage":{"@id":"https:\/\/toufflers.fr\/#primaryimage"},"image":{"@id":"https:\/\/toufflers.fr\/#primaryimage"},"thumbnailUrl":"https:\/\/toufflers.fr\/wp-content\/uploads\/2024\/04\/logo-myperischool-200x200-1.png","datePublished":"2019-02-28T13:07:29+00:00","dateModified":"2026-04-19T15:30:09+00:00","breadcrumb":{"@id":"https:\/\/toufflers.fr\/#breadcrumb"},"inLanguage":"fr-FR","potentialAction":[{"@type":"ReadAction","target":["https:\/\/toufflers.fr\/"]}]},{"@type":"ImageObject","inLanguage":"fr-FR","@id":"https:\/\/toufflers.fr\/#primaryimage","url":"https:\/\/toufflers.fr\/wp-content\/uploads\/2024\/04\/logo-myperischool-200x200-1.png","contentUrl":"https:\/\/toufflers.fr\/wp-content\/uploads\/2024\/04\/logo-myperischool-200x200-1.png","width":200,"height":200},{"@type":"BreadcrumbList","@id":"https:\/\/toufflers.fr\/#breadcrumb","itemListElement":[{"@type":"ListItem","position":1,"name":"Accueil","item":"https:\/\/toufflers.fr\/"},{"@type":"ListItem","position":2,"name":"Accueil"}]},{"@type":"WebSite","@id":"https:\/\/toufflers.fr\/#website","url":"https:\/\/toufflers.fr\/","name":"Toufflers","description":"","publisher":{"@id":"https:\/\/toufflers.fr\/#organization"},"potentialAction":[{"@type":"SearchAction","target":{"@type":"EntryPoint","urlTemplate":"https:\/\/toufflers.fr\/?s={search_term_string}"},"query-input":{"@type":"PropertyValueSpecification","valueRequired":true,"valueName":"search_term_string"}}],"inLanguage":"fr-FR"},{"@type":"Organization","@id":"https:\/\/toufflers.fr\/#organization","name":"Toufflers","url":"https:\/\/toufflers.fr\/","logo":{"@type":"ImageObject","inLanguage":"fr-FR","@id":"https:\/\/toufflers.fr\/#\/schema\/logo\/image\/","url":"https:\/\/toufflers.fr\/wp-content\/uploads\/2024\/02\/Logo-site.png","contentUrl":"https:\/\/toufflers.fr\/wp-content\/uploads\/2024\/02\/Logo-site.png","width":2560,"height":721,"caption":"Toufflers"},"image":{"@id":"https:\/\/toufflers.fr\/#\/schema\/logo\/image\/"},"sameAs":["https:\/\/www.facebook.com\/people\/Mairie-de-Toufflers\/100064872632846\/?fref=ts"]}]}},"_links":{"self":[{"href":"https:\/\/toufflers.fr\/index.php\/wp-json\/wp\/v2\/pages\/2215","targetHints":{"allow":["GET"]}}],"collection":[{"href":"https:\/\/toufflers.fr\/index.php\/wp-json\/wp\/v2\/pages"}],"about":[{"href":"https:\/\/toufflers.fr\/index.php\/wp-json\/wp\/v2\/types\/page"}],"author":[{"embeddable":true,"href":"https:\/\/toufflers.fr\/index.php\/wp-json\/wp\/v2\/users\/2"}],"replies":[{"embeddable":true,"href":"https:\/\/toufflers.fr\/index.php\/wp-json\/wp\/v2\/comments?post=2215"}],"version-history":[{"count":166,"href":"https:\/\/toufflers.fr\/index.php\/wp-json\/wp\/v2\/pages\/2215\/revisions"}],"predecessor-version":[{"id":7312,"href":"https:\/\/toufflers.fr\/index.php\/wp-json\/wp\/v2\/pages\/2215\/revisions\/7312"}],"wp:attachment":[{"href":"https:\/\/toufflers.fr\/index.php\/wp-json\/wp\/v2\/media?parent=2215"}],"curies":[{"name":"wp","href":"https:\/\/api.w.org\/{rel}","templated":true}]}}